{"id":657,"date":"2020-01-27T12:23:12","date_gmt":"2020-01-27T12:23:12","guid":{"rendered":"https:\/\/grimm.dk\/?page_id=657"},"modified":"2020-01-27T16:37:08","modified_gmt":"2020-01-27T16:37:08","slug":"foelelser","status":"publish","type":"page","link":"https:\/\/grimm.dk\/index.php\/foelelser\/","title":{"rendered":"F\u00f8lelser"},"content":{"rendered":"\n<p class=\"wp-block-paragraph\"><strong>Indledning<\/strong><\/p>\n\n\n\n<p class=\"wp-block-paragraph\">Vi er alle f\u00f8dt med det der kaldes grundf\u00f8lelser og forskning viser, at vi som udgangspunkt har ti.<\/p>\n\n\n\n<ul class=\"wp-block-list\"><li>Gl\u00e6de<\/li><li>Irritation\/vrede<\/li><li>Interesse<\/li><li>Tristhed<\/li><li>Angst<\/li><li>Misundelse\/jalousi<\/li><li>Skam<\/li><li>Skyld<\/li><li>Hengivenhed\/\u00f8mhed<\/li><li>Afsky\/foragt<\/li><\/ul>\n\n\n\n<p class=\"wp-block-paragraph\">Jeg vil tage udgangspunkt i 4 af dem, som mange af os kender, ja m\u00e5ske bedst. <\/p>\n\n\n\n<p class=\"wp-block-paragraph\">Det er nemlig ud fra disse 4, at alle vores andre f\u00f8lelser kan sammens\u00e6ttes, ligesom farvernes nuancer alle stammer fra grundfarverne.<\/p>\n\n\n\n<p class=\"wp-block-paragraph\">Det,\nsom g\u00e6lder for dem alle sammen, men i s\u00e6rdeleshed grundf\u00f8lelserne er, at jo\nbedre vi l\u00e6rer at h\u00e5ndtere dem, desto mere livskvalitet f\u00e5r vi. <\/p>\n\n\n\n<p class=\"wp-block-paragraph\">F\u00f8lelserne er \u201cenergi\u201d til livet og det er gennem f\u00f8lelserne, vi f\u00e5r oplevelsen af at leve livet som hele mennesker.<br \/>Ens selvbillede dannes ud fra de f\u00f8lelser, som man oplever i sig selv. <br \/>Derfor vil man opleve en h\u00f8jere livskvalitet, n\u00e5r man l\u00e6rer at genkende og udleve f\u00f8lelser. <\/p>\n\n\n\n<p class=\"wp-block-paragraph\">Et typisk forl\u00f8b for en f\u00f8lelse er, at de opst\u00e5r, hvorefter de opbygges.<br \/>Herefter skal de helst udleves p\u00e5 en eller anden m\u00e5de, for at man til sidst kan slappe af.<br \/>Hvis man ikke udlever sine f\u00f8lelser og ikke opn\u00e5r en form for afslapning af f\u00f8lelsen til sidst, vil den ophobe sig i kroppen og komme til udtryk p\u00e5 en uhensigtsm\u00e6ssig m\u00e5de senere i livet. <\/p>\n\n\n\n<p class=\"wp-block-paragraph\">Vi skal huske, at alle f\u00f8lelser er sunde og rigtige og man kan fx. ikke v\u00e6re for vred eller for glad.<br \/>Men vi kan dog l\u00e6re at blive bedre til at h\u00e5ndtere vores f\u00f8lelser. <\/p>\n\n\n\n<p class=\"wp-block-paragraph\"><strong>Gl\u00e6de<\/strong><br \/>Gl\u00e6den kommer, n\u00e5r vi f\u00f8ler os umiddelbart tiltrukket af noget, som vi har behov for og kan v\u00e6re med til, at guide os i den retning som er godt for os. <\/p>\n\n\n\n<p class=\"wp-block-paragraph\">Gl\u00e6de er grobund for v\u00e6kst i vores psyke, men det er ogs\u00e5 en f\u00f8lelse, som er truet af os selv.<br \/>Vi burde faktisk v\u00e6re meget mere glade, end vi er.<\/p>\n\n\n\n<p class=\"wp-block-paragraph\">Fx. smiler en baby ca. 400 gange om dagen, mens en 16-\u00e5rig er nede p\u00e5 40 gange, hvilket betyder, at vi bliver mindre glade med alderen. <\/p>\n\n\n\n<p class=\"wp-block-paragraph\">Det er et problem, da al kreativitet kr\u00e6ver gl\u00e6de.<br \/>Gl\u00e6de er ogs\u00e5 et tegn p\u00e5 sundhed, og mangel p\u00e5 gl\u00e6de et udtryk for et udtryk for et usundt f\u00f8lelsesliv.<\/p>\n\n\n\n<p class=\"wp-block-paragraph\">Kan man s\u00e5 v\u00e6re for glad?<br \/>Det n\u00e6rmeste er vel lalleglad og skal passe p\u00e5 den gl\u00e6de, af frygt for at komme til, at virke sm\u00e5dumme eller tossede.<\/p>\n\n\n\n<p class=\"wp-block-paragraph\"><strong>Vrede<\/strong><br \/>Mange af os l\u00e6rer helt fra barnsben, at vores vrede ikke er i orden.<br \/>Vi h\u00f8rte ofte som b\u00f8rn, at hvis vi er sure, m\u00e5tte vi g\u00e5 ind p\u00e5 vores v\u00e6relser.<br \/>P\u00e5 denne m\u00e5de l\u00e6rer b\u00f8rn at l\u00e6gge l\u00e5g p\u00e5 deres vrede.<\/p>\n\n\n\n<p class=\"wp-block-paragraph\">Men vrede er en f\u00f8lelse, der ligesom alle de andre, er sund og skal udleves.<br \/>Hvis man oplever en splittelse mellem, hvad man f\u00f8ler og det, som er tilladt at f\u00f8le, s\u00e5 g\u00e5r det da f\u00f8rst galt. <\/p>\n\n\n\n<p class=\"wp-block-paragraph\">Vrede\noplever man typisk, n\u00e5r man trues, begr\u00e6nses, eller ens behov ikke opfyldes.\nF\u00f8lelsen er god, fordi man bruger den til enten at forsvare sig med eller til\nat understrege sine behov.<\/p>\n\n\n\n<p class=\"wp-block-paragraph\">N\u00e5r man m\u00e6rker vrede, skal man g\u00e5 ind i den og udleve den.Udtrykke sig vredt.<br \/>P\u00e5 den m\u00e5de kommer f\u00f8lelsen af vrede nemlig i udbrud, og vil til sidst resultere i afslappethed.<\/p>\n\n\n\n<p class=\"wp-block-paragraph\"><strong>Angst<\/strong><br \/>Angsten er en sund og brugbar f\u00f8lelse, som viser, at du st\u00e5r over for noget \u201cfarligt\u201d.<br \/>Denne f\u00f8lelse er interessant, fordi den er v\u00e6sentlig mere biokemisk og psykosomatisk m\u00e5lbar, end andre f\u00f8lelser. <\/p>\n\n\n\n<p class=\"wp-block-paragraph\">N\u00e5r man bliver angst, kan men nemlig opleve, at hud, hjerte og tarmsystem reagerer.<br \/>Dette sker fordi kroppens alarmberedskab g\u00e5r i gang. <\/p>\n\n\n\n<p class=\"wp-block-paragraph\">I\nvores samfund er der ikke meget der truer os, men vi har stadig angsten bevaret\nsom en f\u00f8lelse, n\u00e5r noget viser sig som et langvarigt trusselsbillede.<\/p>\n\n\n\n<p class=\"wp-block-paragraph\">Dette kunne fx. v\u00e6re truslen om, at man ikke er i stand til at klare sig selv.<br \/>Det kan s\u00e6tte sig som angst i kroppen, og hvis man ikke reagerer, kan det f\u00e5 ens f\u00f8lelsesliv til at tage varig skade. <\/p>\n\n\n\n<p class=\"wp-block-paragraph\">Angsten er nemlig psykens m\u00e5de at sige \u201dFlygt eller k\u00e6mp\u201d.<br \/>Men ligesom med de andre f\u00f8lelser kan angsten i bund og grund v\u00e6re positiv.<br \/>Brug den til at f\u00e5 ryddet op i dit liv.<br \/>Hvis angsten fx. er pr\u00e6stationsangst, s\u00e5 find ud af, hvorfor du frygter ikke at sl\u00e5 til.<\/p>\n\n\n\n<p class=\"wp-block-paragraph\"><strong>Sorg<\/strong><br \/>F\u00f8lelsen af sorg kommer af oplevelsen af og miste. <br \/>Dette er en vigtig f\u00f8lelse som der skal reageres p\u00e5.<br \/>I en sorgproces sker det ofte, at man f\u00e5r at vide, at nu skal man tage sig sammen. <br \/>Det skyldes vores moderne samfund, at f\u00f8lelsen af sorg b\u00f8r minimeres. Man skal skynde sig at komme videre.<br \/>Men sorg er sundt, og skal ikke sygeligg\u00f8res.<\/p>\n\n\n\n<p class=\"wp-block-paragraph\">Hvis man ikke f\u00e5r lov til at s\u00f8rge, kan man risikere, at blive sur, angst eller aggressiv.<br \/>Man skal give sig selv lov til at v\u00e6re i det og l\u00e6re at h\u00e5ndtere sorgen.<\/p>\n\n\n\n<p class=\"wp-block-paragraph\">Hvis man ikke g\u00f8r det risikerer man den vender tilbage i en anden og v\u00e6rre form senere i livet.<br \/>Ubearbejdet sorg s\u00e6tter sig i systemet, og det kan man kun holde til f\u00e5 gange. <\/p>\n\n\n\n<p class=\"wp-block-paragraph\">Man siger jo, at t\u00e5rer renser sj\u00e6len.<br \/>Det er der nu nok noget om.<br \/>Det er i hvert fald godt at gr\u00e6de, n\u00e5r man f\u00f8ler sorg, for p\u00e5 den m\u00e5de bliver den udlevet.<\/p>\n\n\n\n<p class=\"wp-block-paragraph\">Jeg h\u00e5ber, at denne lille teaser v\u00e6kker nysgerrigheden om alle de andre f\u00f8lelser vi er f\u00f8dt med og som er med til, at styre os i vores v\u00e6sen som mennesker.  \ud83d\ude42<\/p>\n\n\n\n<p class=\"wp-block-paragraph\"><strong>Kilde:<\/strong> J\u00f8rgen R\u00f8nsholdt, cand.p\u00e6d.psych.<\/p>\n","protected":false},"excerpt":{"rendered":"<p>Indledning Vi er alle f\u00f8dt med det der kaldes grundf\u00f8lelser og forskning viser, at vi som udgangspunkt har ti. Gl\u00e6de Irritation\/vrede Interesse Tristhed Angst Misundelse\/jalousi Skam Skyld Hengivenhed\/\u00f8mhed Afsky\/foragt Jeg vil tage udgangspunkt i 4 af dem, som mange af os kender, ja m\u00e5ske bedst. Det er nemlig ud fra disse 4, at alle vores &hellip; <\/p>\n<p class=\"link-more\"><a href=\"https:\/\/grimm.dk\/index.php\/foelelser\/\" class=\"more-link\">L\u00e6s videre<span class=\"screen-reader-text\"> &#8220;F\u00f8lelser&#8221;<\/span><\/a><\/p>\n","protected":false},"author":1,"featured_media":0,"parent":0,"menu_order":0,"comment_status":"closed","ping_status":"closed","template":"","meta":{"om_disable_all_campaigns":false,"two_page_speed":[],"footnotes":""},"class_list":["post-657","page","type-page","status-publish","hentry"],"yoast_head":"<!-- This site is optimized with the Yoast SEO plugin v28.4 - https:\/\/yoast.com\/product\/yoast-seo-wordpress\/ -->\n<title>F\u00f8lelser &#8902;<\/title>\n<meta name=\"robots\" content=\"index, follow, max-snippet:-1, max-image-preview:large, max-video-preview:-1\" \/>\n<link rel=\"canonical\" href=\"https:\/\/grimm.dk\/index.php\/foelelser\/\" \/>\n<meta property=\"og:locale\" content=\"da_DK\" \/>\n<meta property=\"og:type\" content=\"article\" \/>\n<meta property=\"og:title\" content=\"F\u00f8lelser &#8902;\" \/>\n<meta property=\"og:description\" content=\"Indledning Vi er alle f\u00f8dt med det der kaldes grundf\u00f8lelser og forskning viser, at vi som udgangspunkt har ti. Gl\u00e6de Irritation\/vrede Interesse Tristhed Angst Misundelse\/jalousi Skam Skyld Hengivenhed\/\u00f8mhed Afsky\/foragt Jeg vil tage udgangspunkt i 4 af dem, som mange af os kender, ja m\u00e5ske bedst. Det er nemlig ud fra disse 4, at alle vores &hellip; L\u00e6s videre &quot;F\u00f8lelser&quot;\" \/>\n<meta property=\"og:url\" content=\"https:\/\/grimm.dk\/index.php\/foelelser\/\" \/>\n<meta property=\"article:modified_time\" content=\"2020-01-27T16:37:08+00:00\" \/>\n<meta name=\"twitter:card\" content=\"summary_large_image\" \/>\n<meta name=\"twitter:site\" content=\"@And12Mik\" \/>\n<meta name=\"twitter:label1\" content=\"Estimeret l\u00e6setid\" \/>\n\t<meta name=\"twitter:data1\" content=\"5 minutter\" \/>\n<script type=\"application\/ld+json\" class=\"yoast-schema-graph\">{\"@context\":\"https:\\\/\\\/schema.org\",\"@graph\":[{\"@type\":\"WebPage\",\"@id\":\"https:\\\/\\\/grimm.dk\\\/index.php\\\/foelelser\\\/\",\"url\":\"https:\\\/\\\/grimm.dk\\\/index.php\\\/foelelser\\\/\",\"name\":\"F\u00f8lelser &#8902;\",\"isPartOf\":{\"@id\":\"https:\\\/\\\/grimm.dk\\\/#website\"},\"datePublished\":\"2020-01-27T12:23:12+00:00\",\"dateModified\":\"2020-01-27T16:37:08+00:00\",\"breadcrumb\":{\"@id\":\"https:\\\/\\\/grimm.dk\\\/index.php\\\/foelelser\\\/#breadcrumb\"},\"inLanguage\":\"da-DK\",\"potentialAction\":[{\"@type\":\"ReadAction\",\"target\":[\"https:\\\/\\\/grimm.dk\\\/index.php\\\/foelelser\\\/\"]}]},{\"@type\":\"BreadcrumbList\",\"@id\":\"https:\\\/\\\/grimm.dk\\\/index.php\\\/foelelser\\\/#breadcrumb\",\"itemListElement\":[{\"@type\":\"ListItem\",\"position\":1,\"name\":\"Home\",\"item\":\"https:\\\/\\\/grimm.dk\\\/\"},{\"@type\":\"ListItem\",\"position\":2,\"name\":\"F\u00f8lelser\"}]},{\"@type\":\"WebSite\",\"@id\":\"https:\\\/\\\/grimm.dk\\\/#website\",\"url\":\"https:\\\/\\\/grimm.dk\\\/\",\"name\":\"grimm.dk\",\"description\":\"Anette skriver om stort &amp; sm\u00e5t * Jan om sport\",\"publisher\":{\"@id\":\"https:\\\/\\\/grimm.dk\\\/#\\\/schema\\\/person\\\/2372767d79b78a0a4727672646a93605\"},\"potentialAction\":[{\"@type\":\"SearchAction\",\"target\":{\"@type\":\"EntryPoint\",\"urlTemplate\":\"https:\\\/\\\/grimm.dk\\\/?s={search_term_string}\"},\"query-input\":{\"@type\":\"PropertyValueSpecification\",\"valueRequired\":true,\"valueName\":\"search_term_string\"}}],\"inLanguage\":\"da-DK\"},{\"@type\":[\"Person\",\"Organization\"],\"@id\":\"https:\\\/\\\/grimm.dk\\\/#\\\/schema\\\/person\\\/2372767d79b78a0a4727672646a93605\",\"name\":\"admin\",\"image\":{\"@type\":\"ImageObject\",\"inLanguage\":\"da-DK\",\"@id\":\"https:\\\/\\\/i0.wp.com\\\/grimm.dk\\\/wp-content\\\/uploads\\\/2019\\\/12\\\/img_3582.jpg?fit=711%2C713&ssl=1\",\"url\":\"https:\\\/\\\/i0.wp.com\\\/grimm.dk\\\/wp-content\\\/uploads\\\/2019\\\/12\\\/img_3582.jpg?fit=711%2C713&ssl=1\",\"contentUrl\":\"https:\\\/\\\/i0.wp.com\\\/grimm.dk\\\/wp-content\\\/uploads\\\/2019\\\/12\\\/img_3582.jpg?fit=711%2C713&ssl=1\",\"width\":711,\"height\":713,\"caption\":\"admin\"},\"logo\":{\"@id\":\"https:\\\/\\\/i0.wp.com\\\/grimm.dk\\\/wp-content\\\/uploads\\\/2019\\\/12\\\/img_3582.jpg?fit=711%2C713&ssl=1\"},\"sameAs\":[\"https:\\\/\\\/grimm.dk\",\"https:\\\/\\\/www.instagram.com\\\/_andtomik\\\/\",\"https:\\\/\\\/x.com\\\/And12Mik\"]}]}<\/script>\n<!-- \/ Yoast SEO plugin. -->","yoast_head_json":{"title":"F\u00f8lelser &#8902;","robots":{"index":"index","follow":"follow","max-snippet":"max-snippet:-1","max-image-preview":"max-image-preview:large","max-video-preview":"max-video-preview:-1"},"canonical":"https:\/\/grimm.dk\/index.php\/foelelser\/","og_locale":"da_DK","og_type":"article","og_title":"F\u00f8lelser &#8902;","og_description":"Indledning Vi er alle f\u00f8dt med det der kaldes grundf\u00f8lelser og forskning viser, at vi som udgangspunkt har ti. Gl\u00e6de Irritation\/vrede Interesse Tristhed Angst Misundelse\/jalousi Skam Skyld Hengivenhed\/\u00f8mhed Afsky\/foragt Jeg vil tage udgangspunkt i 4 af dem, som mange af os kender, ja m\u00e5ske bedst. Det er nemlig ud fra disse 4, at alle vores &hellip; L\u00e6s videre \"F\u00f8lelser\"","og_url":"https:\/\/grimm.dk\/index.php\/foelelser\/","article_modified_time":"2020-01-27T16:37:08+00:00","twitter_card":"summary_large_image","twitter_site":"@And12Mik","twitter_misc":{"Estimeret l\u00e6setid":"5 minutter"},"schema":{"@context":"https:\/\/schema.org","@graph":[{"@type":"WebPage","@id":"https:\/\/grimm.dk\/index.php\/foelelser\/","url":"https:\/\/grimm.dk\/index.php\/foelelser\/","name":"F\u00f8lelser &#8902;","isPartOf":{"@id":"https:\/\/grimm.dk\/#website"},"datePublished":"2020-01-27T12:23:12+00:00","dateModified":"2020-01-27T16:37:08+00:00","breadcrumb":{"@id":"https:\/\/grimm.dk\/index.php\/foelelser\/#breadcrumb"},"inLanguage":"da-DK","potentialAction":[{"@type":"ReadAction","target":["https:\/\/grimm.dk\/index.php\/foelelser\/"]}]},{"@type":"BreadcrumbList","@id":"https:\/\/grimm.dk\/index.php\/foelelser\/#breadcrumb","itemListElement":[{"@type":"ListItem","position":1,"name":"Home","item":"https:\/\/grimm.dk\/"},{"@type":"ListItem","position":2,"name":"F\u00f8lelser"}]},{"@type":"WebSite","@id":"https:\/\/grimm.dk\/#website","url":"https:\/\/grimm.dk\/","name":"grimm.dk","description":"Anette skriver om stort &amp; sm\u00e5t * Jan om sport","publisher":{"@id":"https:\/\/grimm.dk\/#\/schema\/person\/2372767d79b78a0a4727672646a93605"},"potentialAction":[{"@type":"SearchAction","target":{"@type":"EntryPoint","urlTemplate":"https:\/\/grimm.dk\/?s={search_term_string}"},"query-input":{"@type":"PropertyValueSpecification","valueRequired":true,"valueName":"search_term_string"}}],"inLanguage":"da-DK"},{"@type":["Person","Organization"],"@id":"https:\/\/grimm.dk\/#\/schema\/person\/2372767d79b78a0a4727672646a93605","name":"admin","image":{"@type":"ImageObject","inLanguage":"da-DK","@id":"https:\/\/i0.wp.com\/grimm.dk\/wp-content\/uploads\/2019\/12\/img_3582.jpg?fit=711%2C713&ssl=1","url":"https:\/\/i0.wp.com\/grimm.dk\/wp-content\/uploads\/2019\/12\/img_3582.jpg?fit=711%2C713&ssl=1","contentUrl":"https:\/\/i0.wp.com\/grimm.dk\/wp-content\/uploads\/2019\/12\/img_3582.jpg?fit=711%2C713&ssl=1","width":711,"height":713,"caption":"admin"},"logo":{"@id":"https:\/\/i0.wp.com\/grimm.dk\/wp-content\/uploads\/2019\/12\/img_3582.jpg?fit=711%2C713&ssl=1"},"sameAs":["https:\/\/grimm.dk","https:\/\/www.instagram.com\/_andtomik\/","https:\/\/x.com\/And12Mik"]}]}},"jetpack_shortlink":"https:\/\/wp.me\/PbtqXC-aB","jetpack_sharing_enabled":true,"jetpack-related-posts":[{"id":712,"url":"https:\/\/grimm.dk\/index.php\/tavse-maend\/","url_meta":{"origin":657,"position":0},"title":"Tavse m\u00e6nd.. Del 1.","author":"admin","date":"25. juni 2020","format":false,"excerpt":"N\u00e5r m\u00e6nd tr\u00e6kker sig og lukker af...Den tavse mand, er ham som aldrig deler sine tanker og f\u00f8lelser.N\u00e5r kvinden sp\u00f8rger, hvordan hans dag har v\u00e6ret, brummer han \u201cFint\u201d, mens han l\u00e6ser videre i avisen. Hvis han er trist eller noget g\u00e5r ham p\u00e5, foretr\u00e6kker han, at rydde op i garagen,\u2026","rel":"","context":"Similar post","block_context":{"text":"Similar post","link":""},"img":{"alt_text":"","src":"","width":0,"height":0},"classes":[]},{"id":729,"url":"https:\/\/grimm.dk\/index.php\/tavse-maend-del-2\/","url_meta":{"origin":657,"position":1},"title":"Tavse m\u00e6nd&#8230; Del 2.","author":"admin","date":"4. november 2020","format":false,"excerpt":"Hvad g\u00f8r du, n\u00e5r han tr\u00e6kker sig?Jeg lovede i min n\u00e6ste klumme, at skrive lidt om hvordan du kan f\u00e5 ham til, at \u00e5bne op, uden du mister dig selv. Hvad er det s\u00e5 du kan g\u00f8re...Det er umuligt at tvinge en mand til at \u00e5bne op, hvis han ikke\u2026","rel":"","context":"Similar post","block_context":{"text":"Similar post","link":""},"img":{"alt_text":"","src":"","width":0,"height":0},"classes":[]},{"id":667,"url":"https:\/\/grimm.dk\/index.php\/perfektionisme\/","url_meta":{"origin":657,"position":2},"title":"Perfektionisme","author":"admin","date":"10. februar 2020","format":false,"excerpt":"Kvinde...Kr\u00e6ver du for meget af dig selv? Giv slip :-) Forord...At g\u00f8re sig umage er altid godt, men er et problem, n\u00e5r det sker p\u00e5 bekostning af ens egne behov.\u00a0Perfektionister er derfor ogs\u00e5 mere udsatte for stress, angst og depressioner.\u00a0Hvordan f\u00e5r du s\u00e5 bugt med denne usunde perfektionisme.? Vi kan\u2026","rel":"","context":"With 7 comments","block_context":{"text":"With 7 comments","link":"https:\/\/grimm.dk\/index.php\/perfektionisme\/#comments"},"img":{"alt_text":"","src":"https:\/\/i0.wp.com\/grimm.dk\/wp-content\/uploads\/2020\/02\/Perfektionisme-300x105.png?resize=350%2C200&ssl=1","width":350,"height":200},"classes":[]},{"id":441,"url":"https:\/\/grimm.dk\/index.php\/staerke-kvinder-2\/","url_meta":{"origin":657,"position":3},"title":"St\u00e6rke kvinder","author":"admin","date":"22. december 2019","format":false,"excerpt":"Hvad er en st\u00e6rk kvinde og er de n\u00f8dvendige for denne verden.?JA. St\u00e6rke kvinder bliver ofte kategoriseret som \"for meget.\" Er du en af dem...? St\u00e6rke kvinder kaldes ofte for assertive fordi de er ligefremme omkring deres \u00f8nsker og behov. Denne ligefremme holdning og fremtoning st\u00f8der og forn\u00e6rmer dog ofte\u2026","rel":"","context":"Similar post","block_context":{"text":"Similar post","link":""},"img":{"alt_text":"","src":"","width":0,"height":0},"classes":[]},{"id":14,"url":"https:\/\/grimm.dk\/index.php\/om\/","url_meta":{"origin":657,"position":4},"title":"Om","author":"admin","date":"21. november 2019","format":false,"excerpt":"Jeg er MIGAmarkanerMorEn god kammeratVenindeK\u00e6resteOG meget mere. Elsker livet\u00a0 F\u00f8rst s\u00e5 f\u00f8ler vi\u2026Siden t\u00e6nker vi, men det er de sm\u00e5 ting der g\u00f8r forskellen og livet er for kort til dramaer. At miste fodf\u00e6ste for en stund er at turde\u2026 og kan v\u00e6re de f\u00f8rste skridt p\u00e5 vejen til en\u2026","rel":"","context":"Similar post","block_context":{"text":"Similar post","link":""},"img":{"alt_text":"","src":"https:\/\/i0.wp.com\/grimm.dk\/wp-content\/uploads\/2019\/12\/img_3582.jpg?resize=350%2C200&ssl=1","width":350,"height":200,"srcset":"https:\/\/i0.wp.com\/grimm.dk\/wp-content\/uploads\/2019\/12\/img_3582.jpg?resize=350%2C200&ssl=1 1x, https:\/\/i0.wp.com\/grimm.dk\/wp-content\/uploads\/2019\/12\/img_3582.jpg?resize=525%2C300&ssl=1 1.5x, https:\/\/i0.wp.com\/grimm.dk\/wp-content\/uploads\/2019\/12\/img_3582.jpg?resize=700%2C400&ssl=1 2x"},"classes":[]},{"id":636,"url":"https:\/\/grimm.dk\/index.php\/manipulation-og-kontrol\/","url_meta":{"origin":657,"position":5},"title":"Manipulation og kontrol","author":"admin","date":"21. januar 2020","format":false,"excerpt":"L\u00f8gne, bedrag og vold. Forord.. En (u)lykkelig k\u00e6rlighedshistorie..Han virkede s\u00f8d og forelsket i hende og hun troede, at det skulle v\u00e6re dem for altid.Netop da viste han en ny side.Til sidst vidste hun ikke hvem hun selv var. S\u00e5dan starter mange forhold, hvor der efterf\u00f8lgende kommer psykisk og fysisk vold\u2026","rel":"","context":"Similar post","block_context":{"text":"Similar post","link":""},"img":{"alt_text":"","src":"","width":0,"height":0},"classes":[]}],"_links":{"self":[{"href":"https:\/\/grimm.dk\/index.php\/wp-json\/wp\/v2\/pages\/657","targetHints":{"allow":["GET"]}}],"collection":[{"href":"https:\/\/grimm.dk\/index.php\/wp-json\/wp\/v2\/pages"}],"about":[{"href":"https:\/\/grimm.dk\/index.php\/wp-json\/wp\/v2\/types\/page"}],"author":[{"embeddable":true,"href":"https:\/\/grimm.dk\/index.php\/wp-json\/wp\/v2\/users\/1"}],"replies":[{"embeddable":true,"href":"https:\/\/grimm.dk\/index.php\/wp-json\/wp\/v2\/comments?post=657"}],"version-history":[{"count":5,"href":"https:\/\/grimm.dk\/index.php\/wp-json\/wp\/v2\/pages\/657\/revisions"}],"predecessor-version":[{"id":664,"href":"https:\/\/grimm.dk\/index.php\/wp-json\/wp\/v2\/pages\/657\/revisions\/664"}],"wp:attachment":[{"href":"https:\/\/grimm.dk\/index.php\/wp-json\/wp\/v2\/media?parent=657"}],"curies":[{"name":"wp","href":"https:\/\/api.w.org\/{rel}","templated":true}]}}