{"id":520,"date":"2020-01-01T15:32:30","date_gmt":"2020-01-01T15:32:30","guid":{"rendered":"https:\/\/grimm.dk\/?page_id=520"},"modified":"2020-01-01T15:39:22","modified_gmt":"2020-01-01T15:39:22","slug":"dagen-derpaa-og-et-nyt-aarti","status":"publish","type":"page","link":"https:\/\/grimm.dk\/index.php\/dagen-derpaa-og-et-nyt-aarti\/","title":{"rendered":"Dagen derp\u00e5 og et nyt \u00e5rti."},"content":{"rendered":"\n<p class=\"wp-block-paragraph\">En \u201dovergang\u201d er altid noget s\u00e6rligt.<br>Det kan v\u00e6re overgangen fra barn til voksen, fra ugift til gift men ogs\u00e5 overgangen til et nyt \u00e5r, er forbundet med s\u00e6rlige forestillinger og ritualer.<br>Man l\u00e6gger det gamle \u00e5r bag sig og foran ligger et nyt og &#8220;ubrugt&#8221;.\u00a0<\/p>\n\n\n\n<p class=\"wp-block-paragraph\">Dette giver naturligvis anledning til en hel del tanker om, hvad fremtiden vil bringe, samt fors\u00f8g p\u00e5 enten at aflure, hvad sk\u00e6bnen har planlagt eller pr\u00f8ve at p\u00e5virke fremtiden i den rigtige retning.<br><br>Nyt\u00e5rsaften har derfor v\u00e6ret set som en velegnet anledning til at tr\u00e6ffe beslutninger og hver is\u00e6r har vi vores skikke som fx at hoppe ind i det nye \u00e5r fra en stol eller lignende med m\u00f8nter i lommen.<br>Dette er en forholdsvis ny skik som man mener blev udledt af usikkerheden mellem overgangen fra det gamle \u00e5r til det nye og ved at hoppe gjorde man derved overgangen lettere.<\/p>\n\n\n\n<p class=\"wp-block-paragraph\">Mange har store dr\u00f8mme for det nye vidunderlige \u00e5r og disse l\u00e6gges som \u201dnyt\u00e5rsl\u00f8fte\u201d.<br>Jeg har gennem tiden selv lavet s\u00e5danne l\u00f8fter s\u00e5vel som andre, men k\u00e6re l\u00e6ser.. lad os v\u00e6re \u00e6rlige omkring \u00a0hvor mange af disse der er reelt er blevet til noget.<\/p>\n\n\n\n<p class=\"wp-block-paragraph\">S\u00e5 hvorfor ikke bare lave en hel masse hver is\u00e6r.?<br>Jo flere l\u00f8fter man afl\u00e6gger, jo st\u00f8rre er chancen jo for, at i hvert fald et af dem bliver holdt og man derfor alligevel kan v\u00e6re godt tilfreds med sig selv.<\/p>\n\n\n\n<p class=\"wp-block-paragraph\">Held og lykke med Jeres nyt\u00e5rsl\u00f8fter\u2026. \ud83d\ude42<\/p>\n","protected":false},"excerpt":{"rendered":"<p>En \u201dovergang\u201d er altid noget s\u00e6rligt.Det kan v\u00e6re overgangen fra barn til voksen, fra ugift til gift men ogs\u00e5 overgangen til et nyt \u00e5r, er forbundet med s\u00e6rlige forestillinger og ritualer.Man l\u00e6gger det gamle \u00e5r bag sig og foran ligger et nyt og &#8220;ubrugt&#8221;.\u00a0 Dette giver naturligvis anledning til en hel del tanker om, hvad &hellip; <\/p>\n<p class=\"link-more\"><a href=\"https:\/\/grimm.dk\/index.php\/dagen-derpaa-og-et-nyt-aarti\/\" class=\"more-link\">L\u00e6s videre<span class=\"screen-reader-text\"> &#8220;Dagen derp\u00e5 og et nyt \u00e5rti.&#8221;<\/span><\/a><\/p>\n","protected":false},"author":1,"featured_media":0,"parent":0,"menu_order":0,"comment_status":"open","ping_status":"closed","template":"","meta":{"om_disable_all_campaigns":false,"two_page_speed":[],"footnotes":""},"class_list":["post-520","page","type-page","status-publish","hentry"],"yoast_head":"<!-- This site is optimized with the Yoast SEO plugin v28.4 - https:\/\/yoast.com\/product\/yoast-seo-wordpress\/ -->\n<title>Dagen derp\u00e5 og et nyt \u00e5rti. &#8902;<\/title>\n<meta name=\"robots\" content=\"index, follow, max-snippet:-1, max-image-preview:large, max-video-preview:-1\" \/>\n<link rel=\"canonical\" href=\"https:\/\/grimm.dk\/index.php\/dagen-derpaa-og-et-nyt-aarti\/\" \/>\n<meta property=\"og:locale\" content=\"da_DK\" \/>\n<meta property=\"og:type\" content=\"article\" \/>\n<meta property=\"og:title\" content=\"Dagen derp\u00e5 og et nyt \u00e5rti. &#8902;\" \/>\n<meta property=\"og:description\" content=\"En \u201dovergang\u201d er altid noget s\u00e6rligt.Det kan v\u00e6re overgangen fra barn til voksen, fra ugift til gift men ogs\u00e5 overgangen til et nyt \u00e5r, er forbundet med s\u00e6rlige forestillinger og ritualer.Man l\u00e6gger det gamle \u00e5r bag sig og foran ligger et nyt og &#8220;ubrugt&#8221;.\u00a0 Dette giver naturligvis anledning til en hel del tanker om, hvad &hellip; L\u00e6s videre &quot;Dagen derp\u00e5 og et nyt \u00e5rti.&quot;\" \/>\n<meta property=\"og:url\" content=\"https:\/\/grimm.dk\/index.php\/dagen-derpaa-og-et-nyt-aarti\/\" \/>\n<meta property=\"article:modified_time\" content=\"2020-01-01T15:39:22+00:00\" \/>\n<meta name=\"twitter:card\" content=\"summary_large_image\" \/>\n<meta name=\"twitter:site\" content=\"@And12Mik\" \/>\n<meta name=\"twitter:label1\" content=\"Estimeret l\u00e6setid\" \/>\n\t<meta name=\"twitter:data1\" content=\"1 minut\" \/>\n<script type=\"application\/ld+json\" class=\"yoast-schema-graph\">{\"@context\":\"https:\\\/\\\/schema.org\",\"@graph\":[{\"@type\":\"WebPage\",\"@id\":\"https:\\\/\\\/grimm.dk\\\/index.php\\\/dagen-derpaa-og-et-nyt-aarti\\\/\",\"url\":\"https:\\\/\\\/grimm.dk\\\/index.php\\\/dagen-derpaa-og-et-nyt-aarti\\\/\",\"name\":\"Dagen derp\u00e5 og et nyt \u00e5rti. &#8902;\",\"isPartOf\":{\"@id\":\"https:\\\/\\\/grimm.dk\\\/#website\"},\"datePublished\":\"2020-01-01T15:32:30+00:00\",\"dateModified\":\"2020-01-01T15:39:22+00:00\",\"breadcrumb\":{\"@id\":\"https:\\\/\\\/grimm.dk\\\/index.php\\\/dagen-derpaa-og-et-nyt-aarti\\\/#breadcrumb\"},\"inLanguage\":\"da-DK\",\"potentialAction\":[{\"@type\":\"ReadAction\",\"target\":[\"https:\\\/\\\/grimm.dk\\\/index.php\\\/dagen-derpaa-og-et-nyt-aarti\\\/\"]}]},{\"@type\":\"BreadcrumbList\",\"@id\":\"https:\\\/\\\/grimm.dk\\\/index.php\\\/dagen-derpaa-og-et-nyt-aarti\\\/#breadcrumb\",\"itemListElement\":[{\"@type\":\"ListItem\",\"position\":1,\"name\":\"Home\",\"item\":\"https:\\\/\\\/grimm.dk\\\/\"},{\"@type\":\"ListItem\",\"position\":2,\"name\":\"Dagen derp\u00e5 og et nyt \u00e5rti.\"}]},{\"@type\":\"WebSite\",\"@id\":\"https:\\\/\\\/grimm.dk\\\/#website\",\"url\":\"https:\\\/\\\/grimm.dk\\\/\",\"name\":\"grimm.dk\",\"description\":\"Anette skriver om stort &amp; sm\u00e5t * Jan om sport\",\"publisher\":{\"@id\":\"https:\\\/\\\/grimm.dk\\\/#\\\/schema\\\/person\\\/2372767d79b78a0a4727672646a93605\"},\"potentialAction\":[{\"@type\":\"SearchAction\",\"target\":{\"@type\":\"EntryPoint\",\"urlTemplate\":\"https:\\\/\\\/grimm.dk\\\/?s={search_term_string}\"},\"query-input\":{\"@type\":\"PropertyValueSpecification\",\"valueRequired\":true,\"valueName\":\"search_term_string\"}}],\"inLanguage\":\"da-DK\"},{\"@type\":[\"Person\",\"Organization\"],\"@id\":\"https:\\\/\\\/grimm.dk\\\/#\\\/schema\\\/person\\\/2372767d79b78a0a4727672646a93605\",\"name\":\"admin\",\"image\":{\"@type\":\"ImageObject\",\"inLanguage\":\"da-DK\",\"@id\":\"https:\\\/\\\/i0.wp.com\\\/grimm.dk\\\/wp-content\\\/uploads\\\/2019\\\/12\\\/img_3582.jpg?fit=711%2C713&ssl=1\",\"url\":\"https:\\\/\\\/i0.wp.com\\\/grimm.dk\\\/wp-content\\\/uploads\\\/2019\\\/12\\\/img_3582.jpg?fit=711%2C713&ssl=1\",\"contentUrl\":\"https:\\\/\\\/i0.wp.com\\\/grimm.dk\\\/wp-content\\\/uploads\\\/2019\\\/12\\\/img_3582.jpg?fit=711%2C713&ssl=1\",\"width\":711,\"height\":713,\"caption\":\"admin\"},\"logo\":{\"@id\":\"https:\\\/\\\/i0.wp.com\\\/grimm.dk\\\/wp-content\\\/uploads\\\/2019\\\/12\\\/img_3582.jpg?fit=711%2C713&ssl=1\"},\"sameAs\":[\"https:\\\/\\\/grimm.dk\",\"https:\\\/\\\/www.instagram.com\\\/_andtomik\\\/\",\"https:\\\/\\\/x.com\\\/And12Mik\"]}]}<\/script>\n<!-- \/ Yoast SEO plugin. -->","yoast_head_json":{"title":"Dagen derp\u00e5 og et nyt \u00e5rti. &#8902;","robots":{"index":"index","follow":"follow","max-snippet":"max-snippet:-1","max-image-preview":"max-image-preview:large","max-video-preview":"max-video-preview:-1"},"canonical":"https:\/\/grimm.dk\/index.php\/dagen-derpaa-og-et-nyt-aarti\/","og_locale":"da_DK","og_type":"article","og_title":"Dagen derp\u00e5 og et nyt \u00e5rti. &#8902;","og_description":"En \u201dovergang\u201d er altid noget s\u00e6rligt.Det kan v\u00e6re overgangen fra barn til voksen, fra ugift til gift men ogs\u00e5 overgangen til et nyt \u00e5r, er forbundet med s\u00e6rlige forestillinger og ritualer.Man l\u00e6gger det gamle \u00e5r bag sig og foran ligger et nyt og &#8220;ubrugt&#8221;.\u00a0 Dette giver naturligvis anledning til en hel del tanker om, hvad &hellip; L\u00e6s videre \"Dagen derp\u00e5 og et nyt \u00e5rti.\"","og_url":"https:\/\/grimm.dk\/index.php\/dagen-derpaa-og-et-nyt-aarti\/","article_modified_time":"2020-01-01T15:39:22+00:00","twitter_card":"summary_large_image","twitter_site":"@And12Mik","twitter_misc":{"Estimeret l\u00e6setid":"1 minut"},"schema":{"@context":"https:\/\/schema.org","@graph":[{"@type":"WebPage","@id":"https:\/\/grimm.dk\/index.php\/dagen-derpaa-og-et-nyt-aarti\/","url":"https:\/\/grimm.dk\/index.php\/dagen-derpaa-og-et-nyt-aarti\/","name":"Dagen derp\u00e5 og et nyt \u00e5rti. &#8902;","isPartOf":{"@id":"https:\/\/grimm.dk\/#website"},"datePublished":"2020-01-01T15:32:30+00:00","dateModified":"2020-01-01T15:39:22+00:00","breadcrumb":{"@id":"https:\/\/grimm.dk\/index.php\/dagen-derpaa-og-et-nyt-aarti\/#breadcrumb"},"inLanguage":"da-DK","potentialAction":[{"@type":"ReadAction","target":["https:\/\/grimm.dk\/index.php\/dagen-derpaa-og-et-nyt-aarti\/"]}]},{"@type":"BreadcrumbList","@id":"https:\/\/grimm.dk\/index.php\/dagen-derpaa-og-et-nyt-aarti\/#breadcrumb","itemListElement":[{"@type":"ListItem","position":1,"name":"Home","item":"https:\/\/grimm.dk\/"},{"@type":"ListItem","position":2,"name":"Dagen derp\u00e5 og et nyt \u00e5rti."}]},{"@type":"WebSite","@id":"https:\/\/grimm.dk\/#website","url":"https:\/\/grimm.dk\/","name":"grimm.dk","description":"Anette skriver om stort &amp; sm\u00e5t * Jan om sport","publisher":{"@id":"https:\/\/grimm.dk\/#\/schema\/person\/2372767d79b78a0a4727672646a93605"},"potentialAction":[{"@type":"SearchAction","target":{"@type":"EntryPoint","urlTemplate":"https:\/\/grimm.dk\/?s={search_term_string}"},"query-input":{"@type":"PropertyValueSpecification","valueRequired":true,"valueName":"search_term_string"}}],"inLanguage":"da-DK"},{"@type":["Person","Organization"],"@id":"https:\/\/grimm.dk\/#\/schema\/person\/2372767d79b78a0a4727672646a93605","name":"admin","image":{"@type":"ImageObject","inLanguage":"da-DK","@id":"https:\/\/i0.wp.com\/grimm.dk\/wp-content\/uploads\/2019\/12\/img_3582.jpg?fit=711%2C713&ssl=1","url":"https:\/\/i0.wp.com\/grimm.dk\/wp-content\/uploads\/2019\/12\/img_3582.jpg?fit=711%2C713&ssl=1","contentUrl":"https:\/\/i0.wp.com\/grimm.dk\/wp-content\/uploads\/2019\/12\/img_3582.jpg?fit=711%2C713&ssl=1","width":711,"height":713,"caption":"admin"},"logo":{"@id":"https:\/\/i0.wp.com\/grimm.dk\/wp-content\/uploads\/2019\/12\/img_3582.jpg?fit=711%2C713&ssl=1"},"sameAs":["https:\/\/grimm.dk","https:\/\/www.instagram.com\/_andtomik\/","https:\/\/x.com\/And12Mik"]}]}},"jetpack_shortlink":"https:\/\/wp.me\/PbtqXC-8o","jetpack_sharing_enabled":true,"jetpack-related-posts":[{"id":229,"url":"https:\/\/grimm.dk\/index.php\/ushersyndrom\/","url_meta":{"origin":520,"position":0},"title":"Usher Syndrom","author":"admin","date":"6. december 2019","format":false,"excerpt":"N\u00e5r livets alvor banker p\u00e5.... At have Usher Syndrom inde p\u00e5 livet.\u00a0 Lad mig starte med begyndelsen. Sommeren 1998 var lykkens \u00e5r.\u00a0 Det var det \u00e5r mine 2 tvillingedrenge blev f\u00f8dt efter reagensglasmetoden. M\u00e5nederne gik og drengene udviklede sig fint. Drengene blev 9 m\u00e5neder og sundhedsplejersken kom igen p\u00e5 bes\u00f8g.\u2026","rel":"","context":"Similar post","block_context":{"text":"Similar post","link":""},"img":{"alt_text":"","src":"","width":0,"height":0},"classes":[]},{"id":273,"url":"https:\/\/grimm.dk\/index.php\/mourinho-et-misforstaaet-geni\/","url_meta":{"origin":520,"position":1},"title":"Mourinho, et misforst\u00e5et geni","author":"admin","date":"10. december 2019","format":false,"excerpt":"Jose Dos Santos Felix Mourinho; Felix efter sin far, den tidligere portugisiske landsholdsm\u00e5lmand Felix Mourinho; Genial, eller gal?Det kommer nok an p\u00e5 hvem du sp\u00f8rger.Det er dog helt sikkert, at alle har en mening om ham, og han s\u00e6tter f\u00f8lelser i gang overalt hvor han er\u2026 Om du kan lide\u2026","rel":"","context":"With 3 comments","block_context":{"text":"With 3 comments","link":"https:\/\/grimm.dk\/index.php\/mourinho-et-misforstaaet-geni\/#comments"},"img":{"alt_text":"","src":"https:\/\/i0.wp.com\/grimm.dk\/wp-content\/uploads\/2019\/12\/Mourinho.jpg?resize=350%2C200&ssl=1","width":350,"height":200},"classes":[]},{"id":421,"url":"https:\/\/grimm.dk\/index.php\/sport-som-en-lokal-begivenhed-i-global-tjeneste\/","url_meta":{"origin":520,"position":2},"title":"Sport som en lokal begivenhed i global tjeneste","author":"Jan Heitmann","date":"20. december 2019","format":false,"excerpt":"Igennem en \u00e5rr\u00e6kke er det blevet mere og mere almindeligt, at store sportsbegivenheder bliver brugt til at promovere m\u00e6rkesager i globalt \u00f8jemed. F\u00f8rste gang vi s\u00e5 det for alvor, var i 1936, hvor Adolf Hitler brugte De olympiske sommer lege i Berlin, til at promovere sit 1000 \u00e5rs rige. Hitler\u2026","rel":"","context":"Similar post","block_context":{"text":"Similar post","link":""},"img":{"alt_text":"","src":"","width":0,"height":0},"classes":[]},{"id":499,"url":"https:\/\/grimm.dk\/index.php\/premier-league-status-over-et-aarti\/","url_meta":{"origin":520,"position":3},"title":"Premier League- Status over et \u00e5rti","author":"admin","date":"31. december 2019","format":false,"excerpt":"En f\u00f8ljeton over de n\u00e6ste tolv dage du ikke har lyst til at g\u00e5 glip af! Et \u00e5rti med fodbold fra Premier League rinder ud i aften til midnat og vi kan se tilbage og mindes\u2026 Store pr\u00e6stationer, store personligheder, triumfer og tragedier. Vi kan se tilbage p\u00e5 et \u00e5rti\u2026","rel":"","context":"Similar post","block_context":{"text":"Similar post","link":""},"img":{"alt_text":"","src":"","width":0,"height":0},"classes":[]},{"id":296,"url":"https:\/\/grimm.dk\/index.php\/privatliv\/","url_meta":{"origin":520,"position":4},"title":"Privatliv","author":"admin","date":"11. december 2019","format":false,"excerpt":"Hvem er vi Anette Grimm & Jan Heitmann Vores webstedsadresse er: https:\/\/grimm.dk. Hvilke personlige data vi indsamler og hvorfor vi indsamler det Der indsamles personlige data fra brugere og bes\u00f8gende p\u00e5 webstedet, s\u00e5som navn, e-mailadresse ved tilmelding til at f\u00f8lge nye opl\u00e6g p\u00e5 website og p\u00e5 kommentarer. Som standard indsamler\u2026","rel":"","context":"Similar post","block_context":{"text":"Similar post","link":""},"img":{"alt_text":"","src":"","width":0,"height":0},"classes":[]},{"id":526,"url":"https:\/\/grimm.dk\/index.php\/manchester-city\/","url_meta":{"origin":520,"position":5},"title":"Premier League Champions 2011\/12","author":"Jan Heitmann","date":"2. januar 2020","format":false,"excerpt":"Manchester City 2011\/12 s\u00e6sonen i Premier League blev i h\u00f8j grad et lokalt anl\u00e6ggende for byen Manchester. Nyrige City mod den gamle traditionsklub United. Tottenham Hotspurs var de to Manchester klubbers eneste rival. Men da 2011 blev til 2012 \u00e5bnede City \u00e5ret med at sl\u00e5 Tottenham 3 \u2013 2 p\u00e5\u2026","rel":"","context":"Similar post","block_context":{"text":"Similar post","link":""},"img":{"alt_text":"","src":"","width":0,"height":0},"classes":[]}],"_links":{"self":[{"href":"https:\/\/grimm.dk\/index.php\/wp-json\/wp\/v2\/pages\/520","targetHints":{"allow":["GET"]}}],"collection":[{"href":"https:\/\/grimm.dk\/index.php\/wp-json\/wp\/v2\/pages"}],"about":[{"href":"https:\/\/grimm.dk\/index.php\/wp-json\/wp\/v2\/types\/page"}],"author":[{"embeddable":true,"href":"https:\/\/grimm.dk\/index.php\/wp-json\/wp\/v2\/users\/1"}],"replies":[{"embeddable":true,"href":"https:\/\/grimm.dk\/index.php\/wp-json\/wp\/v2\/comments?post=520"}],"version-history":[{"count":2,"href":"https:\/\/grimm.dk\/index.php\/wp-json\/wp\/v2\/pages\/520\/revisions"}],"predecessor-version":[{"id":525,"href":"https:\/\/grimm.dk\/index.php\/wp-json\/wp\/v2\/pages\/520\/revisions\/525"}],"wp:attachment":[{"href":"https:\/\/grimm.dk\/index.php\/wp-json\/wp\/v2\/media?parent=520"}],"curies":[{"name":"wp","href":"https:\/\/api.w.org\/{rel}","templated":true}]}}