{"id":397,"date":"2019-12-17T23:26:41","date_gmt":"2019-12-17T23:26:41","guid":{"rendered":"https:\/\/grimm.dk\/?page_id=397"},"modified":"2019-12-22T16:49:23","modified_gmt":"2019-12-22T16:49:23","slug":"hjemloese","status":"publish","type":"page","link":"https:\/\/grimm.dk\/index.php\/hjemloese\/","title":{"rendered":"Hjeml\u00f8se"},"content":{"rendered":"\n<p class=\"wp-block-paragraph\">December&#8230; <br>hjerternes fest<br>den s\u00f8de juletid<br>hygge, varme og samv\u00e6r<br>Ja december har mange navne<br>Men for rigtig mange mennesker er december en af de sv\u00e6reste m\u00e5neder, at komme igennem&#8230;. det handler om vores hjeml\u00f8se. <\/p>\n\n\n\n<p class=\"wp-block-paragraph\">N\u00e5r jeg skriver \u201cvores\u201d ja s\u00e5 er det fordi vi alle har et ansvar. <br>Dig, mig, de hjeml\u00f8se, vores samfund. <\/p>\n\n\n\n<p class=\"wp-block-paragraph\">Mange har en entydig forestilling om, hvordan en typisk hjeml\u00f8s i Danmark ser ud.<br>Der er ham der ligger fordrukken i en beskidt sovepose sammen med sin hund bag ved Hovedbaneg\u00e5rden.<br>Men det ER alts\u00e5 en blandet skare som du kan se nedenfor. <\/p>\n\n\n\n<p class=\"wp-block-paragraph\"><strong>BARNET&#8230;<\/strong><br>Opholder sig som regel sammen med \u00e9n hjeml\u00f8s for\u00e6lder. <br>I de fleste tilf\u00e6lde sammen med en hjeml\u00f8s mor.<br>De bor p\u00e5 familieinstitutioner eller i midlertidige boliger, der er specifikt rettet mod hjeml\u00f8se familier. <br><br><strong>DEN UNGE&#8230;<\/strong><br>Mere end halvdelen af denne gruppe lider af psykisk sygdom, og endnu flere d\u00f8jer med et misbrug.<br><br><strong>DEN \u00c6LDRE&#8230;<\/strong><br>De \u00e6ldre hjeml\u00f8se m\u00e6nd befinder sig ofte i en permanent hjeml\u00f8shedssituation, hvor de har v\u00e6ret hjeml\u00f8se i mere end to \u00e5r.<br>De lider i h\u00f8jere grad af fysiske sygdomme end psykiske, og de har en st\u00f8rre tendens til at udvikle et alkoholmisbrug.<\/p>\n\n\n\n<p class=\"wp-block-paragraph\"><strong>DEN UDENLANDSKE&#8230;<\/strong><br>Opholder sig prim\u00e6rt i de danske storbyer. <br>Det er i h\u00f8jere grad indvandrere end efterkommere, som rammes af hjeml\u00f8shed.<br>I mods\u00e6tning til mange danske hjeml\u00f8se har indvandrerne og efterkommerne i flere tilf\u00e6lde en kommunal handleplan og er skrevet op til en bolig.<\/p>\n\n\n\n<p class=\"wp-block-paragraph\"><strong>KRIGSVETERANEN&#8230;<\/strong><br>Herhjemme er der ca. 68 hjeml\u00f8se krigsveteraner.<br>Kun en enkelt er kvinde.<br>De fleste opholder sig p\u00e5 veteranhjem, rekreationsboliger og i kolonihavehuse eller campingvogne.<br>En lille gruppe er gadesovere og enkelte opholder sig i skove.<br>Langt de fleste af disse lider af en psykisk sygdom, specielt dem, der har v\u00e6ret udstationeret p\u00e5 Balkan. Disse har store problemer med PTSD.<br><a href=\"https:\/\/www.sundhed.dk\/borger\/patienthaandbogen\/psyke\/sygdomme\/oevrige-sygdomme\/posttraumatisk-stressforstyrrelse\/\">https:\/\/www.sundhed.dk\/borger\/patienthaandbogen\/psyke\/sygdomme\/oevrige-sygdomme\/posttraumatisk-stressforstyrrelse\/<\/a><\/p>\n\n\n\n<p class=\"wp-block-paragraph\">I 2019 fandt var der ved hjeml\u00f8set\u00e6llingen (VIVE) 6.431 hjeml\u00f8se personer. <br>Ud over de 6.431 hjeml\u00f8se personer er der registreret en gruppe p\u00e5 519 hjeml\u00f8se migranter uden fast ophold i landet. <br>Denne gruppe ikke medregnet i tallet p\u00e5 de 6.431 personer.<\/p>\n\n\n\n<p class=\"wp-block-paragraph\"><strong>Hjeml\u00f8shedssituation i %  2019:<\/strong><br>Gaden 11.38%<br>Natvarmestue 4.87%<br>Herberg 35.61%<br>Hotel 2.97%<br>Familie\/Venner 25.35%<br>Udslusning 1.88%<br>Kriminalforsorgen 1.12%<br>Hospital 2.30%<br>Andet 5.91%<br>Uoplyst 8.61%<br>Af de hjeml\u00f8se borgere er 77 pct. m\u00e6nd og 23 pct. kvinder.<\/p>\n\n\n\n<p class=\"wp-block-paragraph\">Det jeg synes er skr\u00e6mmende er at over halvdelen af de hjeml\u00f8se borgere har v\u00e6ret det i under \u00e9t \u00e5r.<br>Dette viser, at der desv\u00e6rre fortsat er nye der kommer ud i en hjeml\u00f8shedssituation.<\/p>\n\n\n\n<p class=\"wp-block-paragraph\">I 2019 havde mere end hver tredje hjeml\u00f8s borger brug for ophold p\u00e5 herberger og forsorgshjem, og lidt over hver fjerde fandt ophold hos familie og venner.<br>11 pct. blev registreret som gadesovere hvilket vil sige hjeml\u00f8se, som i l\u00f8bet af t\u00e6lleugen har overnattet p\u00e5 gaden, i en trappeopgang eller lignende.<\/p>\n\n\n\n<p class=\"wp-block-paragraph\">Hjeml\u00f8shed er dog sj\u00e6ldent en \u201dsocial endestation\u201d, men en situation nogle mennesker desv\u00e6rre kan befinde sig i over en kortere eller l\u00e6ngere periode.<br>Op mod hver fjerde herbergsbruger er langvarige hjeml\u00f8se og opholder sig p\u00e5 herberger i lange perioder.<\/p>\n\n\n\n<p class=\"wp-block-paragraph\">Unders\u00f8gelser viser at specielt kvinder der er hjeml\u00f8se har det sv\u00e6rt. <br>De k\u00e6mper ofte med b\u00e5de psykiske og sociale problemer, og mange har i en lang periode overnattet p\u00e5 sofaer hos venner og bekendte, inden de ops\u00f8ger et herberg. <br>De fleste kvinder har v\u00e6ret socialt udsatte hele deres liv, og kvinder, der i deres voksenliv har v\u00e6ret ude for begivenheder, der har gjort livet vanskeligt. <\/p>\n\n\n\n<p class=\"wp-block-paragraph\">Kvinder lever en lang periode i \u201dskjult hjeml\u00f8shed\u201d, n\u00e5r de har mistet deres bolig.<br>De overnatter p\u00e5 sofaer hos familie, venner og bekendte, og der g\u00e5r derfor lang tid, f\u00f8r de henvender sig p\u00e5 de sociale tilbud som herberger og forsorgshjem.<\/p>\n\n\n\n<p class=\"wp-block-paragraph\">P\u00e5 den ene side er det en ressource for de hjeml\u00f8se kvinder, n\u00e5r de har et netv\u00e6rk, de kan tr\u00e6kke p\u00e5.<br>P\u00e5 den anden side slider det p\u00e5 kvindernes ofte sparsomme netv\u00e6rk, n\u00e5r de overnatter hos deres venner og bekendte.<\/p>\n\n\n\n<p class=\"wp-block-paragraph\">Man\nser derfor, at mange kvinder f\u00f8rst ops\u00f8ger hj\u00e6lp, n\u00e5r de ikke l\u00e6ngere kan finde\novernatningsmuligheder i omgangskredsen.<\/p>\n\n\n\n<p class=\"wp-block-paragraph\"><strong>Hvad g\u00f8r du dig af tanker n\u00e5r du har l\u00e6st dette.?<\/strong><br>Hvad kan man m\u00e5lrettet g\u00f8re for at der kommer f\u00e6rre hjeml\u00f8se fremover.?<br>Skal der kunne tilbydes flere tilbud.?<br>St\u00f8rre % del af almennyttige boliger der skal kunne tilbydes en hjeml\u00f8s.?<\/p>\n\n\n\n<p class=\"wp-block-paragraph\">Kommenter\ngerne&#8230;.<\/p>\n\n\n\n<p class=\"wp-block-paragraph\">Kilder: VIVE-rapport, Politikken<\/p>\n\n\n\n<p class=\"wp-block-paragraph\">\/Anette<br>17.12.2019<\/p>\n","protected":false},"excerpt":{"rendered":"<p>December&#8230; hjerternes festden s\u00f8de juletidhygge, varme og samv\u00e6rJa december har mange navneMen for rigtig mange mennesker er december en af de sv\u00e6reste m\u00e5neder, at komme igennem&#8230;. det handler om vores hjeml\u00f8se. N\u00e5r jeg skriver \u201cvores\u201d ja s\u00e5 er det fordi vi alle har et ansvar. Dig, mig, de hjeml\u00f8se, vores samfund. Mange har en entydig &hellip; <\/p>\n<p class=\"link-more\"><a href=\"https:\/\/grimm.dk\/index.php\/hjemloese\/\" class=\"more-link\">L\u00e6s videre<span class=\"screen-reader-text\"> &#8220;Hjeml\u00f8se&#8221;<\/span><\/a><\/p>\n","protected":false},"author":1,"featured_media":0,"parent":0,"menu_order":0,"comment_status":"open","ping_status":"closed","template":"","meta":{"om_disable_all_campaigns":false,"two_page_speed":[],"footnotes":""},"class_list":["post-397","page","type-page","status-publish","hentry"],"yoast_head":"<!-- This site is optimized with the Yoast SEO plugin v28.4 - https:\/\/yoast.com\/product\/yoast-seo-wordpress\/ -->\n<title>Hjeml\u00f8se &#8902;<\/title>\n<meta name=\"robots\" content=\"index, follow, max-snippet:-1, max-image-preview:large, max-video-preview:-1\" \/>\n<link rel=\"canonical\" href=\"https:\/\/grimm.dk\/index.php\/hjemloese\/\" \/>\n<meta property=\"og:locale\" content=\"da_DK\" \/>\n<meta property=\"og:type\" content=\"article\" \/>\n<meta property=\"og:title\" content=\"Hjeml\u00f8se &#8902;\" \/>\n<meta property=\"og:description\" content=\"December&#8230; hjerternes festden s\u00f8de juletidhygge, varme og samv\u00e6rJa december har mange navneMen for rigtig mange mennesker er december en af de sv\u00e6reste m\u00e5neder, at komme igennem&#8230;. det handler om vores hjeml\u00f8se. N\u00e5r jeg skriver \u201cvores\u201d ja s\u00e5 er det fordi vi alle har et ansvar. Dig, mig, de hjeml\u00f8se, vores samfund. Mange har en entydig &hellip; L\u00e6s videre &quot;Hjeml\u00f8se&quot;\" \/>\n<meta property=\"og:url\" content=\"https:\/\/grimm.dk\/index.php\/hjemloese\/\" \/>\n<meta property=\"article:modified_time\" content=\"2019-12-22T16:49:23+00:00\" \/>\n<meta name=\"twitter:card\" content=\"summary_large_image\" \/>\n<meta name=\"twitter:site\" content=\"@And12Mik\" \/>\n<meta name=\"twitter:label1\" content=\"Estimeret l\u00e6setid\" \/>\n\t<meta name=\"twitter:data1\" content=\"4 minutter\" \/>\n<script type=\"application\/ld+json\" class=\"yoast-schema-graph\">{\"@context\":\"https:\\\/\\\/schema.org\",\"@graph\":[{\"@type\":\"WebPage\",\"@id\":\"https:\\\/\\\/grimm.dk\\\/index.php\\\/hjemloese\\\/\",\"url\":\"https:\\\/\\\/grimm.dk\\\/index.php\\\/hjemloese\\\/\",\"name\":\"Hjeml\u00f8se &#8902;\",\"isPartOf\":{\"@id\":\"https:\\\/\\\/grimm.dk\\\/#website\"},\"datePublished\":\"2019-12-17T23:26:41+00:00\",\"dateModified\":\"2019-12-22T16:49:23+00:00\",\"breadcrumb\":{\"@id\":\"https:\\\/\\\/grimm.dk\\\/index.php\\\/hjemloese\\\/#breadcrumb\"},\"inLanguage\":\"da-DK\",\"potentialAction\":[{\"@type\":\"ReadAction\",\"target\":[\"https:\\\/\\\/grimm.dk\\\/index.php\\\/hjemloese\\\/\"]}]},{\"@type\":\"BreadcrumbList\",\"@id\":\"https:\\\/\\\/grimm.dk\\\/index.php\\\/hjemloese\\\/#breadcrumb\",\"itemListElement\":[{\"@type\":\"ListItem\",\"position\":1,\"name\":\"Home\",\"item\":\"https:\\\/\\\/grimm.dk\\\/\"},{\"@type\":\"ListItem\",\"position\":2,\"name\":\"Hjeml\u00f8se\"}]},{\"@type\":\"WebSite\",\"@id\":\"https:\\\/\\\/grimm.dk\\\/#website\",\"url\":\"https:\\\/\\\/grimm.dk\\\/\",\"name\":\"grimm.dk\",\"description\":\"Anette skriver om stort &amp; sm\u00e5t * Jan om sport\",\"publisher\":{\"@id\":\"https:\\\/\\\/grimm.dk\\\/#\\\/schema\\\/person\\\/2372767d79b78a0a4727672646a93605\"},\"potentialAction\":[{\"@type\":\"SearchAction\",\"target\":{\"@type\":\"EntryPoint\",\"urlTemplate\":\"https:\\\/\\\/grimm.dk\\\/?s={search_term_string}\"},\"query-input\":{\"@type\":\"PropertyValueSpecification\",\"valueRequired\":true,\"valueName\":\"search_term_string\"}}],\"inLanguage\":\"da-DK\"},{\"@type\":[\"Person\",\"Organization\"],\"@id\":\"https:\\\/\\\/grimm.dk\\\/#\\\/schema\\\/person\\\/2372767d79b78a0a4727672646a93605\",\"name\":\"admin\",\"image\":{\"@type\":\"ImageObject\",\"inLanguage\":\"da-DK\",\"@id\":\"https:\\\/\\\/i0.wp.com\\\/grimm.dk\\\/wp-content\\\/uploads\\\/2019\\\/12\\\/img_3582.jpg?fit=711%2C713&ssl=1\",\"url\":\"https:\\\/\\\/i0.wp.com\\\/grimm.dk\\\/wp-content\\\/uploads\\\/2019\\\/12\\\/img_3582.jpg?fit=711%2C713&ssl=1\",\"contentUrl\":\"https:\\\/\\\/i0.wp.com\\\/grimm.dk\\\/wp-content\\\/uploads\\\/2019\\\/12\\\/img_3582.jpg?fit=711%2C713&ssl=1\",\"width\":711,\"height\":713,\"caption\":\"admin\"},\"logo\":{\"@id\":\"https:\\\/\\\/i0.wp.com\\\/grimm.dk\\\/wp-content\\\/uploads\\\/2019\\\/12\\\/img_3582.jpg?fit=711%2C713&ssl=1\"},\"sameAs\":[\"https:\\\/\\\/grimm.dk\",\"https:\\\/\\\/www.instagram.com\\\/_andtomik\\\/\",\"https:\\\/\\\/x.com\\\/And12Mik\"]}]}<\/script>\n<!-- \/ Yoast SEO plugin. -->","yoast_head_json":{"title":"Hjeml\u00f8se &#8902;","robots":{"index":"index","follow":"follow","max-snippet":"max-snippet:-1","max-image-preview":"max-image-preview:large","max-video-preview":"max-video-preview:-1"},"canonical":"https:\/\/grimm.dk\/index.php\/hjemloese\/","og_locale":"da_DK","og_type":"article","og_title":"Hjeml\u00f8se &#8902;","og_description":"December&#8230; hjerternes festden s\u00f8de juletidhygge, varme og samv\u00e6rJa december har mange navneMen for rigtig mange mennesker er december en af de sv\u00e6reste m\u00e5neder, at komme igennem&#8230;. det handler om vores hjeml\u00f8se. N\u00e5r jeg skriver \u201cvores\u201d ja s\u00e5 er det fordi vi alle har et ansvar. Dig, mig, de hjeml\u00f8se, vores samfund. Mange har en entydig &hellip; L\u00e6s videre \"Hjeml\u00f8se\"","og_url":"https:\/\/grimm.dk\/index.php\/hjemloese\/","article_modified_time":"2019-12-22T16:49:23+00:00","twitter_card":"summary_large_image","twitter_site":"@And12Mik","twitter_misc":{"Estimeret l\u00e6setid":"4 minutter"},"schema":{"@context":"https:\/\/schema.org","@graph":[{"@type":"WebPage","@id":"https:\/\/grimm.dk\/index.php\/hjemloese\/","url":"https:\/\/grimm.dk\/index.php\/hjemloese\/","name":"Hjeml\u00f8se &#8902;","isPartOf":{"@id":"https:\/\/grimm.dk\/#website"},"datePublished":"2019-12-17T23:26:41+00:00","dateModified":"2019-12-22T16:49:23+00:00","breadcrumb":{"@id":"https:\/\/grimm.dk\/index.php\/hjemloese\/#breadcrumb"},"inLanguage":"da-DK","potentialAction":[{"@type":"ReadAction","target":["https:\/\/grimm.dk\/index.php\/hjemloese\/"]}]},{"@type":"BreadcrumbList","@id":"https:\/\/grimm.dk\/index.php\/hjemloese\/#breadcrumb","itemListElement":[{"@type":"ListItem","position":1,"name":"Home","item":"https:\/\/grimm.dk\/"},{"@type":"ListItem","position":2,"name":"Hjeml\u00f8se"}]},{"@type":"WebSite","@id":"https:\/\/grimm.dk\/#website","url":"https:\/\/grimm.dk\/","name":"grimm.dk","description":"Anette skriver om stort &amp; sm\u00e5t * Jan om sport","publisher":{"@id":"https:\/\/grimm.dk\/#\/schema\/person\/2372767d79b78a0a4727672646a93605"},"potentialAction":[{"@type":"SearchAction","target":{"@type":"EntryPoint","urlTemplate":"https:\/\/grimm.dk\/?s={search_term_string}"},"query-input":{"@type":"PropertyValueSpecification","valueRequired":true,"valueName":"search_term_string"}}],"inLanguage":"da-DK"},{"@type":["Person","Organization"],"@id":"https:\/\/grimm.dk\/#\/schema\/person\/2372767d79b78a0a4727672646a93605","name":"admin","image":{"@type":"ImageObject","inLanguage":"da-DK","@id":"https:\/\/i0.wp.com\/grimm.dk\/wp-content\/uploads\/2019\/12\/img_3582.jpg?fit=711%2C713&ssl=1","url":"https:\/\/i0.wp.com\/grimm.dk\/wp-content\/uploads\/2019\/12\/img_3582.jpg?fit=711%2C713&ssl=1","contentUrl":"https:\/\/i0.wp.com\/grimm.dk\/wp-content\/uploads\/2019\/12\/img_3582.jpg?fit=711%2C713&ssl=1","width":711,"height":713,"caption":"admin"},"logo":{"@id":"https:\/\/i0.wp.com\/grimm.dk\/wp-content\/uploads\/2019\/12\/img_3582.jpg?fit=711%2C713&ssl=1"},"sameAs":["https:\/\/grimm.dk","https:\/\/www.instagram.com\/_andtomik\/","https:\/\/x.com\/And12Mik"]}]}},"jetpack_shortlink":"https:\/\/wp.me\/PbtqXC-6p","jetpack_sharing_enabled":true,"jetpack-related-posts":[{"id":683,"url":"https:\/\/grimm.dk\/index.php\/styrk-hjernen-med-tanker\/","url_meta":{"origin":397,"position":0},"title":"Styrk hjernen med tanker","author":"admin","date":"21. februar 2020","format":false,"excerpt":"Hjernevask dig selv...Og styrk hjernen med nye tanker. Forord... Vi er skabt af de tanker, vi har gjort os gennem livet og som definerer hvordan vi har det. Bliv klogere p\u00e5 i dette skriv, hvordan din hjerne fungerer. Hvis du fx t\u00e6nker, at du er ked af det, bliver du\u2026","rel":"","context":"With 1 comment","block_context":{"text":"With 1 comment","link":"https:\/\/grimm.dk\/index.php\/styrk-hjernen-med-tanker\/#comments"},"img":{"alt_text":"","src":"","width":0,"height":0},"classes":[]},{"id":657,"url":"https:\/\/grimm.dk\/index.php\/foelelser\/","url_meta":{"origin":397,"position":1},"title":"F\u00f8lelser","author":"admin","date":"27. januar 2020","format":false,"excerpt":"Indledning Vi er alle f\u00f8dt med det der kaldes grundf\u00f8lelser og forskning viser, at vi som udgangspunkt har ti. Gl\u00e6deIrritation\/vredeInteresseTristhedAngstMisundelse\/jalousiSkamSkyldHengivenhed\/\u00f8mhedAfsky\/foragt Jeg vil tage udgangspunkt i 4 af dem, som mange af os kender, ja m\u00e5ske bedst. Det er nemlig ud fra disse 4, at alle vores andre f\u00f8lelser kan sammens\u00e6ttes,\u2026","rel":"","context":"Similar post","block_context":{"text":"Similar post","link":""},"img":{"alt_text":"","src":"","width":0,"height":0},"classes":[]},{"id":409,"url":"https:\/\/grimm.dk\/index.php\/smaa-skriv\/","url_meta":{"origin":397,"position":2},"title":"Sm\u00e5 skriv","author":"admin","date":"18. december 2019","format":false,"excerpt":"Lad os huske p\u00e5 at vi form\u00e5ede at n\u00e5 hertil og det er \u00a0\u00a0\u00a0\u00a0\u00a0\u00a0 ikke s\u00e5 lidt n\u00e5r man t\u00e6nker p\u00e5 hvor vi har v\u00e6ret \u2022\u2022\u2022\u2022\u2022\u2022 Der findes dage hvor man kan alt og s\u00e5 er der de dage hvor vi falder sammen og skal have en h\u00e5nd Og det\u2026","rel":"","context":"Similar post","block_context":{"text":"Similar post","link":""},"img":{"alt_text":"","src":"","width":0,"height":0},"classes":[]},{"id":296,"url":"https:\/\/grimm.dk\/index.php\/privatliv\/","url_meta":{"origin":397,"position":3},"title":"Privatliv","author":"admin","date":"11. december 2019","format":false,"excerpt":"Hvem er vi Anette Grimm & Jan Heitmann Vores webstedsadresse er: https:\/\/grimm.dk. Hvilke personlige data vi indsamler og hvorfor vi indsamler det Der indsamles personlige data fra brugere og bes\u00f8gende p\u00e5 webstedet, s\u00e5som navn, e-mailadresse ved tilmelding til at f\u00f8lge nye opl\u00e6g p\u00e5 website og p\u00e5 kommentarer. Som standard indsamler\u2026","rel":"","context":"Similar post","block_context":{"text":"Similar post","link":""},"img":{"alt_text":"","src":"","width":0,"height":0},"classes":[]},{"id":381,"url":"https:\/\/grimm.dk\/index.php\/familietraeet-om-arv\/","url_meta":{"origin":397,"position":4},"title":"Familietr\u00e6et &#8211; om arv","author":"admin","date":"17. december 2019","format":false,"excerpt":"Stamtr\u00e6et... Arver man sin families traumer.?T\u00e6nk, hvis den bekymring eller frygt, man b\u00e6rer rundt p\u00e5, slet ikke er ens egen.? N\u00e5r et trauma finder sted, \u00e6ndrer det os bogstaveligt talt og skaber en kemisk forandring i vores dna. Dette kan forandre m\u00e5den, vores gener fungerer p\u00e5, nogle gange i generationer.S\u00e5\u2026","rel":"","context":"With 2 comments","block_context":{"text":"With 2 comments","link":"https:\/\/grimm.dk\/index.php\/familietraeet-om-arv\/#comments"},"img":{"alt_text":"","src":"","width":0,"height":0},"classes":[]},{"id":729,"url":"https:\/\/grimm.dk\/index.php\/tavse-maend-del-2\/","url_meta":{"origin":397,"position":5},"title":"Tavse m\u00e6nd&#8230; Del 2.","author":"admin","date":"4. november 2020","format":false,"excerpt":"Hvad g\u00f8r du, n\u00e5r han tr\u00e6kker sig?Jeg lovede i min n\u00e6ste klumme, at skrive lidt om hvordan du kan f\u00e5 ham til, at \u00e5bne op, uden du mister dig selv. Hvad er det s\u00e5 du kan g\u00f8re...Det er umuligt at tvinge en mand til at \u00e5bne op, hvis han ikke\u2026","rel":"","context":"Similar post","block_context":{"text":"Similar post","link":""},"img":{"alt_text":"","src":"","width":0,"height":0},"classes":[]}],"_links":{"self":[{"href":"https:\/\/grimm.dk\/index.php\/wp-json\/wp\/v2\/pages\/397","targetHints":{"allow":["GET"]}}],"collection":[{"href":"https:\/\/grimm.dk\/index.php\/wp-json\/wp\/v2\/pages"}],"about":[{"href":"https:\/\/grimm.dk\/index.php\/wp-json\/wp\/v2\/types\/page"}],"author":[{"embeddable":true,"href":"https:\/\/grimm.dk\/index.php\/wp-json\/wp\/v2\/users\/1"}],"replies":[{"embeddable":true,"href":"https:\/\/grimm.dk\/index.php\/wp-json\/wp\/v2\/comments?post=397"}],"version-history":[{"count":6,"href":"https:\/\/grimm.dk\/index.php\/wp-json\/wp\/v2\/pages\/397\/revisions"}],"predecessor-version":[{"id":462,"href":"https:\/\/grimm.dk\/index.php\/wp-json\/wp\/v2\/pages\/397\/revisions\/462"}],"wp:attachment":[{"href":"https:\/\/grimm.dk\/index.php\/wp-json\/wp\/v2\/media?parent=397"}],"curies":[{"name":"wp","href":"https:\/\/api.w.org\/{rel}","templated":true}]}}