{"id":381,"date":"2019-12-17T16:50:01","date_gmt":"2019-12-17T16:50:01","guid":{"rendered":"https:\/\/grimm.dk\/?page_id=381"},"modified":"2020-01-03T13:12:01","modified_gmt":"2020-01-03T13:12:01","slug":"familietraeet-om-arv","status":"publish","type":"page","link":"https:\/\/grimm.dk\/index.php\/familietraeet-om-arv\/","title":{"rendered":"Familietr\u00e6et &#8211; om arv"},"content":{"rendered":"\n<p class=\"wp-block-paragraph\"><strong>Stamtr\u00e6et&#8230;<\/strong><\/p>\n\n\n\n<p class=\"wp-block-paragraph\">Arver man sin families traumer.?<br>T\u00e6nk, hvis den bekymring eller frygt, man b\u00e6rer rundt p\u00e5, slet ikke er ens egen.?<\/p>\n\n\n\n<p class=\"wp-block-paragraph\">N\u00e5r et trauma finder sted, \u00e6ndrer det os bogstaveligt talt og skaber en kemisk forandring i vores dna. <br>Dette kan forandre m\u00e5den, vores gener fungerer p\u00e5, nogle gange i generationer.<br>S\u00e5 n\u00e5r vi f\u00e5r b\u00f8rn, er b\u00f8rnene ikke f\u00f8dt med en ren harddisk.<br>Der er et styresystem, der allerede er installeret, der potentielt indeholder rester af forf\u00e6drenes traumer.<br>Det betyder, at vores b\u00f8rn kan blive f\u00f8dt med frygt og f\u00f8lelser, der ikke h\u00f8rer hjemme hos dem.<\/p>\n\n\n\n<p class=\"wp-block-paragraph\">Som man kan l\u00e6se i Mark Wolynns bog handler den om hans naturvidenskabelige basis for hans arbejde, blandt andet om epi-genetik&#8230; Hvordan ikke bare gener som immunforsvar og sygdomme kan videref\u00f8res genetisk fra et familieled til det n\u00e6ste, men ogs\u00e5 tanker og f\u00f8lelsesm\u00e6ssige reaktioner.<\/p>\n\n\n\n<p class=\"wp-block-paragraph\">Mennesker kan for eksempel blive ekstremt reaktive over for situationer, der minder om en for\u00e6lders eller bedstefor\u00e6lders oprindelige traume.<\/p>\n\n\n\n<p class=\"wp-block-paragraph\">Neuroforskeren Rachel Yehuda opdagede for 10 \u00e5r siden, at overlevende fra KZ-lejre og deres b\u00f8rn delte traumesymptomer s\u00e5som et lavt kortisoltal (det hormon, der stabiliserer os igen, n\u00e5r vi har v\u00e6ret ude for noget st\u00e6rkt stressende) selv om b\u00f8rnene aldrig havde v\u00e6ret taget til fange.<\/p>\n\n\n\n<p class=\"wp-block-paragraph\">Samme arvelighed viste sig for gravide kvinder, der havde v\u00e6ret t\u00e6t p\u00e5 World Trade Center under terrorangrebet,&nbsp;&nbsp;mange af dem udviklede ptsd, og deres b\u00f8rn havde st\u00e6rkt forh\u00f8jet risiko for det samme.<\/p>\n\n\n\n<p class=\"wp-block-paragraph\">Men der er noget at g\u00f8re.<br>Man kan oph\u00e6ve den u\u00f8nsket arv mener Mark Wolynn.<br>Dette kan man l\u00e6se i hans bog og deraf l\u00e6re hvordan en negativ cyklus brydes.&nbsp;<\/p>\n\n\n\n<p class=\"wp-block-paragraph\">If\u00f8lge Mark Wolynn er der visse indikationer p\u00e5, at man m\u00e5ske b\u00e6rer rundt p\u00e5 familietraumer.<br>Det kan v\u00e6re fobier, reaktioner eller fysiske symptomer, man ikke umiddelbart kan forklare.<br>En person kan ogs\u00e5 opleve, at nerv\u00f8sitet eller tvangstanker pludselig sparker igennem enten i en specifik alder eller ved en s\u00e6rlig milep\u00e6l i livet, for\u00e6ldreskab, flytning eller giftem\u00e5l.<\/p>\n\n\n\n<p class=\"wp-block-paragraph\">Hvilke hemmeligheder er skjult?<br>Hvilke historier blev fortiet i familien?<br>Hvilke traumatiske h\u00e6ndelser blev aldrig rigtig helet?<\/p>\n\n\n\n<p class=\"wp-block-paragraph\">Det er vigtigt at bringe disse ting frem i lyset, da de ellers videref\u00f8res til n\u00e6ste generationer.<br>N\u00e5r vi til geng\u00e6ld unders\u00f8ger og giver det fortr\u00e6ngte og smertefulde plads, beh\u00f8ver vi ikke gentage m\u00f8nstret og kan derved bryde den onde cirkel.<\/p>\n\n\n\n<p class=\"wp-block-paragraph\">N\u00e5r man taler om frygt, er sproget ofte relateret til traumer i familien.<br>En persons ordvalg er til dels ubevidst og fungerer som br\u00f8dkrummer som f\u00f8rer os tilbage til de begivenheder, som ingen vil tale om skriver Mark Wolynn.<\/p>\n\n\n\n<p class=\"wp-block-paragraph\">Tit kan man h\u00f8re det ved, at ord eller vendinger skiller sig ud fra det \u00f8vrige sprog, m\u00e5ske er ordene ekstra dramatiske.<\/p>\n\n\n\n<p class=\"wp-block-paragraph\">Hvis vi kan afd\u00e6kke dette skjulte sprog, kernesproget og lave forbindelsen til fortidens ulykke, giver det en kontekst.<br>Det er som at finde den manglende brik i puslespillet, der endelig g\u00f8r det muligt at forst\u00e5, hvorfor et menneske f\u00f8ler, som det g\u00f8r.<\/p>\n\n\n\n<p class=\"wp-block-paragraph\">L\u00e6s mere om dette i Mark Wolynn bog \u201cDu er ikke bare dig\u201d som kan k\u00f8bes p\u00e5 p\u00e5 nettet.&nbsp;<br>Jeg kender flere, som kan have gavn af den viden.<\/p>\n\n\n\n<p class=\"wp-block-paragraph\">KILDE: \u201cDu er ikke bare dig\u201d af Mark Wolynn<\/p>\n\n\n\n<p class=\"wp-block-paragraph\">\/Anette<br>17.12.2019<\/p>\n","protected":false},"excerpt":{"rendered":"<p>Stamtr\u00e6et&#8230; Arver man sin families traumer.?T\u00e6nk, hvis den bekymring eller frygt, man b\u00e6rer rundt p\u00e5, slet ikke er ens egen.? N\u00e5r et trauma finder sted, \u00e6ndrer det os bogstaveligt talt og skaber en kemisk forandring i vores dna. Dette kan forandre m\u00e5den, vores gener fungerer p\u00e5, nogle gange i generationer.S\u00e5 n\u00e5r vi f\u00e5r b\u00f8rn, er &hellip; <\/p>\n<p class=\"link-more\"><a href=\"https:\/\/grimm.dk\/index.php\/familietraeet-om-arv\/\" class=\"more-link\">L\u00e6s videre<span class=\"screen-reader-text\"> &#8220;Familietr\u00e6et &#8211; om arv&#8221;<\/span><\/a><\/p>\n","protected":false},"author":1,"featured_media":0,"parent":0,"menu_order":0,"comment_status":"open","ping_status":"closed","template":"","meta":{"om_disable_all_campaigns":false,"two_page_speed":[],"footnotes":""},"class_list":["post-381","page","type-page","status-publish","hentry"],"yoast_head":"<!-- This site is optimized with the Yoast SEO plugin v28.4 - https:\/\/yoast.com\/product\/yoast-seo-wordpress\/ -->\n<title>Familietr\u00e6et - om arv &#8902; arv gener stamtr\u00e6<\/title>\n<meta name=\"description\" content=\"Arv gener stamtr\u00e6\" \/>\n<meta name=\"robots\" content=\"index, follow, max-snippet:-1, max-image-preview:large, max-video-preview:-1\" \/>\n<link rel=\"canonical\" href=\"https:\/\/grimm.dk\/index.php\/familietraeet-om-arv\/\" \/>\n<meta property=\"og:locale\" content=\"da_DK\" \/>\n<meta property=\"og:type\" content=\"article\" \/>\n<meta property=\"og:title\" content=\"Familietr\u00e6et - om arv &#8902; arv gener stamtr\u00e6\" \/>\n<meta property=\"og:description\" content=\"Arv gener stamtr\u00e6\" \/>\n<meta property=\"og:url\" content=\"https:\/\/grimm.dk\/index.php\/familietraeet-om-arv\/\" \/>\n<meta property=\"article:modified_time\" content=\"2020-01-03T13:12:01+00:00\" \/>\n<meta name=\"twitter:card\" content=\"summary_large_image\" \/>\n<meta name=\"twitter:site\" content=\"@And12Mik\" \/>\n<meta name=\"twitter:label1\" content=\"Estimeret l\u00e6setid\" \/>\n\t<meta name=\"twitter:data1\" content=\"3 minutter\" \/>\n<script type=\"application\/ld+json\" class=\"yoast-schema-graph\">{\"@context\":\"https:\\\/\\\/schema.org\",\"@graph\":[{\"@type\":\"WebPage\",\"@id\":\"https:\\\/\\\/grimm.dk\\\/index.php\\\/familietraeet-om-arv\\\/\",\"url\":\"https:\\\/\\\/grimm.dk\\\/index.php\\\/familietraeet-om-arv\\\/\",\"name\":\"Familietr\u00e6et - om arv &#8902; arv gener stamtr\u00e6\",\"isPartOf\":{\"@id\":\"https:\\\/\\\/grimm.dk\\\/#website\"},\"datePublished\":\"2019-12-17T16:50:01+00:00\",\"dateModified\":\"2020-01-03T13:12:01+00:00\",\"description\":\"Arv gener stamtr\u00e6\",\"breadcrumb\":{\"@id\":\"https:\\\/\\\/grimm.dk\\\/index.php\\\/familietraeet-om-arv\\\/#breadcrumb\"},\"inLanguage\":\"da-DK\",\"potentialAction\":[{\"@type\":\"ReadAction\",\"target\":[\"https:\\\/\\\/grimm.dk\\\/index.php\\\/familietraeet-om-arv\\\/\"]}]},{\"@type\":\"BreadcrumbList\",\"@id\":\"https:\\\/\\\/grimm.dk\\\/index.php\\\/familietraeet-om-arv\\\/#breadcrumb\",\"itemListElement\":[{\"@type\":\"ListItem\",\"position\":1,\"name\":\"Home\",\"item\":\"https:\\\/\\\/grimm.dk\\\/\"},{\"@type\":\"ListItem\",\"position\":2,\"name\":\"Familietr\u00e6et &#8211; om arv\"}]},{\"@type\":\"WebSite\",\"@id\":\"https:\\\/\\\/grimm.dk\\\/#website\",\"url\":\"https:\\\/\\\/grimm.dk\\\/\",\"name\":\"grimm.dk\",\"description\":\"Anette skriver om stort &amp; sm\u00e5t * Jan om sport\",\"publisher\":{\"@id\":\"https:\\\/\\\/grimm.dk\\\/#\\\/schema\\\/person\\\/2372767d79b78a0a4727672646a93605\"},\"potentialAction\":[{\"@type\":\"SearchAction\",\"target\":{\"@type\":\"EntryPoint\",\"urlTemplate\":\"https:\\\/\\\/grimm.dk\\\/?s={search_term_string}\"},\"query-input\":{\"@type\":\"PropertyValueSpecification\",\"valueRequired\":true,\"valueName\":\"search_term_string\"}}],\"inLanguage\":\"da-DK\"},{\"@type\":[\"Person\",\"Organization\"],\"@id\":\"https:\\\/\\\/grimm.dk\\\/#\\\/schema\\\/person\\\/2372767d79b78a0a4727672646a93605\",\"name\":\"admin\",\"image\":{\"@type\":\"ImageObject\",\"inLanguage\":\"da-DK\",\"@id\":\"https:\\\/\\\/i0.wp.com\\\/grimm.dk\\\/wp-content\\\/uploads\\\/2019\\\/12\\\/img_3582.jpg?fit=711%2C713&ssl=1\",\"url\":\"https:\\\/\\\/i0.wp.com\\\/grimm.dk\\\/wp-content\\\/uploads\\\/2019\\\/12\\\/img_3582.jpg?fit=711%2C713&ssl=1\",\"contentUrl\":\"https:\\\/\\\/i0.wp.com\\\/grimm.dk\\\/wp-content\\\/uploads\\\/2019\\\/12\\\/img_3582.jpg?fit=711%2C713&ssl=1\",\"width\":711,\"height\":713,\"caption\":\"admin\"},\"logo\":{\"@id\":\"https:\\\/\\\/i0.wp.com\\\/grimm.dk\\\/wp-content\\\/uploads\\\/2019\\\/12\\\/img_3582.jpg?fit=711%2C713&ssl=1\"},\"sameAs\":[\"https:\\\/\\\/grimm.dk\",\"https:\\\/\\\/www.instagram.com\\\/_andtomik\\\/\",\"https:\\\/\\\/x.com\\\/And12Mik\"]}]}<\/script>\n<!-- \/ Yoast SEO plugin. -->","yoast_head_json":{"title":"Familietr\u00e6et - om arv &#8902; arv gener stamtr\u00e6","description":"Arv gener stamtr\u00e6","robots":{"index":"index","follow":"follow","max-snippet":"max-snippet:-1","max-image-preview":"max-image-preview:large","max-video-preview":"max-video-preview:-1"},"canonical":"https:\/\/grimm.dk\/index.php\/familietraeet-om-arv\/","og_locale":"da_DK","og_type":"article","og_title":"Familietr\u00e6et - om arv &#8902; arv gener stamtr\u00e6","og_description":"Arv gener stamtr\u00e6","og_url":"https:\/\/grimm.dk\/index.php\/familietraeet-om-arv\/","article_modified_time":"2020-01-03T13:12:01+00:00","twitter_card":"summary_large_image","twitter_site":"@And12Mik","twitter_misc":{"Estimeret l\u00e6setid":"3 minutter"},"schema":{"@context":"https:\/\/schema.org","@graph":[{"@type":"WebPage","@id":"https:\/\/grimm.dk\/index.php\/familietraeet-om-arv\/","url":"https:\/\/grimm.dk\/index.php\/familietraeet-om-arv\/","name":"Familietr\u00e6et - om arv &#8902; arv gener stamtr\u00e6","isPartOf":{"@id":"https:\/\/grimm.dk\/#website"},"datePublished":"2019-12-17T16:50:01+00:00","dateModified":"2020-01-03T13:12:01+00:00","description":"Arv gener stamtr\u00e6","breadcrumb":{"@id":"https:\/\/grimm.dk\/index.php\/familietraeet-om-arv\/#breadcrumb"},"inLanguage":"da-DK","potentialAction":[{"@type":"ReadAction","target":["https:\/\/grimm.dk\/index.php\/familietraeet-om-arv\/"]}]},{"@type":"BreadcrumbList","@id":"https:\/\/grimm.dk\/index.php\/familietraeet-om-arv\/#breadcrumb","itemListElement":[{"@type":"ListItem","position":1,"name":"Home","item":"https:\/\/grimm.dk\/"},{"@type":"ListItem","position":2,"name":"Familietr\u00e6et &#8211; om arv"}]},{"@type":"WebSite","@id":"https:\/\/grimm.dk\/#website","url":"https:\/\/grimm.dk\/","name":"grimm.dk","description":"Anette skriver om stort &amp; sm\u00e5t * Jan om sport","publisher":{"@id":"https:\/\/grimm.dk\/#\/schema\/person\/2372767d79b78a0a4727672646a93605"},"potentialAction":[{"@type":"SearchAction","target":{"@type":"EntryPoint","urlTemplate":"https:\/\/grimm.dk\/?s={search_term_string}"},"query-input":{"@type":"PropertyValueSpecification","valueRequired":true,"valueName":"search_term_string"}}],"inLanguage":"da-DK"},{"@type":["Person","Organization"],"@id":"https:\/\/grimm.dk\/#\/schema\/person\/2372767d79b78a0a4727672646a93605","name":"admin","image":{"@type":"ImageObject","inLanguage":"da-DK","@id":"https:\/\/i0.wp.com\/grimm.dk\/wp-content\/uploads\/2019\/12\/img_3582.jpg?fit=711%2C713&ssl=1","url":"https:\/\/i0.wp.com\/grimm.dk\/wp-content\/uploads\/2019\/12\/img_3582.jpg?fit=711%2C713&ssl=1","contentUrl":"https:\/\/i0.wp.com\/grimm.dk\/wp-content\/uploads\/2019\/12\/img_3582.jpg?fit=711%2C713&ssl=1","width":711,"height":713,"caption":"admin"},"logo":{"@id":"https:\/\/i0.wp.com\/grimm.dk\/wp-content\/uploads\/2019\/12\/img_3582.jpg?fit=711%2C713&ssl=1"},"sameAs":["https:\/\/grimm.dk","https:\/\/www.instagram.com\/_andtomik\/","https:\/\/x.com\/And12Mik"]}]}},"jetpack_shortlink":"https:\/\/wp.me\/PbtqXC-69","jetpack_sharing_enabled":true,"jetpack-related-posts":[{"id":657,"url":"https:\/\/grimm.dk\/index.php\/foelelser\/","url_meta":{"origin":381,"position":0},"title":"F\u00f8lelser","author":"admin","date":"27. januar 2020","format":false,"excerpt":"Indledning Vi er alle f\u00f8dt med det der kaldes grundf\u00f8lelser og forskning viser, at vi som udgangspunkt har ti. Gl\u00e6deIrritation\/vredeInteresseTristhedAngstMisundelse\/jalousiSkamSkyldHengivenhed\/\u00f8mhedAfsky\/foragt Jeg vil tage udgangspunkt i 4 af dem, som mange af os kender, ja m\u00e5ske bedst. Det er nemlig ud fra disse 4, at alle vores andre f\u00f8lelser kan sammens\u00e6ttes,\u2026","rel":"","context":"Similar post","block_context":{"text":"Similar post","link":""},"img":{"alt_text":"","src":"","width":0,"height":0},"classes":[]},{"id":441,"url":"https:\/\/grimm.dk\/index.php\/staerke-kvinder-2\/","url_meta":{"origin":381,"position":1},"title":"St\u00e6rke kvinder","author":"admin","date":"22. december 2019","format":false,"excerpt":"Hvad er en st\u00e6rk kvinde og er de n\u00f8dvendige for denne verden.?JA. St\u00e6rke kvinder bliver ofte kategoriseret som \"for meget.\" Er du en af dem...? St\u00e6rke kvinder kaldes ofte for assertive fordi de er ligefremme omkring deres \u00f8nsker og behov. Denne ligefremme holdning og fremtoning st\u00f8der og forn\u00e6rmer dog ofte\u2026","rel":"","context":"Similar post","block_context":{"text":"Similar post","link":""},"img":{"alt_text":"","src":"","width":0,"height":0},"classes":[]},{"id":729,"url":"https:\/\/grimm.dk\/index.php\/tavse-maend-del-2\/","url_meta":{"origin":381,"position":2},"title":"Tavse m\u00e6nd&#8230; Del 2.","author":"admin","date":"4. november 2020","format":false,"excerpt":"Hvad g\u00f8r du, n\u00e5r han tr\u00e6kker sig?Jeg lovede i min n\u00e6ste klumme, at skrive lidt om hvordan du kan f\u00e5 ham til, at \u00e5bne op, uden du mister dig selv. Hvad er det s\u00e5 du kan g\u00f8re...Det er umuligt at tvinge en mand til at \u00e5bne op, hvis han ikke\u2026","rel":"","context":"Similar post","block_context":{"text":"Similar post","link":""},"img":{"alt_text":"","src":"","width":0,"height":0},"classes":[]},{"id":697,"url":"https:\/\/grimm.dk\/index.php\/boblen\/","url_meta":{"origin":381,"position":3},"title":"Boblen&#8230;","author":"admin","date":"31. marts 2020","format":false,"excerpt":"Forord\u2026 Mange oplever i denne tid, at verden og livet er forandret fra det vi er vant til og for nogle giver det sig i d\u00e9n grad udslag i let forh\u00f8jede stressniveauer for\u00e5rsaget af uvisheden over hvor lang tid dette til at vare? og hvad der kommer til, at ske.?\u2026","rel":"","context":"Similar post","block_context":{"text":"Similar post","link":""},"img":{"alt_text":"","src":"","width":0,"height":0},"classes":[]},{"id":349,"url":"https:\/\/grimm.dk\/index.php\/champions-league\/","url_meta":{"origin":381,"position":4},"title":"Champions League","author":"Jan Heitmann","date":"12. december 2019","format":false,"excerpt":"Champions League \u2013 Europacuppen for mesterhold??? I g\u00e5r aftes blev sidste runde i gruppespillet til dette \u00e5rs Champions League afviklet.Sammen med mange andre, sad jeg klistret til sk\u00e6rmen, som vidne til dette storsl\u00e5ede show. I lighed med foreg\u00e5ende \u00e5r, er Viasat g\u00e5et all- in i formidlingen af den st\u00f8rste, \u00e5rligt\u2026","rel":"","context":"With 5 comments","block_context":{"text":"With 5 comments","link":"https:\/\/grimm.dk\/index.php\/champions-league\/#comments"},"img":{"alt_text":"","src":"","width":0,"height":0},"classes":[]},{"id":683,"url":"https:\/\/grimm.dk\/index.php\/styrk-hjernen-med-tanker\/","url_meta":{"origin":381,"position":5},"title":"Styrk hjernen med tanker","author":"admin","date":"21. februar 2020","format":false,"excerpt":"Hjernevask dig selv...Og styrk hjernen med nye tanker. Forord... Vi er skabt af de tanker, vi har gjort os gennem livet og som definerer hvordan vi har det. Bliv klogere p\u00e5 i dette skriv, hvordan din hjerne fungerer. Hvis du fx t\u00e6nker, at du er ked af det, bliver du\u2026","rel":"","context":"With 1 comment","block_context":{"text":"With 1 comment","link":"https:\/\/grimm.dk\/index.php\/styrk-hjernen-med-tanker\/#comments"},"img":{"alt_text":"","src":"","width":0,"height":0},"classes":[]}],"_links":{"self":[{"href":"https:\/\/grimm.dk\/index.php\/wp-json\/wp\/v2\/pages\/381","targetHints":{"allow":["GET"]}}],"collection":[{"href":"https:\/\/grimm.dk\/index.php\/wp-json\/wp\/v2\/pages"}],"about":[{"href":"https:\/\/grimm.dk\/index.php\/wp-json\/wp\/v2\/types\/page"}],"author":[{"embeddable":true,"href":"https:\/\/grimm.dk\/index.php\/wp-json\/wp\/v2\/users\/1"}],"replies":[{"embeddable":true,"href":"https:\/\/grimm.dk\/index.php\/wp-json\/wp\/v2\/comments?post=381"}],"version-history":[{"count":7,"href":"https:\/\/grimm.dk\/index.php\/wp-json\/wp\/v2\/pages\/381\/revisions"}],"predecessor-version":[{"id":547,"href":"https:\/\/grimm.dk\/index.php\/wp-json\/wp\/v2\/pages\/381\/revisions\/547"}],"wp:attachment":[{"href":"https:\/\/grimm.dk\/index.php\/wp-json\/wp\/v2\/media?parent=381"}],"curies":[{"name":"wp","href":"https:\/\/api.w.org\/{rel}","templated":true}]}}