{"id":322,"date":"2019-12-11T20:27:49","date_gmt":"2019-12-11T20:27:49","guid":{"rendered":"https:\/\/grimm.dk\/?page_id=322"},"modified":"2019-12-22T17:01:49","modified_gmt":"2019-12-22T17:01:49","slug":"arrivederci-ancelotti-2","status":"publish","type":"page","link":"https:\/\/grimm.dk\/index.php\/arrivederci-ancelotti-2\/","title":{"rendered":"Arrivederci Ancelotti!"},"content":{"rendered":"\n<p class=\"wp-block-paragraph\">Hvis man l\u00e6ste mit&nbsp;blogindl\u00e6g, \u201dTr\u00e6nerkarussellen\u201d, mandag den 9. \ndecember, kom det ikke som nogen overraskelse, at&nbsp;Ancelotti&nbsp;blev \nfritstillet fra jobbet som cheftr\u00e6ner i Napoli FC, sent i g\u00e5r aftes; \ngodt et d\u00f8gn efter jeg skrev mit indl\u00e6g.&nbsp;<\/p>\n\n\n\n<p class=\"wp-block-paragraph\">Umiddelbart efter&nbsp;tirsdagens Champions League opg\u00f8r, p\u00e5 hjemmebane, \nmod&nbsp;Genk&nbsp;fra Belgien, var der berammet m\u00f8de mellem&nbsp;Ancelotti&nbsp;og \nklubpr\u00e6sident Aurelio De&nbsp;Laurentiis.&nbsp;If\u00f8lge&nbsp;Ancelotti&nbsp;var det planlagt \nat de to skulle dr\u00f8fte klubbens situation.&nbsp;<\/p>\n\n\n\n<p class=\"wp-block-paragraph\">Napoli ligger pt. Nummer 7. i Serie A, med 7 points op til\u00a0Cagliari,  som lige nu har den sidste plads der giver adgang til Champions League  n\u00e6ste \u00e5r.<br>I weekenden spillede man 1-1 p\u00e5 udebane mod\u00a0Udinese, og senest  i g\u00e5r aftes,\u00a0vandt man 4-0 over\u00a0Genk, og skaffede sig adgang til 1\/8  finalerne i Champions League,\u00a0i det nye \u00e5r.<br>Selvom det naturligvis er  skuffende at man bare indtager 7. pladsen i ligaen, er det en stor  bedrift af klubben,\u00a0at de klarer\u00a0sig videre til\u00a0knock-\u00a0out-\u00a0kampene i  Champions League.<br>Det fejrede man alts\u00e5\u00a0ved\u00a0at fyre  Carlo\u00a0Ancelotti\u00a0f\u00e5 timer efter kampen.<\/p>\n\n\n\n<p class=\"wp-block-paragraph\">Tillykke med det, Napoli!&nbsp;<\/p>\n\n\n\n<p class=\"wp-block-paragraph\">I kulissen st\u00e5r en anden gammel Milan dreng klar til at overtage tr\u00e6ners\u00e6det.<br>Gennaro\u00a0Gattuso! Hvis man kender ham, b\u00e5de som spiller og  som tr\u00e6ner, s\u00e5 kan jeg bare gentage: Tillykke Napoli!<\/p>\n\n\n\n<p class=\"wp-block-paragraph\">Hvis man l\u00e6ste \u201dTr\u00e6nerkarrusellen\u201d i mandags, ved man hvad det drejer  sig om. En pr\u00e6sident der vil straffe sine spillere for at  underpr\u00e6stere.<br>Et hold der n\u00e6gter at modtage straffen.<br>B\u00f8der der er  givet til spillerne, som spillerne n\u00e6gter at betale, og som nu er endt i  retten.<br>En tr\u00e6ner,\u00a0Ancelotti, der har taget spillernes parti.<\/p>\n\n\n\n<p class=\"wp-block-paragraph\">Det er det, og ikke resultaterne, der har kostet ham jobbet!<\/p>\n\n\n\n<p class=\"wp-block-paragraph\">Med\u00a0Gennaro\u00a0Gattuso\u00a0f\u00e5r De\u00a0Laurentiis\u00a0ikke den slags vanskeligheder. <br>Han vil tv\u00e6rt imod gnide sig i sine sm\u00e5,\u00a0fede h\u00e6nder hver gang\u00a0klubben  beslutter at straffe spillerne for ikke at pr\u00e6stere.<\/p>\n\n\n\n<p class=\"wp-block-paragraph\">Tillykke med&nbsp;Gattuso&nbsp;til spillerne i Napoli FC!<\/p>\n\n\n\n<p class=\"wp-block-paragraph\">M\u00e5ske skulle man bare have accepteret den\u00a0Ritiro\u00a0(tr\u00e6ningslejr red.)  som de blev beordret for en m\u00e5ned siden\u2026\u00a0Hvis man kender Italiensk  fodbold, er det alts\u00e5 ikke s\u00e5 us\u00e6dvanligt at der beordres\u00a0Ritiro, n\u00e5r et  hold underpr\u00e6sterer.<br>Men jeg har ALDRIG h\u00f8rt om et hold der n\u00e6gter at  tage af sted.<\/p>\n\n\n\n<p class=\"wp-block-paragraph\">P\u00e5 den baggrund var jeg meget forundret over, i g\u00e5r&nbsp;i Champions \nLeague studiet, at h\u00f8re de to herrer, Preben Elkj\u00e6r og Michael Laudrup, \nsom jo ellers er velbevandrede ud i Italiens fodbold, udelukkende give \npr\u00e6sident De&nbsp;Laurentiis&nbsp;skylden for klubbens situation.<\/p>\n\n\n\n<p class=\"wp-block-paragraph\">Undskyld mig,\u00a0d\u00b4herer\u00a0Elkj\u00e6r og Laudrup.<br>Er I stadig med i spillernes fagforening?<\/p>\n\n\n\n<p class=\"wp-block-paragraph\">De\u00a0Laurentiis\u00a0er spillernes og tr\u00e6nernes arbejdsgiver, og n\u00e5r han  beordrer dem i tr\u00e6ningslejr, s\u00e5 tager man bare afsted.<br>Det er jo ikke  s\u00e5dan at de g\u00e5r rundt p\u00e5 mindstel\u00f8nnen, vel?\u00a0<\/p>\n\n\n\n<p class=\"wp-block-paragraph\">Fodbold p\u00e5 Europ\u00e6isk topniveau, eller elitesport i det hele taget, er  topstyret ud i det ekstreme.<br>Det betyder at man g\u00f8r hvad der bliver  sagt. Elitesport, og professionelle fodboldhold kan simpelthen ikke  fungere, hvis alle beslutninger f\u00f8rst skal igennem en demokratisk  proces.<\/p>\n\n\n\n<p class=\"wp-block-paragraph\">I \u00f8vrigt er der,\u00a0som tidligere n\u00e6vnt,\u00a0ikke noget underligt i,\u00a0at en  Italiensk pr\u00e6sident for en fodboldklub,\u00a0beordrer sit hold i\u00a0Ritiro.<br>Men  det er yderst us\u00e6dvanligt at et hold n\u00e6gter at tage imod straffen. <br>Faktisk har jeg aldrig h\u00f8rt om det f\u00f8r.<br>Det eneste sanktionsmiddel  arbejdsgiveren (l\u00e6s pr\u00e6sidenten) har, er at uddele b\u00f8der til spillerne  for arbejdsv\u00e6gring. Det har han gjort!<\/p>\n\n\n\n<p class=\"wp-block-paragraph\">Imidlertid n\u00e6gter spillerne at betale b\u00f8derne, og f\u00e5r lige nu afpr\u00f8vet deres sag i det Italienske retssystem.<\/p>\n\n\n\n<p class=\"wp-block-paragraph\">Tilbage til Michael og Preben\u2026 Det er spillerne, og udelukkende \nspillerne, der er ansvarlige for uroen i Napoli FC!!! \nCarlo&nbsp;Ancelotti&nbsp;blev fyret fordi han tog deres parti i denne sag, \nsikkert fordi han havde en anden filosofi i forhold til hvordan man \nskulle vende resultaterne i klubben, men ikke desto mindre kostede det \nham jobbet.<\/p>\n\n\n\n<p class=\"wp-block-paragraph\">Ancelotti&nbsp;er, som jeg skrev i \u201dTr\u00e6nerkarussellen\u201d en h\u00f8jt respekteret  tr\u00e6ner i Europ\u00e6isk fodbold, med et bem\u00e6rkelsesv\u00e6rdigt CV, s\u00e5 jeg t\u00e6nker  ikke han f\u00e5r lov til at g\u00e5 ledig s\u00e6rligt l\u00e6nge\u2026<br><br><strong>A<\/strong><b>rrivederci&nbsp;Napoli,&nbsp;bienvenutti&nbsp;Arsenal!<\/b><\/p>\n\n\n\n<p class=\"wp-block-paragraph\">\/Jan<br>11.12.2019<\/p>\n","protected":false},"excerpt":{"rendered":"<p>Hvis man l\u00e6ste mit&nbsp;blogindl\u00e6g, \u201dTr\u00e6nerkarussellen\u201d, mandag den 9. december, kom det ikke som nogen overraskelse, at&nbsp;Ancelotti&nbsp;blev fritstillet fra jobbet som cheftr\u00e6ner i Napoli FC, sent i g\u00e5r aftes; godt et d\u00f8gn efter jeg skrev mit indl\u00e6g.&nbsp; Umiddelbart efter&nbsp;tirsdagens Champions League opg\u00f8r, p\u00e5 hjemmebane, mod&nbsp;Genk&nbsp;fra Belgien, var der berammet m\u00f8de mellem&nbsp;Ancelotti&nbsp;og klubpr\u00e6sident Aurelio De&nbsp;Laurentiis.&nbsp;If\u00f8lge&nbsp;Ancelotti&nbsp;var det planlagt &hellip; <\/p>\n<p class=\"link-more\"><a href=\"https:\/\/grimm.dk\/index.php\/arrivederci-ancelotti-2\/\" class=\"more-link\">L\u00e6s videre<span class=\"screen-reader-text\"> &#8220;Arrivederci Ancelotti!&#8221;<\/span><\/a><\/p>\n","protected":false},"author":2,"featured_media":0,"parent":0,"menu_order":0,"comment_status":"open","ping_status":"closed","template":"","meta":{"om_disable_all_campaigns":false,"two_page_speed":[],"footnotes":""},"class_list":["post-322","page","type-page","status-publish","hentry"],"yoast_head":"<!-- This site is optimized with the Yoast SEO plugin v28.4 - https:\/\/yoast.com\/product\/yoast-seo-wordpress\/ -->\n<title>Arrivederci Ancelotti! &#8902;<\/title>\n<meta name=\"robots\" content=\"index, follow, max-snippet:-1, max-image-preview:large, max-video-preview:-1\" \/>\n<link rel=\"canonical\" href=\"https:\/\/grimm.dk\/index.php\/arrivederci-ancelotti-2\/\" \/>\n<meta property=\"og:locale\" content=\"da_DK\" \/>\n<meta property=\"og:type\" content=\"article\" \/>\n<meta property=\"og:title\" content=\"Arrivederci Ancelotti! &#8902;\" \/>\n<meta property=\"og:description\" content=\"Hvis man l\u00e6ste mit&nbsp;blogindl\u00e6g, \u201dTr\u00e6nerkarussellen\u201d, mandag den 9. december, kom det ikke som nogen overraskelse, at&nbsp;Ancelotti&nbsp;blev fritstillet fra jobbet som cheftr\u00e6ner i Napoli FC, sent i g\u00e5r aftes; godt et d\u00f8gn efter jeg skrev mit indl\u00e6g.&nbsp; Umiddelbart efter&nbsp;tirsdagens Champions League opg\u00f8r, p\u00e5 hjemmebane, mod&nbsp;Genk&nbsp;fra Belgien, var der berammet m\u00f8de mellem&nbsp;Ancelotti&nbsp;og klubpr\u00e6sident Aurelio De&nbsp;Laurentiis.&nbsp;If\u00f8lge&nbsp;Ancelotti&nbsp;var det planlagt &hellip; L\u00e6s videre &quot;Arrivederci Ancelotti!&quot;\" \/>\n<meta property=\"og:url\" content=\"https:\/\/grimm.dk\/index.php\/arrivederci-ancelotti-2\/\" \/>\n<meta property=\"article:modified_time\" content=\"2019-12-22T17:01:49+00:00\" \/>\n<meta name=\"twitter:card\" content=\"summary_large_image\" \/>\n<meta name=\"twitter:site\" content=\"@And12Mik\" \/>\n<meta name=\"twitter:label1\" content=\"Estimeret l\u00e6setid\" \/>\n\t<meta name=\"twitter:data1\" content=\"4 minutter\" \/>\n<script type=\"application\/ld+json\" class=\"yoast-schema-graph\">{\"@context\":\"https:\\\/\\\/schema.org\",\"@graph\":[{\"@type\":\"WebPage\",\"@id\":\"https:\\\/\\\/grimm.dk\\\/index.php\\\/arrivederci-ancelotti-2\\\/\",\"url\":\"https:\\\/\\\/grimm.dk\\\/index.php\\\/arrivederci-ancelotti-2\\\/\",\"name\":\"Arrivederci Ancelotti! &#8902;\",\"isPartOf\":{\"@id\":\"https:\\\/\\\/grimm.dk\\\/#website\"},\"datePublished\":\"2019-12-11T20:27:49+00:00\",\"dateModified\":\"2019-12-22T17:01:49+00:00\",\"breadcrumb\":{\"@id\":\"https:\\\/\\\/grimm.dk\\\/index.php\\\/arrivederci-ancelotti-2\\\/#breadcrumb\"},\"inLanguage\":\"da-DK\",\"potentialAction\":[{\"@type\":\"ReadAction\",\"target\":[\"https:\\\/\\\/grimm.dk\\\/index.php\\\/arrivederci-ancelotti-2\\\/\"]}]},{\"@type\":\"BreadcrumbList\",\"@id\":\"https:\\\/\\\/grimm.dk\\\/index.php\\\/arrivederci-ancelotti-2\\\/#breadcrumb\",\"itemListElement\":[{\"@type\":\"ListItem\",\"position\":1,\"name\":\"Home\",\"item\":\"https:\\\/\\\/grimm.dk\\\/\"},{\"@type\":\"ListItem\",\"position\":2,\"name\":\"Arrivederci Ancelotti!\"}]},{\"@type\":\"WebSite\",\"@id\":\"https:\\\/\\\/grimm.dk\\\/#website\",\"url\":\"https:\\\/\\\/grimm.dk\\\/\",\"name\":\"grimm.dk\",\"description\":\"Anette skriver om stort &amp; sm\u00e5t * Jan om sport\",\"publisher\":{\"@id\":\"https:\\\/\\\/grimm.dk\\\/#\\\/schema\\\/person\\\/2372767d79b78a0a4727672646a93605\"},\"potentialAction\":[{\"@type\":\"SearchAction\",\"target\":{\"@type\":\"EntryPoint\",\"urlTemplate\":\"https:\\\/\\\/grimm.dk\\\/?s={search_term_string}\"},\"query-input\":{\"@type\":\"PropertyValueSpecification\",\"valueRequired\":true,\"valueName\":\"search_term_string\"}}],\"inLanguage\":\"da-DK\"},{\"@type\":[\"Person\",\"Organization\"],\"@id\":\"https:\\\/\\\/grimm.dk\\\/#\\\/schema\\\/person\\\/2372767d79b78a0a4727672646a93605\",\"name\":\"admin\",\"image\":{\"@type\":\"ImageObject\",\"inLanguage\":\"da-DK\",\"@id\":\"https:\\\/\\\/i0.wp.com\\\/grimm.dk\\\/wp-content\\\/uploads\\\/2019\\\/12\\\/img_3582.jpg?fit=711%2C713&ssl=1\",\"url\":\"https:\\\/\\\/i0.wp.com\\\/grimm.dk\\\/wp-content\\\/uploads\\\/2019\\\/12\\\/img_3582.jpg?fit=711%2C713&ssl=1\",\"contentUrl\":\"https:\\\/\\\/i0.wp.com\\\/grimm.dk\\\/wp-content\\\/uploads\\\/2019\\\/12\\\/img_3582.jpg?fit=711%2C713&ssl=1\",\"width\":711,\"height\":713,\"caption\":\"admin\"},\"logo\":{\"@id\":\"https:\\\/\\\/i0.wp.com\\\/grimm.dk\\\/wp-content\\\/uploads\\\/2019\\\/12\\\/img_3582.jpg?fit=711%2C713&ssl=1\"},\"sameAs\":[\"https:\\\/\\\/grimm.dk\",\"https:\\\/\\\/www.instagram.com\\\/_andtomik\\\/\",\"https:\\\/\\\/x.com\\\/And12Mik\"]}]}<\/script>\n<!-- \/ Yoast SEO plugin. -->","yoast_head_json":{"title":"Arrivederci Ancelotti! &#8902;","robots":{"index":"index","follow":"follow","max-snippet":"max-snippet:-1","max-image-preview":"max-image-preview:large","max-video-preview":"max-video-preview:-1"},"canonical":"https:\/\/grimm.dk\/index.php\/arrivederci-ancelotti-2\/","og_locale":"da_DK","og_type":"article","og_title":"Arrivederci Ancelotti! &#8902;","og_description":"Hvis man l\u00e6ste mit&nbsp;blogindl\u00e6g, \u201dTr\u00e6nerkarussellen\u201d, mandag den 9. december, kom det ikke som nogen overraskelse, at&nbsp;Ancelotti&nbsp;blev fritstillet fra jobbet som cheftr\u00e6ner i Napoli FC, sent i g\u00e5r aftes; godt et d\u00f8gn efter jeg skrev mit indl\u00e6g.&nbsp; Umiddelbart efter&nbsp;tirsdagens Champions League opg\u00f8r, p\u00e5 hjemmebane, mod&nbsp;Genk&nbsp;fra Belgien, var der berammet m\u00f8de mellem&nbsp;Ancelotti&nbsp;og klubpr\u00e6sident Aurelio De&nbsp;Laurentiis.&nbsp;If\u00f8lge&nbsp;Ancelotti&nbsp;var det planlagt &hellip; L\u00e6s videre \"Arrivederci Ancelotti!\"","og_url":"https:\/\/grimm.dk\/index.php\/arrivederci-ancelotti-2\/","article_modified_time":"2019-12-22T17:01:49+00:00","twitter_card":"summary_large_image","twitter_site":"@And12Mik","twitter_misc":{"Estimeret l\u00e6setid":"4 minutter"},"schema":{"@context":"https:\/\/schema.org","@graph":[{"@type":"WebPage","@id":"https:\/\/grimm.dk\/index.php\/arrivederci-ancelotti-2\/","url":"https:\/\/grimm.dk\/index.php\/arrivederci-ancelotti-2\/","name":"Arrivederci Ancelotti! &#8902;","isPartOf":{"@id":"https:\/\/grimm.dk\/#website"},"datePublished":"2019-12-11T20:27:49+00:00","dateModified":"2019-12-22T17:01:49+00:00","breadcrumb":{"@id":"https:\/\/grimm.dk\/index.php\/arrivederci-ancelotti-2\/#breadcrumb"},"inLanguage":"da-DK","potentialAction":[{"@type":"ReadAction","target":["https:\/\/grimm.dk\/index.php\/arrivederci-ancelotti-2\/"]}]},{"@type":"BreadcrumbList","@id":"https:\/\/grimm.dk\/index.php\/arrivederci-ancelotti-2\/#breadcrumb","itemListElement":[{"@type":"ListItem","position":1,"name":"Home","item":"https:\/\/grimm.dk\/"},{"@type":"ListItem","position":2,"name":"Arrivederci Ancelotti!"}]},{"@type":"WebSite","@id":"https:\/\/grimm.dk\/#website","url":"https:\/\/grimm.dk\/","name":"grimm.dk","description":"Anette skriver om stort &amp; sm\u00e5t * Jan om sport","publisher":{"@id":"https:\/\/grimm.dk\/#\/schema\/person\/2372767d79b78a0a4727672646a93605"},"potentialAction":[{"@type":"SearchAction","target":{"@type":"EntryPoint","urlTemplate":"https:\/\/grimm.dk\/?s={search_term_string}"},"query-input":{"@type":"PropertyValueSpecification","valueRequired":true,"valueName":"search_term_string"}}],"inLanguage":"da-DK"},{"@type":["Person","Organization"],"@id":"https:\/\/grimm.dk\/#\/schema\/person\/2372767d79b78a0a4727672646a93605","name":"admin","image":{"@type":"ImageObject","inLanguage":"da-DK","@id":"https:\/\/i0.wp.com\/grimm.dk\/wp-content\/uploads\/2019\/12\/img_3582.jpg?fit=711%2C713&ssl=1","url":"https:\/\/i0.wp.com\/grimm.dk\/wp-content\/uploads\/2019\/12\/img_3582.jpg?fit=711%2C713&ssl=1","contentUrl":"https:\/\/i0.wp.com\/grimm.dk\/wp-content\/uploads\/2019\/12\/img_3582.jpg?fit=711%2C713&ssl=1","width":711,"height":713,"caption":"admin"},"logo":{"@id":"https:\/\/i0.wp.com\/grimm.dk\/wp-content\/uploads\/2019\/12\/img_3582.jpg?fit=711%2C713&ssl=1"},"sameAs":["https:\/\/grimm.dk","https:\/\/www.instagram.com\/_andtomik\/","https:\/\/x.com\/And12Mik"]}]}},"jetpack_shortlink":"https:\/\/wp.me\/PbtqXC-5c","jetpack_sharing_enabled":true,"jetpack-related-posts":[{"id":349,"url":"https:\/\/grimm.dk\/index.php\/champions-league\/","url_meta":{"origin":322,"position":0},"title":"Champions League","author":"Jan Heitmann","date":"12. december 2019","format":false,"excerpt":"Champions League \u2013 Europacuppen for mesterhold??? I g\u00e5r aftes blev sidste runde i gruppespillet til dette \u00e5rs Champions League afviklet.Sammen med mange andre, sad jeg klistret til sk\u00e6rmen, som vidne til dette storsl\u00e5ede show. I lighed med foreg\u00e5ende \u00e5r, er Viasat g\u00e5et all- in i formidlingen af den st\u00f8rste, \u00e5rligt\u2026","rel":"","context":"With 5 comments","block_context":{"text":"With 5 comments","link":"https:\/\/grimm.dk\/index.php\/champions-league\/#comments"},"img":{"alt_text":"","src":"","width":0,"height":0},"classes":[]},{"id":609,"url":"https:\/\/grimm.dk\/index.php\/premier-league-champions-2018-19\/","url_meta":{"origin":322,"position":1},"title":"Premier League Champions 2018\/19","author":"Jan Heitmann","date":"9. januar 2020","format":false,"excerpt":"Manchester City I 2018\/19 s\u00e6sonen vandt Manchester City alle turneringer i England, en s\u00e5kaldt \u201dDomestic Treble\u201d Det vil sige Mesterskab, Liga cup, og FA Cup.Ud over denne fantastiske pr\u00e6station, startede klubben med at hjemtage Community Shield; kampen mellem sidste \u00e5rs mestre og FA Cup vindere. Det er f\u00f8rste gang nogensinde\u2026","rel":"","context":"With 2 comments","block_context":{"text":"With 2 comments","link":"https:\/\/grimm.dk\/index.php\/premier-league-champions-2018-19\/#comments"},"img":{"alt_text":"","src":"","width":0,"height":0},"classes":[]},{"id":570,"url":"https:\/\/grimm.dk\/index.php\/premier-league-champions-2015-16\/","url_meta":{"origin":322,"position":2},"title":"Premier League Champions 2015\/16","author":"Jan Heitmann","date":"6. januar 2020","format":false,"excerpt":"Leicester City 2015\/16 s\u00e6sonen var den 24. s\u00e6son i Premier League, siden den blev etableret i 1992. Og hvilken s\u00e6son!!! Leicester City vandt titlen for f\u00f8rste gang i klubbens 132. \u00e5rige historie, og blev den 24. mester i hele den engelske fodboldligas historie, og den 6. klub i Premier League.\u2026","rel":"","context":"Similar post","block_context":{"text":"Similar post","link":""},"img":{"alt_text":"","src":"","width":0,"height":0},"classes":[]},{"id":505,"url":"https:\/\/grimm.dk\/index.php\/manchester-united-premier-league-champions-2010-11\/","url_meta":{"origin":322,"position":3},"title":"Premier League Champions 2010\/11","author":"Jan Heitmann","date":"1. januar 2020","format":false,"excerpt":"Manchester United Det forrige \u00e5rti startede midt i en Manchester United domineret periode. Chelsea var godt nok forsvarende mestre, men de foreg\u00e5ende \u00e5r havde budt p\u00e5 tre mesterskaber i tr\u00e6k til de r\u00f8de dj\u00e6vle fra Manchester\u2026 Og i 2010\/11 s\u00e6sonen hjemf\u00f8rte klubben alts\u00e5 sit 19. mesterskab i alt og sit\u2026","rel":"","context":"Similar post","block_context":{"text":"Similar post","link":""},"img":{"alt_text":"","src":"","width":0,"height":0},"classes":[]},{"id":536,"url":"https:\/\/grimm.dk\/index.php\/premier-league-champions-2012-13\/","url_meta":{"origin":322,"position":4},"title":"Premier League Champions 2012\/13","author":"Jan Heitmann","date":"3. januar 2020","format":false,"excerpt":"Manchester United Efter, \u00e5ret f\u00f8r, at have mistet titlen i det 96. min til bysb\u00f8rnene fra Manchester City, var Manchester United tilbage p\u00e5 tronen i Premier League i 2012-13 s\u00e6sonen. Af forskellige \u00e5rsager blev det en bem\u00e6rkelsesv\u00e6rdig s\u00e6son for Manchester United, og for alle der f\u00f8lger dem. De vandt Premier\u2026","rel":"","context":"Similar post","block_context":{"text":"Similar post","link":""},"img":{"alt_text":"","src":"","width":0,"height":0},"classes":[]},{"id":548,"url":"https:\/\/grimm.dk\/index.php\/premier-league-champions-2013-14\/","url_meta":{"origin":322,"position":5},"title":"Premier League Champions 2013\/14","author":"Jan Heitmann","date":"4. januar 2020","format":false,"excerpt":"Manchester City Mange mener at s\u00e6sonen 2013-14, er den bedste s\u00e6son nogensinde i Premier League. En ting er helt sikkert, det var den mest underholdende og uforudsigelige s\u00e6son jeg kan huske; fuld af vinkler og kanter, og med masser af m\u00e5l. I februar udtalte Chelsea tr\u00e6ner, Jose Mourinho, at titelkampen\u2026","rel":"","context":"With 1 comment","block_context":{"text":"With 1 comment","link":"https:\/\/grimm.dk\/index.php\/premier-league-champions-2013-14\/#comments"},"img":{"alt_text":"","src":"","width":0,"height":0},"classes":[]}],"_links":{"self":[{"href":"https:\/\/grimm.dk\/index.php\/wp-json\/wp\/v2\/pages\/322","targetHints":{"allow":["GET"]}}],"collection":[{"href":"https:\/\/grimm.dk\/index.php\/wp-json\/wp\/v2\/pages"}],"about":[{"href":"https:\/\/grimm.dk\/index.php\/wp-json\/wp\/v2\/types\/page"}],"author":[{"embeddable":true,"href":"https:\/\/grimm.dk\/index.php\/wp-json\/wp\/v2\/users\/2"}],"replies":[{"embeddable":true,"href":"https:\/\/grimm.dk\/index.php\/wp-json\/wp\/v2\/comments?post=322"}],"version-history":[{"count":5,"href":"https:\/\/grimm.dk\/index.php\/wp-json\/wp\/v2\/pages\/322\/revisions"}],"predecessor-version":[{"id":466,"href":"https:\/\/grimm.dk\/index.php\/wp-json\/wp\/v2\/pages\/322\/revisions\/466"}],"wp:attachment":[{"href":"https:\/\/grimm.dk\/index.php\/wp-json\/wp\/v2\/media?parent=322"}],"curies":[{"name":"wp","href":"https:\/\/api.w.org\/{rel}","templated":true}]}}