{"id":296,"date":"2019-12-11T00:22:02","date_gmt":"2019-12-11T00:22:02","guid":{"rendered":"https:\/\/grimm.dk\/?page_id=296"},"modified":"2019-12-11T00:22:53","modified_gmt":"2019-12-11T00:22:53","slug":"privatliv","status":"publish","type":"page","link":"https:\/\/grimm.dk\/index.php\/privatliv\/","title":{"rendered":"Privatliv"},"content":{"rendered":"\n<p class=\"wp-block-paragraph\"><strong>Hvem er vi<\/strong><\/p>\n\n\n\n<p class=\"wp-block-paragraph\">Anette Grimm &amp; Jan Heitmann<\/p>\n\n\n\n<p class=\"wp-block-paragraph\">Vores webstedsadresse er: <a href=\"https:\/\/grimm.dk\">https:\/\/grimm.dk<\/a>.<\/p>\n\n\n\n<p class=\"wp-block-paragraph\"><strong>Hvilke personlige data vi indsamler og hvorfor vi indsamler det<\/strong><\/p>\n\n\n\n<p class=\"wp-block-paragraph\">Der indsamles personlige data fra brugere og bes\u00f8gende p\u00e5 webstedet, s\u00e5som navn, e-mailadresse ved tilmelding til at f\u00f8lge nye opl\u00e6g p\u00e5 website og p\u00e5 kommentarer.<\/p>\n\n\n\n<p class=\"wp-block-paragraph\">Som standard indsamler WordPress ikke personlige data om bes\u00f8gende.<\/p>\n\n\n\n<p class=\"wp-block-paragraph\"><strong>Kommentarer<\/strong><\/p>\n\n\n\n<p class=\"wp-block-paragraph\">N\u00e5r bes\u00f8gende skriver kommentarer p\u00e5 webstedet, indsamler vi de data, som vises i kommentarformularen, og ogs\u00e5 den bes\u00f8gendes IP-adresse og browserens user agent string for at hj\u00e6lpe med at opdage spam.<\/p>\n\n\n\n<p class=\"wp-block-paragraph\">En anonymiseret streng som er oprettet ud fra din e-mailadresse (ogs\u00e5 kaldet et hash), kan leveres til Gravatar tjenesten for at se om du bruger denne. Gravatar tjenestens privatlivspolitik er tilg\u00e6ngelig her: <a href=\"https:\/\/automattic.com\/privacy\/\">https:\/\/automattic.com\/privacy\/<\/a>.<\/p>\n\n\n\n<p class=\"wp-block-paragraph\">Efter godkendelse af din kommentar, vil dit profilbillede v\u00e6re synligt for offentligheden sammen med din kommentar.<\/p>\n\n\n\n<p class=\"wp-block-paragraph\"><strong>Kontaktformularer<\/strong><\/p>\n\n\n\n<p class=\"wp-block-paragraph\">Hvis du skriver en kommentar p\u00e5 vores websted, kan du v\u00e6lge at gemme dit navn, e-mailadresse og websted i cookies.<\/p>\n\n\n\n<p class=\"wp-block-paragraph\">Disse er til din bekvemmeligehed, s\u00e5 du ikke skal udfylde dine oplysninger igen, n\u00e5r du skriver endnu en kommentar.<\/p>\n\n\n\n<p class=\"wp-block-paragraph\">Disse cookies vil holde i et \u00e5r.<\/p>\n\n\n\n<p class=\"wp-block-paragraph\">Hvis du bes\u00f8ger vores loginside, opretter vi en midlertidig cookie for at afg\u00f8re om din browser accepterer cookies.<\/p>\n\n\n\n<p class=\"wp-block-paragraph\">Denne cookie indeholder ingen personlige data og slettes, n\u00e5r du lukker din browser.<\/p>\n\n\n\n<p class=\"wp-block-paragraph\">N\u00e5r du logger ind, vil vi ops\u00e6tte en r\u00e6kke cookies og gemme din logininformation og dine valg af sk\u00e6rmvisning. Login cookies holder i to dage, og sk\u00e6rmvalg cookies holder i et \u00e5r.<\/p>\n\n\n\n<p class=\"wp-block-paragraph\">Hvis du v\u00e6lger &#8220;Husk mig&#8221;, vil dit login holde i to uger.<\/p>\n\n\n\n<p class=\"wp-block-paragraph\">Hvis du logger ud af din konto, vil login cookierne forsvinde.<\/p>\n\n\n\n<p class=\"wp-block-paragraph\">Hvis du redigerer eller udgiver en artikel, vil en yderligere cookie blive gemt i din browser.<\/p>\n\n\n\n<p class=\"wp-block-paragraph\">Denne cookie indeholder ikke nogle personlige data og opgiver simpelthen indl\u00e6gsID p\u00e5 den artikel, du lige har redigeret.<\/p>\n\n\n\n<p class=\"wp-block-paragraph\">Den udl\u00f8ber efter 1 dag.<\/p>\n\n\n\n<p class=\"wp-block-paragraph\"><strong>Cookies<\/strong><\/p>\n\n\n\n<p class=\"wp-block-paragraph\">Artikler p\u00e5 dette websted kan indeholde indlejret indhold (f.eks. videoer, billeder, artikler osv.). Indlejret indhold fra andre websteder opf\u00f8rer sig p\u00e5 n\u00f8jagtig samme m\u00e5de, som hvis den bes\u00f8gende har bes\u00f8gt det andet websted.<\/p>\n\n\n\n<p class=\"wp-block-paragraph\">Disse websteder indsamler m\u00e5ske data om dig, bruger cookies, indlejrer ekstra tredjeparts sporing, og overv\u00e5ger din interaktion med dette indlejrede indhold, heriblandt at spore din interaktion med indlejret indhold, hvis du har en konto og en logget ind p\u00e5 det websted<em>.<\/em><\/p>\n\n\n\n<p class=\"wp-block-paragraph\"><strong>Analytics<\/strong><\/p>\n\n\n\n<p class=\"wp-block-paragraph\">Vi anvender SEO<\/p>\n\n\n\n<p class=\"wp-block-paragraph\"><strong>Hvem vi deler dine data med<\/strong><\/p>\n\n\n\n<p class=\"wp-block-paragraph\">Vores websted deler ikke data med andre partnere, skybaserede tjenester, betalingstjenester, og tredjeparts tjenesteudbydere.<\/p>\n\n\n\n<p class=\"wp-block-paragraph\"><strong>Hvor l\u00e6nge vi gemmer dine data<\/strong><\/p>\n\n\n\n<p class=\"wp-block-paragraph\">Vi beholder personlige data, der er indsamlet eller behandlet p\u00e5 webstedet vedr\u00f8rende indtastninger i kontaktformularer i seks m\u00e5neder, analytics-arkiver i et \u00e5r, og kundek\u00f8bsarkiver i ti \u00e5r.<\/p>\n\n\n\n<p class=\"wp-block-paragraph\">Hvis du skriver en kommentar, s\u00e5 bliver kommentarer og dens metadata bevaret p\u00e5 ubestemt tid. Dette er s\u00e5 vi kan genkende og godkende enhver opf\u00f8lgende kommentar automatisk i stedet for at have dem i en moderationsk\u00f8.<\/p>\n\n\n\n<p class=\"wp-block-paragraph\">For brugere som opretter sig p\u00e5 vores websted (om nogen), gemmer vi ogs\u00e5 den personlige information de giver til deres brugerprofil. Alle brugere kan se, redigere, eller slette deres personlige information til enhver tid (med den undtagelse at de ikke kan \u00e6ndre deres brugernavn). Webstedets administratorer kan ogs\u00e5 se og redigere den information.<\/p>\n\n\n\n<p class=\"wp-block-paragraph\"><strong>Hvilke rettigheder har du over dine data<\/strong><\/p>\n\n\n\n<p class=\"wp-block-paragraph\">Hvis du har en konto p\u00e5 dette websted, eller har skrevet kommentarer, kan du bede om en eksporteret fil med de personlige data vi har liggende om dig, heriblandt alt data, du har givet os. Du kan ogs\u00e5 bede om, at vi sletter alle personlige data, vi har om dig. Dette indbefatter ikke nogen form for data, som vi er forpligtede til at gemme af administrative, lovm\u00e6ssige eller sikkerhedsm\u00e6ssige grunde.<\/p>\n\n\n\n<p class=\"wp-block-paragraph\"><strong>Hvor vi sender dine data<\/strong><\/p>\n\n\n\n<p class=\"wp-block-paragraph\">Bes\u00f8gendes kommentarer kan muligvis blive kontrolleret af en automatisk spam-genkendelse tjeneste.<\/p>\n\n\n\n<p class=\"wp-block-paragraph\"><strong>Din kontaktinformation<\/strong><\/p>\n\n\n\n<p class=\"wp-block-paragraph\">Vedr\u00f8rende privatlivsspecifikke bekymringer kontakt venligst <a href=\"mailto:and12mik@gmail.com\">and12mik@gmail.com<\/a><\/p>\n\n\n\n<p class=\"wp-block-paragraph\"><strong>Hvordan vi beskytter dine data<\/strong><\/p>\n\n\n\n<p class=\"wp-block-paragraph\">Af tekniske tiltag kan n\u00e6vnes kryptering, sikkerhedsprocedurer s\u00e5som to-faktor godkendelse.<\/p>\n\n\n\n<p class=\"wp-block-paragraph\"><strong>Hvilke databrudsprocedurer vi har p\u00e5 plads.<\/strong><\/p>\n\n\n\n<p class=\"wp-block-paragraph\">I forhold til h\u00e5ndteringen af databrud, enten potentielle eller reelle bruger vi interne rapporteringssystemer, kontaktmekanismer.<\/p>\n\n\n\n<p class=\"wp-block-paragraph\">Kontakt os hvis der findes fejl i systemet.<\/p>\n\n\n\n<p class=\"wp-block-paragraph\"><strong>Hvilke tredjeparter vi modtager data fra<\/strong><\/p>\n\n\n\n<p class=\"wp-block-paragraph\">Vi modtager ingen data.<\/p>\n\n\n\n<p class=\"wp-block-paragraph\"><strong>Opdateret 11.12.2019<\/strong><\/p>\n","protected":false},"excerpt":{"rendered":"<p>Hvem er vi Anette Grimm &amp; Jan Heitmann Vores webstedsadresse er: https:\/\/grimm.dk. Hvilke personlige data vi indsamler og hvorfor vi indsamler det Der indsamles personlige data fra brugere og bes\u00f8gende p\u00e5 webstedet, s\u00e5som navn, e-mailadresse ved tilmelding til at f\u00f8lge nye opl\u00e6g p\u00e5 website og p\u00e5 kommentarer. Som standard indsamler WordPress ikke personlige data om &hellip; <\/p>\n<p class=\"link-more\"><a href=\"https:\/\/grimm.dk\/index.php\/privatliv\/\" class=\"more-link\">L\u00e6s videre<span class=\"screen-reader-text\"> &#8220;Privatliv&#8221;<\/span><\/a><\/p>\n","protected":false},"author":1,"featured_media":0,"parent":0,"menu_order":0,"comment_status":"closed","ping_status":"closed","template":"","meta":{"om_disable_all_campaigns":false,"two_page_speed":[],"footnotes":""},"class_list":["post-296","page","type-page","status-publish","hentry"],"yoast_head":"<!-- This site is optimized with the Yoast SEO plugin v28.4 - https:\/\/yoast.com\/product\/yoast-seo-wordpress\/ -->\n<title>Privatliv &#8902;<\/title>\n<meta name=\"robots\" content=\"index, follow, max-snippet:-1, max-image-preview:large, max-video-preview:-1\" \/>\n<link rel=\"canonical\" href=\"https:\/\/grimm.dk\/index.php\/privatliv\/\" \/>\n<meta property=\"og:locale\" content=\"da_DK\" \/>\n<meta property=\"og:type\" content=\"article\" \/>\n<meta property=\"og:title\" content=\"Privatliv &#8902;\" \/>\n<meta property=\"og:description\" content=\"Hvem er vi Anette Grimm &amp; Jan Heitmann Vores webstedsadresse er: https:\/\/grimm.dk. Hvilke personlige data vi indsamler og hvorfor vi indsamler det Der indsamles personlige data fra brugere og bes\u00f8gende p\u00e5 webstedet, s\u00e5som navn, e-mailadresse ved tilmelding til at f\u00f8lge nye opl\u00e6g p\u00e5 website og p\u00e5 kommentarer. Som standard indsamler WordPress ikke personlige data om &hellip; L\u00e6s videre &quot;Privatliv&quot;\" \/>\n<meta property=\"og:url\" content=\"https:\/\/grimm.dk\/index.php\/privatliv\/\" \/>\n<meta property=\"article:modified_time\" content=\"2019-12-11T00:22:53+00:00\" \/>\n<meta name=\"twitter:card\" content=\"summary_large_image\" \/>\n<meta name=\"twitter:site\" content=\"@And12Mik\" \/>\n<meta name=\"twitter:label1\" content=\"Estimeret l\u00e6setid\" \/>\n\t<meta name=\"twitter:data1\" content=\"4 minutter\" \/>\n<script type=\"application\/ld+json\" class=\"yoast-schema-graph\">{\"@context\":\"https:\\\/\\\/schema.org\",\"@graph\":[{\"@type\":\"WebPage\",\"@id\":\"https:\\\/\\\/grimm.dk\\\/index.php\\\/privatliv\\\/\",\"url\":\"https:\\\/\\\/grimm.dk\\\/index.php\\\/privatliv\\\/\",\"name\":\"Privatliv &#8902;\",\"isPartOf\":{\"@id\":\"https:\\\/\\\/grimm.dk\\\/#website\"},\"datePublished\":\"2019-12-11T00:22:02+00:00\",\"dateModified\":\"2019-12-11T00:22:53+00:00\",\"breadcrumb\":{\"@id\":\"https:\\\/\\\/grimm.dk\\\/index.php\\\/privatliv\\\/#breadcrumb\"},\"inLanguage\":\"da-DK\",\"potentialAction\":[{\"@type\":\"ReadAction\",\"target\":[\"https:\\\/\\\/grimm.dk\\\/index.php\\\/privatliv\\\/\"]}]},{\"@type\":\"BreadcrumbList\",\"@id\":\"https:\\\/\\\/grimm.dk\\\/index.php\\\/privatliv\\\/#breadcrumb\",\"itemListElement\":[{\"@type\":\"ListItem\",\"position\":1,\"name\":\"Home\",\"item\":\"https:\\\/\\\/grimm.dk\\\/\"},{\"@type\":\"ListItem\",\"position\":2,\"name\":\"Privatliv\"}]},{\"@type\":\"WebSite\",\"@id\":\"https:\\\/\\\/grimm.dk\\\/#website\",\"url\":\"https:\\\/\\\/grimm.dk\\\/\",\"name\":\"grimm.dk\",\"description\":\"Anette skriver om stort &amp; sm\u00e5t * Jan om sport\",\"publisher\":{\"@id\":\"https:\\\/\\\/grimm.dk\\\/#\\\/schema\\\/person\\\/2372767d79b78a0a4727672646a93605\"},\"potentialAction\":[{\"@type\":\"SearchAction\",\"target\":{\"@type\":\"EntryPoint\",\"urlTemplate\":\"https:\\\/\\\/grimm.dk\\\/?s={search_term_string}\"},\"query-input\":{\"@type\":\"PropertyValueSpecification\",\"valueRequired\":true,\"valueName\":\"search_term_string\"}}],\"inLanguage\":\"da-DK\"},{\"@type\":[\"Person\",\"Organization\"],\"@id\":\"https:\\\/\\\/grimm.dk\\\/#\\\/schema\\\/person\\\/2372767d79b78a0a4727672646a93605\",\"name\":\"admin\",\"image\":{\"@type\":\"ImageObject\",\"inLanguage\":\"da-DK\",\"@id\":\"https:\\\/\\\/i0.wp.com\\\/grimm.dk\\\/wp-content\\\/uploads\\\/2019\\\/12\\\/img_3582.jpg?fit=711%2C713&ssl=1\",\"url\":\"https:\\\/\\\/i0.wp.com\\\/grimm.dk\\\/wp-content\\\/uploads\\\/2019\\\/12\\\/img_3582.jpg?fit=711%2C713&ssl=1\",\"contentUrl\":\"https:\\\/\\\/i0.wp.com\\\/grimm.dk\\\/wp-content\\\/uploads\\\/2019\\\/12\\\/img_3582.jpg?fit=711%2C713&ssl=1\",\"width\":711,\"height\":713,\"caption\":\"admin\"},\"logo\":{\"@id\":\"https:\\\/\\\/i0.wp.com\\\/grimm.dk\\\/wp-content\\\/uploads\\\/2019\\\/12\\\/img_3582.jpg?fit=711%2C713&ssl=1\"},\"sameAs\":[\"https:\\\/\\\/grimm.dk\",\"https:\\\/\\\/www.instagram.com\\\/_andtomik\\\/\",\"https:\\\/\\\/x.com\\\/And12Mik\"]}]}<\/script>\n<!-- \/ Yoast SEO plugin. -->","yoast_head_json":{"title":"Privatliv &#8902;","robots":{"index":"index","follow":"follow","max-snippet":"max-snippet:-1","max-image-preview":"max-image-preview:large","max-video-preview":"max-video-preview:-1"},"canonical":"https:\/\/grimm.dk\/index.php\/privatliv\/","og_locale":"da_DK","og_type":"article","og_title":"Privatliv &#8902;","og_description":"Hvem er vi Anette Grimm &amp; Jan Heitmann Vores webstedsadresse er: https:\/\/grimm.dk. Hvilke personlige data vi indsamler og hvorfor vi indsamler det Der indsamles personlige data fra brugere og bes\u00f8gende p\u00e5 webstedet, s\u00e5som navn, e-mailadresse ved tilmelding til at f\u00f8lge nye opl\u00e6g p\u00e5 website og p\u00e5 kommentarer. Som standard indsamler WordPress ikke personlige data om &hellip; L\u00e6s videre \"Privatliv\"","og_url":"https:\/\/grimm.dk\/index.php\/privatliv\/","article_modified_time":"2019-12-11T00:22:53+00:00","twitter_card":"summary_large_image","twitter_site":"@And12Mik","twitter_misc":{"Estimeret l\u00e6setid":"4 minutter"},"schema":{"@context":"https:\/\/schema.org","@graph":[{"@type":"WebPage","@id":"https:\/\/grimm.dk\/index.php\/privatliv\/","url":"https:\/\/grimm.dk\/index.php\/privatliv\/","name":"Privatliv &#8902;","isPartOf":{"@id":"https:\/\/grimm.dk\/#website"},"datePublished":"2019-12-11T00:22:02+00:00","dateModified":"2019-12-11T00:22:53+00:00","breadcrumb":{"@id":"https:\/\/grimm.dk\/index.php\/privatliv\/#breadcrumb"},"inLanguage":"da-DK","potentialAction":[{"@type":"ReadAction","target":["https:\/\/grimm.dk\/index.php\/privatliv\/"]}]},{"@type":"BreadcrumbList","@id":"https:\/\/grimm.dk\/index.php\/privatliv\/#breadcrumb","itemListElement":[{"@type":"ListItem","position":1,"name":"Home","item":"https:\/\/grimm.dk\/"},{"@type":"ListItem","position":2,"name":"Privatliv"}]},{"@type":"WebSite","@id":"https:\/\/grimm.dk\/#website","url":"https:\/\/grimm.dk\/","name":"grimm.dk","description":"Anette skriver om stort &amp; sm\u00e5t * Jan om sport","publisher":{"@id":"https:\/\/grimm.dk\/#\/schema\/person\/2372767d79b78a0a4727672646a93605"},"potentialAction":[{"@type":"SearchAction","target":{"@type":"EntryPoint","urlTemplate":"https:\/\/grimm.dk\/?s={search_term_string}"},"query-input":{"@type":"PropertyValueSpecification","valueRequired":true,"valueName":"search_term_string"}}],"inLanguage":"da-DK"},{"@type":["Person","Organization"],"@id":"https:\/\/grimm.dk\/#\/schema\/person\/2372767d79b78a0a4727672646a93605","name":"admin","image":{"@type":"ImageObject","inLanguage":"da-DK","@id":"https:\/\/i0.wp.com\/grimm.dk\/wp-content\/uploads\/2019\/12\/img_3582.jpg?fit=711%2C713&ssl=1","url":"https:\/\/i0.wp.com\/grimm.dk\/wp-content\/uploads\/2019\/12\/img_3582.jpg?fit=711%2C713&ssl=1","contentUrl":"https:\/\/i0.wp.com\/grimm.dk\/wp-content\/uploads\/2019\/12\/img_3582.jpg?fit=711%2C713&ssl=1","width":711,"height":713,"caption":"admin"},"logo":{"@id":"https:\/\/i0.wp.com\/grimm.dk\/wp-content\/uploads\/2019\/12\/img_3582.jpg?fit=711%2C713&ssl=1"},"sameAs":["https:\/\/grimm.dk","https:\/\/www.instagram.com\/_andtomik\/","https:\/\/x.com\/And12Mik"]}]}},"jetpack_shortlink":"https:\/\/wp.me\/PbtqXC-4M","jetpack_sharing_enabled":true,"jetpack-related-posts":[{"id":636,"url":"https:\/\/grimm.dk\/index.php\/manipulation-og-kontrol\/","url_meta":{"origin":296,"position":0},"title":"Manipulation og kontrol","author":"admin","date":"21. januar 2020","format":false,"excerpt":"L\u00f8gne, bedrag og vold. Forord.. En (u)lykkelig k\u00e6rlighedshistorie..Han virkede s\u00f8d og forelsket i hende og hun troede, at det skulle v\u00e6re dem for altid.Netop da viste han en ny side.Til sidst vidste hun ikke hvem hun selv var. S\u00e5dan starter mange forhold, hvor der efterf\u00f8lgende kommer psykisk og fysisk vold\u2026","rel":"","context":"Similar post","block_context":{"text":"Similar post","link":""},"img":{"alt_text":"","src":"","width":0,"height":0},"classes":[]},{"id":697,"url":"https:\/\/grimm.dk\/index.php\/boblen\/","url_meta":{"origin":296,"position":1},"title":"Boblen&#8230;","author":"admin","date":"31. marts 2020","format":false,"excerpt":"Forord\u2026 Mange oplever i denne tid, at verden og livet er forandret fra det vi er vant til og for nogle giver det sig i d\u00e9n grad udslag i let forh\u00f8jede stressniveauer for\u00e5rsaget af uvisheden over hvor lang tid dette til at vare? og hvad der kommer til, at ske.?\u2026","rel":"","context":"Similar post","block_context":{"text":"Similar post","link":""},"img":{"alt_text":"","src":"","width":0,"height":0},"classes":[]},{"id":229,"url":"https:\/\/grimm.dk\/index.php\/ushersyndrom\/","url_meta":{"origin":296,"position":2},"title":"Usher Syndrom","author":"admin","date":"6. december 2019","format":false,"excerpt":"N\u00e5r livets alvor banker p\u00e5.... At have Usher Syndrom inde p\u00e5 livet.\u00a0 Lad mig starte med begyndelsen. Sommeren 1998 var lykkens \u00e5r.\u00a0 Det var det \u00e5r mine 2 tvillingedrenge blev f\u00f8dt efter reagensglasmetoden. M\u00e5nederne gik og drengene udviklede sig fint. Drengene blev 9 m\u00e5neder og sundhedsplejersken kom igen p\u00e5 bes\u00f8g.\u2026","rel":"","context":"Similar post","block_context":{"text":"Similar post","link":""},"img":{"alt_text":"","src":"","width":0,"height":0},"classes":[]},{"id":441,"url":"https:\/\/grimm.dk\/index.php\/staerke-kvinder-2\/","url_meta":{"origin":296,"position":3},"title":"St\u00e6rke kvinder","author":"admin","date":"22. december 2019","format":false,"excerpt":"Hvad er en st\u00e6rk kvinde og er de n\u00f8dvendige for denne verden.?JA. St\u00e6rke kvinder bliver ofte kategoriseret som \"for meget.\" Er du en af dem...? St\u00e6rke kvinder kaldes ofte for assertive fordi de er ligefremme omkring deres \u00f8nsker og behov. Denne ligefremme holdning og fremtoning st\u00f8der og forn\u00e6rmer dog ofte\u2026","rel":"","context":"Similar post","block_context":{"text":"Similar post","link":""},"img":{"alt_text":"","src":"","width":0,"height":0},"classes":[]},{"id":397,"url":"https:\/\/grimm.dk\/index.php\/hjemloese\/","url_meta":{"origin":296,"position":4},"title":"Hjeml\u00f8se","author":"admin","date":"17. december 2019","format":false,"excerpt":"December... hjerternes festden s\u00f8de juletidhygge, varme og samv\u00e6rJa december har mange navneMen for rigtig mange mennesker er december en af de sv\u00e6reste m\u00e5neder, at komme igennem.... det handler om vores hjeml\u00f8se. N\u00e5r jeg skriver \u201cvores\u201d ja s\u00e5 er det fordi vi alle har et ansvar. Dig, mig, de hjeml\u00f8se, vores\u2026","rel":"","context":"Similar post","block_context":{"text":"Similar post","link":""},"img":{"alt_text":"","src":"","width":0,"height":0},"classes":[]},{"id":273,"url":"https:\/\/grimm.dk\/index.php\/mourinho-et-misforstaaet-geni\/","url_meta":{"origin":296,"position":5},"title":"Mourinho, et misforst\u00e5et geni","author":"admin","date":"10. december 2019","format":false,"excerpt":"Jose Dos Santos Felix Mourinho; Felix efter sin far, den tidligere portugisiske landsholdsm\u00e5lmand Felix Mourinho; Genial, eller gal?Det kommer nok an p\u00e5 hvem du sp\u00f8rger.Det er dog helt sikkert, at alle har en mening om ham, og han s\u00e6tter f\u00f8lelser i gang overalt hvor han er\u2026 Om du kan lide\u2026","rel":"","context":"With 3 comments","block_context":{"text":"With 3 comments","link":"https:\/\/grimm.dk\/index.php\/mourinho-et-misforstaaet-geni\/#comments"},"img":{"alt_text":"","src":"https:\/\/i0.wp.com\/grimm.dk\/wp-content\/uploads\/2019\/12\/Mourinho.jpg?resize=350%2C200&ssl=1","width":350,"height":200},"classes":[]}],"_links":{"self":[{"href":"https:\/\/grimm.dk\/index.php\/wp-json\/wp\/v2\/pages\/296","targetHints":{"allow":["GET"]}}],"collection":[{"href":"https:\/\/grimm.dk\/index.php\/wp-json\/wp\/v2\/pages"}],"about":[{"href":"https:\/\/grimm.dk\/index.php\/wp-json\/wp\/v2\/types\/page"}],"author":[{"embeddable":true,"href":"https:\/\/grimm.dk\/index.php\/wp-json\/wp\/v2\/users\/1"}],"replies":[{"embeddable":true,"href":"https:\/\/grimm.dk\/index.php\/wp-json\/wp\/v2\/comments?post=296"}],"version-history":[{"count":2,"href":"https:\/\/grimm.dk\/index.php\/wp-json\/wp\/v2\/pages\/296\/revisions"}],"predecessor-version":[{"id":300,"href":"https:\/\/grimm.dk\/index.php\/wp-json\/wp\/v2\/pages\/296\/revisions\/300"}],"wp:attachment":[{"href":"https:\/\/grimm.dk\/index.php\/wp-json\/wp\/v2\/media?parent=296"}],"curies":[{"name":"wp","href":"https:\/\/api.w.org\/{rel}","templated":true}]}}