{"id":256,"date":"2019-12-09T16:57:43","date_gmt":"2019-12-09T16:57:43","guid":{"rendered":"https:\/\/grimm.dk\/?page_id=256"},"modified":"2019-12-11T22:00:15","modified_gmt":"2019-12-11T22:00:15","slug":"traenerkarrusellen","status":"publish","type":"page","link":"https:\/\/grimm.dk\/index.php\/traenerkarrusellen\/","title":{"rendered":"Tr\u00e6nerkarrusellen"},"content":{"rendered":"<p><!--StartFragment--><\/p>\n\n\n<p class=\"wp-block-paragraph\">S\u00e5\nk\u00f8rer tr\u00e6nerkarrusellen i de store ligaer igen&#8230; Det er p\u00e5 denne tid af \u00e5ret\ndet g\u00e5r op for klubberne, at de ikke f\u00e5r den s\u00e6son de havde regnet med, og det\nkoster som oftest cheftr\u00e6neren jobbet.<\/p>\n\n\n\n<p class=\"wp-block-paragraph\">Selv\nstore tr\u00e6nernavne, som Unai Emery og Mauricio Pochetino, m\u00e5tte indse, at den\nkredit de har bygget op, over mange \u00e5r i tr\u00e6nergerningen, slipper op. Emery\nblev afl\u00f8st af Frederik Ljungberg fra ungdomsakademiet, med den besked at\nArsenal ikke havde travlt med at finde en permanent afl\u00f8ser, da de mente holdet\nvar i tryg forvaring hos Freddie. Efter to jammerlige pr\u00e6stationer under ham,\nkan det godt v\u00e6re de har intensiveret jagten p\u00e5 en permanent afl\u00f8ser alligevel.<\/p>\n\n\n\n<p class=\"wp-block-paragraph\">Pochetino\nblev afl\u00f8st af ingen ringere end Jose Mourinho, og her er effekten umiddelbar\nog evident. Spillet er ikke et glansbillede, men holdet er ved at l\u00e6re at vinde\nigen, og i topfodbold er vigtigheden af sejre altoverskyggende.<\/p>\n\n\n\n<p class=\"wp-block-paragraph\">I\nsidste uge m\u00e5tte ogs\u00e5 Marco Silva forlade det varme s\u00e6de i den bl\u00e5 del af\nLiverpool. I sin tid m\u00e5tte Silva forlade tr\u00e6ners\u00e6det i Watford, fordi han\nforhandlede med netop Everton, mens han var ansat i Watford.&nbsp; Det er\nsk\u00e6bnens ironi, n\u00e5r Everton ender denne intense k\u00e6rlighedsaff\u00e6re med at smide\nham p\u00e5 porten, efter at have datet ham i s\u00e5 lang tid, og uden hensyntagen til\nhans tidligere arbejdsgiver.<\/p>\n\n\n\n<p class=\"wp-block-paragraph\">Watford\ner i \u00f8vrigt en absurd komedie i sig selv, under Pozzofamiliens ejerskab. I denne\ns\u00e6son, som er 16 runder! gammel, skal de i gang med deres tredje tr\u00e6ner\u2026<\/p>\n\n\n\n<p class=\"wp-block-paragraph\">I\nnogle tilf\u00e6lde har tr\u00e6nerfyringer en \u00e5benlys effekt. Se bare Everton i\nweekenden, under caretaker manager Duncan Ferguson, med en helt anden energi\nend den der blev vist under Silva. Ferguson er en imponerende skikkelse med en\nlang og dedikeret historie i Everton, og det lignede n\u00e6rmest han havde skr\u00e6mt\nspillerne til at pr\u00e6stere. I alle tilf\u00e6lde blev der lagt en helt anden, og mere\nfokuseret stil for dagen i 3 &#8211; 1 sejren over Chelsea.<\/p>\n\n\n\n<p class=\"wp-block-paragraph\">I\nprincippet forst\u00e5r man godt at klubberne g\u00e5r i panik i jagten p\u00e5 resultater,\nfor der st\u00e5r uendeligt meget p\u00e5 spil. Forskellen p\u00e5 Premier League og\nChampionship, eller om man er indenfor, eller udenfor top 4.<\/p>\n\n\n\n<p class=\"wp-block-paragraph\">Hver\nklub har sin agenda, sine m\u00e5ls\u00e6tninger, og n\u00e5r de ikke bliver opfyldt, skal\nansvaret placeres, og det placeres ALTID hos cheftr\u00e6neren. Er det s\u00e5 fair?\nM\u00e5ske ikke, men hvor skulle man ellers placere det? Ofte er fort\u00e6llingen at man\ngodt ved at spillerne underpr\u00e6sterer, og at man i virkeligheden burde give dem\nskylden. Men man kan jo ikke fyre en spillertrup og skifte dem ud med en anden.\nDet er derfor en oplagt mulighed at skifte tr\u00e6neren, hvis man skal \u00e6ndre en\nklubs momentum. I sidste ende kan man jo altid d\u00e6kke sig ind under, at det er\ntr\u00e6nerens ansvar at spillerne pr\u00e6sterer. Alle tr\u00e6nere kender denne risiko, og\nved, at deres ans\u00e6ttelse er afh\u00e6ngig af det deres hold pr\u00e6sterer. Det er\nunderforst\u00e5et, og en uskreven regel, at tr\u00e6neren bliver fyret, n\u00e5r det g\u00e5r\nd\u00e5rligt. At du har succes det ene \u00e5r, freder dig ikke det n\u00e6ste. Det er s\u00e5ledes\nkun et halvt \u00e5r siden Pochetino stod med Tottenham i Champions League finalen,\nog i dag er han arbejdsl\u00f8s.<\/p>\n\n\n\n<p class=\"wp-block-paragraph\">I\nNapoli, i det sydlige Italien, hedder fodboldklubbens pr\u00e6sident Aurelio De\nLaurentiis. Napoli FC er byens stolthed og fodbold har en stor plads i\nbevidstheden hos byens borgere. De sidste par \u00e5r har ansvaret for holdets\nsucces ligget hos mestertr\u00e6neren Carlo Ancelotti. Ancelotti med en stolt\nspillerkarriere i Milan FC, dengang de var verdens ubestridt bedste\nfodboldhold, og siden en tr\u00e6nerkarriere med ansvaret i store klubber som:\nJuventus, Milan, Chelsea, PSG, Real Madrid og Bayern M\u00fcnchen. I denne s\u00e6son har\nNapoli dog klart underpr\u00e6steret i forhold til klubbens ambitioner, med den\ns\u00e6dvanlige uro til f\u00f8lge. De Laurentiis var dog, i f\u00f8rste omgang, ikke til\nsinds at skylde manglen p\u00e5 pr\u00e6stationer p\u00e5 sin h\u00f8jt respekterede tr\u00e6ner, men\ngav i stedet spillerne skylden. <\/p>\n\n\n\n<p class=\"wp-block-paragraph\">I\nItalien opererer man med begrebet Ritiro, som er en l\u00e6ngere tr\u00e6ningslejr, ofte\nsom straf, hvor spillerne er sekluderet fra alt, for bedre at kunne koncentrere\nsig om at spille fodbold.<\/p>\n\n\n\n<p class=\"wp-block-paragraph\">For\nen m\u00e5ned siden leverede Napoli FC igen en horribel pr\u00e6station, endda foran egne\ntilskuere p\u00e5 hjemmebanen San Paolo, med De Laurentiis som fast inventar i\npr\u00e6sidentlogen. Efter kampen beordrede han sit hold i Ritiro indtil n\u00e6ste kamp.\nDet bet\u00f8d at spillerne skulle tage direkte fra stadion og i tr\u00e6ningslejr, uden\nat runde deres hjem. Her skulle de blive indtil n\u00e6ste kamp den f\u00f8lgende\nweekend.<\/p>\n\n\n\n<p class=\"wp-block-paragraph\">Oversat\ntil et sprog vi udenfor fodboldverdenen forst\u00e5r, bet\u00f8d det, at De Laurentiis\ngav sine spillere skylden for blamagen, hellere end sin h\u00f8jt agtede tr\u00e6ner\nAncelotti.<\/p>\n\n\n\n<p class=\"wp-block-paragraph\">Og\ns\u00e5 var helvede l\u00f8s i Napoli!!! Spillerne gjorde f\u00e6lles front og n\u00e6gtede at tage\ni tr\u00e6ningslejr. De pakkede simpelthen deres sager og k\u00f8rte hjem. Bevares, i de\nefterf\u00f8lgende dage, m\u00f8dte de skam op til tr\u00e6ning, som de skulle, men der blev\ningen Ritiro. <\/p>\n\n\n\n<p class=\"wp-block-paragraph\">Selv\nom De Laurentiis stangede b\u00f8der ud i fl\u00e6ng, og der blev indeholdt hele\nm\u00e5nedsl\u00f8nninger, l\u00e6s. 350.000 Euro for en enkelt spiller (Dries Mertens), s\u00e5 blev\nden fikse id\u00e9 han havde f\u00e5et med at give spillerne skylden, i stedet for\ntr\u00e6neren, hurtigt skudt i s\u00e6nk.<\/p>\n\n\n\n<p class=\"wp-block-paragraph\">Nu,\nher en m\u00e5ned efter den fejlslagne Ritiro, pr\u00e6sterer Napoli FC stadig lige d\u00e5rligt\u2026\nMen der er fred i Napoli! For id\u00e9en med at give spillerne skylden er droppet,\nog nu er det, som alle andre steder, tr\u00e6neren der st\u00e5r for skud. Og det er jo\ns\u00e5 dejligt trygt!<\/p>\n\n\n\n<p class=\"wp-block-paragraph\">Lur\nmig om ikke tr\u00e6nerkarrusellen kommer forbi det sydlige Italien i den kommende\ntid, og tager Carlo Ancelotti med p\u00e5 en lille tur.<\/p>\n\n\n<p><!--EndFragment--><\/p>","protected":false},"excerpt":{"rendered":"<p>S\u00e5 k\u00f8rer tr\u00e6nerkarrusellen i de store ligaer igen&#8230; Det er p\u00e5 denne tid af \u00e5ret det g\u00e5r op for klubberne, at de ikke f\u00e5r den s\u00e6son de havde regnet med, og det koster som oftest cheftr\u00e6neren jobbet. Selv store tr\u00e6nernavne, som Unai Emery og Mauricio Pochetino, m\u00e5tte indse, at den kredit de har bygget op, &hellip; <\/p>\n<p class=\"link-more\"><a href=\"https:\/\/grimm.dk\/index.php\/traenerkarrusellen\/\" class=\"more-link\">L\u00e6s videre<span class=\"screen-reader-text\"> &#8220;Tr\u00e6nerkarrusellen&#8221;<\/span><\/a><\/p>\n","protected":false},"author":1,"featured_media":0,"parent":0,"menu_order":0,"comment_status":"open","ping_status":"closed","template":"","meta":{"om_disable_all_campaigns":false,"two_page_speed":[],"footnotes":""},"class_list":["post-256","page","type-page","status-publish","hentry"],"yoast_head":"<!-- This site is optimized with the Yoast SEO plugin v28.4 - https:\/\/yoast.com\/product\/yoast-seo-wordpress\/ -->\n<title>Tr\u00e6nerkarrusellen &#8902;<\/title>\n<meta name=\"robots\" content=\"index, follow, max-snippet:-1, max-image-preview:large, max-video-preview:-1\" \/>\n<link rel=\"canonical\" href=\"https:\/\/grimm.dk\/index.php\/traenerkarrusellen\/\" \/>\n<meta property=\"og:locale\" content=\"da_DK\" \/>\n<meta property=\"og:type\" content=\"article\" \/>\n<meta property=\"og:title\" content=\"Tr\u00e6nerkarrusellen &#8902;\" \/>\n<meta property=\"og:description\" content=\"S\u00e5 k\u00f8rer tr\u00e6nerkarrusellen i de store ligaer igen&#8230; Det er p\u00e5 denne tid af \u00e5ret det g\u00e5r op for klubberne, at de ikke f\u00e5r den s\u00e6son de havde regnet med, og det koster som oftest cheftr\u00e6neren jobbet. Selv store tr\u00e6nernavne, som Unai Emery og Mauricio Pochetino, m\u00e5tte indse, at den kredit de har bygget op, &hellip; L\u00e6s videre &quot;Tr\u00e6nerkarrusellen&quot;\" \/>\n<meta property=\"og:url\" content=\"https:\/\/grimm.dk\/index.php\/traenerkarrusellen\/\" \/>\n<meta property=\"article:modified_time\" content=\"2019-12-11T22:00:15+00:00\" \/>\n<meta name=\"twitter:card\" content=\"summary_large_image\" \/>\n<meta name=\"twitter:site\" content=\"@And12Mik\" \/>\n<meta name=\"twitter:label1\" content=\"Estimeret l\u00e6setid\" \/>\n\t<meta name=\"twitter:data1\" content=\"5 minutter\" \/>\n<script type=\"application\/ld+json\" class=\"yoast-schema-graph\">{\"@context\":\"https:\\\/\\\/schema.org\",\"@graph\":[{\"@type\":\"WebPage\",\"@id\":\"https:\\\/\\\/grimm.dk\\\/index.php\\\/traenerkarrusellen\\\/\",\"url\":\"https:\\\/\\\/grimm.dk\\\/index.php\\\/traenerkarrusellen\\\/\",\"name\":\"Tr\u00e6nerkarrusellen &#8902;\",\"isPartOf\":{\"@id\":\"https:\\\/\\\/grimm.dk\\\/#website\"},\"datePublished\":\"2019-12-09T16:57:43+00:00\",\"dateModified\":\"2019-12-11T22:00:15+00:00\",\"breadcrumb\":{\"@id\":\"https:\\\/\\\/grimm.dk\\\/index.php\\\/traenerkarrusellen\\\/#breadcrumb\"},\"inLanguage\":\"da-DK\",\"potentialAction\":[{\"@type\":\"ReadAction\",\"target\":[\"https:\\\/\\\/grimm.dk\\\/index.php\\\/traenerkarrusellen\\\/\"]}]},{\"@type\":\"BreadcrumbList\",\"@id\":\"https:\\\/\\\/grimm.dk\\\/index.php\\\/traenerkarrusellen\\\/#breadcrumb\",\"itemListElement\":[{\"@type\":\"ListItem\",\"position\":1,\"name\":\"Home\",\"item\":\"https:\\\/\\\/grimm.dk\\\/\"},{\"@type\":\"ListItem\",\"position\":2,\"name\":\"Tr\u00e6nerkarrusellen\"}]},{\"@type\":\"WebSite\",\"@id\":\"https:\\\/\\\/grimm.dk\\\/#website\",\"url\":\"https:\\\/\\\/grimm.dk\\\/\",\"name\":\"grimm.dk\",\"description\":\"Anette skriver om stort &amp; sm\u00e5t * Jan om sport\",\"publisher\":{\"@id\":\"https:\\\/\\\/grimm.dk\\\/#\\\/schema\\\/person\\\/2372767d79b78a0a4727672646a93605\"},\"potentialAction\":[{\"@type\":\"SearchAction\",\"target\":{\"@type\":\"EntryPoint\",\"urlTemplate\":\"https:\\\/\\\/grimm.dk\\\/?s={search_term_string}\"},\"query-input\":{\"@type\":\"PropertyValueSpecification\",\"valueRequired\":true,\"valueName\":\"search_term_string\"}}],\"inLanguage\":\"da-DK\"},{\"@type\":[\"Person\",\"Organization\"],\"@id\":\"https:\\\/\\\/grimm.dk\\\/#\\\/schema\\\/person\\\/2372767d79b78a0a4727672646a93605\",\"name\":\"admin\",\"image\":{\"@type\":\"ImageObject\",\"inLanguage\":\"da-DK\",\"@id\":\"https:\\\/\\\/i0.wp.com\\\/grimm.dk\\\/wp-content\\\/uploads\\\/2019\\\/12\\\/img_3582.jpg?fit=711%2C713&ssl=1\",\"url\":\"https:\\\/\\\/i0.wp.com\\\/grimm.dk\\\/wp-content\\\/uploads\\\/2019\\\/12\\\/img_3582.jpg?fit=711%2C713&ssl=1\",\"contentUrl\":\"https:\\\/\\\/i0.wp.com\\\/grimm.dk\\\/wp-content\\\/uploads\\\/2019\\\/12\\\/img_3582.jpg?fit=711%2C713&ssl=1\",\"width\":711,\"height\":713,\"caption\":\"admin\"},\"logo\":{\"@id\":\"https:\\\/\\\/i0.wp.com\\\/grimm.dk\\\/wp-content\\\/uploads\\\/2019\\\/12\\\/img_3582.jpg?fit=711%2C713&ssl=1\"},\"sameAs\":[\"https:\\\/\\\/grimm.dk\",\"https:\\\/\\\/www.instagram.com\\\/_andtomik\\\/\",\"https:\\\/\\\/x.com\\\/And12Mik\"]}]}<\/script>\n<!-- \/ Yoast SEO plugin. -->","yoast_head_json":{"title":"Tr\u00e6nerkarrusellen &#8902;","robots":{"index":"index","follow":"follow","max-snippet":"max-snippet:-1","max-image-preview":"max-image-preview:large","max-video-preview":"max-video-preview:-1"},"canonical":"https:\/\/grimm.dk\/index.php\/traenerkarrusellen\/","og_locale":"da_DK","og_type":"article","og_title":"Tr\u00e6nerkarrusellen &#8902;","og_description":"S\u00e5 k\u00f8rer tr\u00e6nerkarrusellen i de store ligaer igen&#8230; Det er p\u00e5 denne tid af \u00e5ret det g\u00e5r op for klubberne, at de ikke f\u00e5r den s\u00e6son de havde regnet med, og det koster som oftest cheftr\u00e6neren jobbet. Selv store tr\u00e6nernavne, som Unai Emery og Mauricio Pochetino, m\u00e5tte indse, at den kredit de har bygget op, &hellip; L\u00e6s videre \"Tr\u00e6nerkarrusellen\"","og_url":"https:\/\/grimm.dk\/index.php\/traenerkarrusellen\/","article_modified_time":"2019-12-11T22:00:15+00:00","twitter_card":"summary_large_image","twitter_site":"@And12Mik","twitter_misc":{"Estimeret l\u00e6setid":"5 minutter"},"schema":{"@context":"https:\/\/schema.org","@graph":[{"@type":"WebPage","@id":"https:\/\/grimm.dk\/index.php\/traenerkarrusellen\/","url":"https:\/\/grimm.dk\/index.php\/traenerkarrusellen\/","name":"Tr\u00e6nerkarrusellen &#8902;","isPartOf":{"@id":"https:\/\/grimm.dk\/#website"},"datePublished":"2019-12-09T16:57:43+00:00","dateModified":"2019-12-11T22:00:15+00:00","breadcrumb":{"@id":"https:\/\/grimm.dk\/index.php\/traenerkarrusellen\/#breadcrumb"},"inLanguage":"da-DK","potentialAction":[{"@type":"ReadAction","target":["https:\/\/grimm.dk\/index.php\/traenerkarrusellen\/"]}]},{"@type":"BreadcrumbList","@id":"https:\/\/grimm.dk\/index.php\/traenerkarrusellen\/#breadcrumb","itemListElement":[{"@type":"ListItem","position":1,"name":"Home","item":"https:\/\/grimm.dk\/"},{"@type":"ListItem","position":2,"name":"Tr\u00e6nerkarrusellen"}]},{"@type":"WebSite","@id":"https:\/\/grimm.dk\/#website","url":"https:\/\/grimm.dk\/","name":"grimm.dk","description":"Anette skriver om stort &amp; sm\u00e5t * Jan om sport","publisher":{"@id":"https:\/\/grimm.dk\/#\/schema\/person\/2372767d79b78a0a4727672646a93605"},"potentialAction":[{"@type":"SearchAction","target":{"@type":"EntryPoint","urlTemplate":"https:\/\/grimm.dk\/?s={search_term_string}"},"query-input":{"@type":"PropertyValueSpecification","valueRequired":true,"valueName":"search_term_string"}}],"inLanguage":"da-DK"},{"@type":["Person","Organization"],"@id":"https:\/\/grimm.dk\/#\/schema\/person\/2372767d79b78a0a4727672646a93605","name":"admin","image":{"@type":"ImageObject","inLanguage":"da-DK","@id":"https:\/\/i0.wp.com\/grimm.dk\/wp-content\/uploads\/2019\/12\/img_3582.jpg?fit=711%2C713&ssl=1","url":"https:\/\/i0.wp.com\/grimm.dk\/wp-content\/uploads\/2019\/12\/img_3582.jpg?fit=711%2C713&ssl=1","contentUrl":"https:\/\/i0.wp.com\/grimm.dk\/wp-content\/uploads\/2019\/12\/img_3582.jpg?fit=711%2C713&ssl=1","width":711,"height":713,"caption":"admin"},"logo":{"@id":"https:\/\/i0.wp.com\/grimm.dk\/wp-content\/uploads\/2019\/12\/img_3582.jpg?fit=711%2C713&ssl=1"},"sameAs":["https:\/\/grimm.dk","https:\/\/www.instagram.com\/_andtomik\/","https:\/\/x.com\/And12Mik"]}]}},"jetpack_shortlink":"https:\/\/wp.me\/PbtqXC-48","jetpack_sharing_enabled":true,"jetpack-related-posts":[{"id":349,"url":"https:\/\/grimm.dk\/index.php\/champions-league\/","url_meta":{"origin":256,"position":0},"title":"Champions League","author":"Jan Heitmann","date":"12. december 2019","format":false,"excerpt":"Champions League \u2013 Europacuppen for mesterhold??? I g\u00e5r aftes blev sidste runde i gruppespillet til dette \u00e5rs Champions League afviklet.Sammen med mange andre, sad jeg klistret til sk\u00e6rmen, som vidne til dette storsl\u00e5ede show. I lighed med foreg\u00e5ende \u00e5r, er Viasat g\u00e5et all- in i formidlingen af den st\u00f8rste, \u00e5rligt\u2026","rel":"","context":"With 5 comments","block_context":{"text":"With 5 comments","link":"https:\/\/grimm.dk\/index.php\/champions-league\/#comments"},"img":{"alt_text":"","src":"","width":0,"height":0},"classes":[]},{"id":609,"url":"https:\/\/grimm.dk\/index.php\/premier-league-champions-2018-19\/","url_meta":{"origin":256,"position":1},"title":"Premier League Champions 2018\/19","author":"Jan Heitmann","date":"9. januar 2020","format":false,"excerpt":"Manchester City I 2018\/19 s\u00e6sonen vandt Manchester City alle turneringer i England, en s\u00e5kaldt \u201dDomestic Treble\u201d Det vil sige Mesterskab, Liga cup, og FA Cup.Ud over denne fantastiske pr\u00e6station, startede klubben med at hjemtage Community Shield; kampen mellem sidste \u00e5rs mestre og FA Cup vindere. Det er f\u00f8rste gang nogensinde\u2026","rel":"","context":"With 2 comments","block_context":{"text":"With 2 comments","link":"https:\/\/grimm.dk\/index.php\/premier-league-champions-2018-19\/#comments"},"img":{"alt_text":"","src":"","width":0,"height":0},"classes":[]},{"id":273,"url":"https:\/\/grimm.dk\/index.php\/mourinho-et-misforstaaet-geni\/","url_meta":{"origin":256,"position":2},"title":"Mourinho, et misforst\u00e5et geni","author":"admin","date":"10. december 2019","format":false,"excerpt":"Jose Dos Santos Felix Mourinho; Felix efter sin far, den tidligere portugisiske landsholdsm\u00e5lmand Felix Mourinho; Genial, eller gal?Det kommer nok an p\u00e5 hvem du sp\u00f8rger.Det er dog helt sikkert, at alle har en mening om ham, og han s\u00e6tter f\u00f8lelser i gang overalt hvor han er\u2026 Om du kan lide\u2026","rel":"","context":"With 3 comments","block_context":{"text":"With 3 comments","link":"https:\/\/grimm.dk\/index.php\/mourinho-et-misforstaaet-geni\/#comments"},"img":{"alt_text":"","src":"https:\/\/i0.wp.com\/grimm.dk\/wp-content\/uploads\/2019\/12\/Mourinho.jpg?resize=350%2C200&ssl=1","width":350,"height":200},"classes":[]},{"id":619,"url":"https:\/\/grimm.dk\/index.php\/aartiets-hold-i-premier-league\/","url_meta":{"origin":256,"position":3},"title":"\u00c5rtiets hold i Premier League","author":"Jan Heitmann","date":"10. januar 2020","format":false,"excerpt":"For 10. dage siden tog vi fat p\u00e5 et nyt \u00e5rti, og det er blevet tid til at g\u00f8re status p\u00e5 det forrige \u00e5rti i Premier League. Det forrige \u00e5rti var i h\u00f8j grad domineret af byen Manchester, som sad p\u00e5 6. ud af 10 mesterskaber, fordelt med 4. til\u2026","rel":"","context":"With 2 comments","block_context":{"text":"With 2 comments","link":"https:\/\/grimm.dk\/index.php\/aartiets-hold-i-premier-league\/#comments"},"img":{"alt_text":"","src":"","width":0,"height":0},"classes":[]},{"id":591,"url":"https:\/\/grimm.dk\/index.php\/premier-league-champions-2017-18\/","url_meta":{"origin":256,"position":4},"title":"Premier League Champions 2017\/18","author":"Jan Heitmann","date":"8. januar 2020","format":false,"excerpt":"Manchester City Efter et f\u00f8rste \u00e5r under par, i forhold til Pep Guardiolas normale standarder, slog hans spilfilosofi fuldt igennem i 2017\/18 s\u00e6sonen hos Manchester City. Pep var kommet til City i 2016 fra de Tyske mestre Bayern M\u00fcnchen.F\u00f8r det var han i FC Barcelona. B\u00e5de i Tyskland og Spanien,\u2026","rel":"","context":"Similar post","block_context":{"text":"Similar post","link":""},"img":{"alt_text":"","src":"","width":0,"height":0},"classes":[]},{"id":499,"url":"https:\/\/grimm.dk\/index.php\/premier-league-status-over-et-aarti\/","url_meta":{"origin":256,"position":5},"title":"Premier League- Status over et \u00e5rti","author":"admin","date":"31. december 2019","format":false,"excerpt":"En f\u00f8ljeton over de n\u00e6ste tolv dage du ikke har lyst til at g\u00e5 glip af! Et \u00e5rti med fodbold fra Premier League rinder ud i aften til midnat og vi kan se tilbage og mindes\u2026 Store pr\u00e6stationer, store personligheder, triumfer og tragedier. Vi kan se tilbage p\u00e5 et \u00e5rti\u2026","rel":"","context":"Similar post","block_context":{"text":"Similar post","link":""},"img":{"alt_text":"","src":"","width":0,"height":0},"classes":[]}],"_links":{"self":[{"href":"https:\/\/grimm.dk\/index.php\/wp-json\/wp\/v2\/pages\/256","targetHints":{"allow":["GET"]}}],"collection":[{"href":"https:\/\/grimm.dk\/index.php\/wp-json\/wp\/v2\/pages"}],"about":[{"href":"https:\/\/grimm.dk\/index.php\/wp-json\/wp\/v2\/types\/page"}],"author":[{"embeddable":true,"href":"https:\/\/grimm.dk\/index.php\/wp-json\/wp\/v2\/users\/1"}],"replies":[{"embeddable":true,"href":"https:\/\/grimm.dk\/index.php\/wp-json\/wp\/v2\/comments?post=256"}],"version-history":[{"count":2,"href":"https:\/\/grimm.dk\/index.php\/wp-json\/wp\/v2\/pages\/256\/revisions"}],"predecessor-version":[{"id":261,"href":"https:\/\/grimm.dk\/index.php\/wp-json\/wp\/v2\/pages\/256\/revisions\/261"}],"wp:attachment":[{"href":"https:\/\/grimm.dk\/index.php\/wp-json\/wp\/v2\/media?parent=256"}],"curies":[{"name":"wp","href":"https:\/\/api.w.org\/{rel}","templated":true}]}}