{"id":229,"date":"2019-12-06T13:34:07","date_gmt":"2019-12-06T13:34:07","guid":{"rendered":"https:\/\/grimm.dk\/?page_id=229"},"modified":"2020-02-15T18:40:30","modified_gmt":"2020-02-15T18:40:30","slug":"ushersyndrom","status":"publish","type":"page","link":"https:\/\/grimm.dk\/index.php\/ushersyndrom\/","title":{"rendered":"Usher Syndrom"},"content":{"rendered":"\n<p class=\"wp-block-paragraph\">N\u00e5r livets alvor banker p\u00e5&#8230;.<br \/> At have Usher Syndrom inde p\u00e5 livet.&nbsp;<br \/> <br \/> Lad mig starte med begyndelsen.<br \/> Sommeren 1998 var lykkens \u00e5r.&nbsp;<br \/> Det var det \u00e5r mine 2 tvillingedrenge blev f\u00f8dt efter reagensglasmetoden.<br \/> <br \/> M\u00e5nederne gik og drengene udviklede sig fint.<br \/> Drengene blev 9 m\u00e5neder og sundhedsplejersken kom igen p\u00e5 bes\u00f8g.<br \/> Denne gang skulle hun lave Boel testen.<br \/> Den ene af drengene klarede det fint og reagerede som han skulle.<br \/> Det gjorde den anden derimod ikke helt.<br \/> Sundhedsplejersken opfordrede til, at ops\u00f8ge \u00f8rel\u00e6ge for som hun sagde&#8230;<br \/> Enten er der noget med hans h\u00f8relse eller ogs\u00e5 er han bare et meget optaget barn.<br \/> <br \/> Som sagt s\u00e5 gjort.<br \/> Hun henviste videre til Gentofte hvor der blev taget en del pr\u00f8ver.<br \/> Dette kom der intet ud af andet end, at man mente, han havde v\u00e6ske i \u00f8rerne og at vi skulle ops\u00f8ge \u00f8rel\u00e6ge n\u00e5r vi mente han ikke kunne h\u00f8re.<br \/> <br \/>For at g\u00f8re denne historie kort fik han h\u00f8reapparater da han var 5 \u00e5r og var\/er det man kalder sv\u00e6r tungh\u00f8r.&nbsp;<br \/>Sproget var ogs\u00e5 stadig underudviklet.<br \/> <br \/>Men inden da havde en masse frustreret \u00e5r passeret, hvor man som for\u00e6ldre var blevet betegnet som b\u00e5de pylrende, overbeskyttende og hysteriske og at jeg som mor gerne ville have der var noget galt med mit barn.&nbsp;<br \/>En \u00f8rel\u00e6ge skrev tilmed engang p\u00e5 en recept \u201cDet er ikke hans \u00f8rer der er noget galt med men hans omgivelser\u201d.<br \/> <br \/>Nu kom endelig en tid med mere ro og stabilitet i hverdagen. Kommunen havde siden han var 3 \u00e5r bevilligede, at han kom til sprogtr\u00e6ning 3 dage ugentlig p\u00e5 <br \/>tale- h\u00f8reinstituttet da sproget jo haltede gevaldigt.&nbsp;<br \/> <br \/>Denne tid til skolestart var dog ogs\u00e5 utrolig turbulent da man hele tiden pr\u00f8vede, at finde billigere tilbud i hjem kommunen og m\u00e5tte k\u00e6mpe med n\u00e6b og kl\u00f8r for, at han skulle forblive i sit gode tilbud.&nbsp;<br \/> <br \/>Begge drengene startede i skole. Han i special tilbud p\u00e5 en skole i anden kommune men her var de gearet og havde de rette hj\u00e6lpemidler til, at undervise b\u00f8rn med h\u00f8rehandicap.&nbsp;<br \/> <br \/>Det viste sig dog til for\u00e6ldre m\u00f8derne, at der var specifikke ting omkring ham som ikke helt kunne forklares helt.&nbsp;<br \/> <br \/> Hver gang var beskeden, at der m\u00e5tte arbejdes med, at han ikke hele tiden var &#8220;politimand&#8221; forst\u00e5et, at han hele tiden var obs p\u00e5 de andres g\u00f8ren og laden hvilket ikke \u00e6ndrede sig over \u00e5rene.&nbsp;<br \/> <br \/>Da han var 13 tog han ved et tilf\u00e6lde et par l\u00e6sebriller p\u00e5 og oplyste, at det var underligt, at han s\u00e5 meget bedre med dem p\u00e5.<br \/> <br \/>Der blev bestilt tid til tjek af hans syn og her ville \u00f8jenl\u00e6gen gerne henvise videre, da han \u00f8jne ikke lige var som de burde v\u00e6re for hans alder..<br \/>Herefter gik alting meget st\u00e6rkt.<br \/> <br \/>Han fik ved en bevilliget gentest konstateret genfejlen Usher(2) der betyder, at han skal forholde sig til, at han har et dobbelt sansetab som ad \u00e5re kan udvikle sig til, at blive v\u00e6rre b\u00e5de p\u00e5 syn og h\u00f8relse.<br \/> <br \/>Det var et utrolig chock, at finde ud af.&nbsp;<br \/>Samtidig gav det os dog ogs\u00e5 svar p\u00e5 hvorfor hans adf\u00e6rd havde v\u00e6ret og var som den er hvilket er en utrolig lettelse ogs\u00e5 for ham selv da han fandt ud af hvorfor nogle ting var s\u00e5 sv\u00e6re i forhold til andre.&nbsp;<br \/> <br \/>Nu fulgte et helt \u00e5r hvor tanker og f\u00f8lelser hvirvlede rundt og med, at pr\u00f8ve, at finde andre i lignende situationer og hvilke foreninger vi nu h\u00f8rte til og hvor der kunne tr\u00e6kkes p\u00e5 hj\u00e6lp fra.&nbsp;<br \/> <br \/>Hans bror skulle der jo i den periode ogs\u00e5 tages ekstra af da han blev rigtig ked af og ikke kunne forst\u00e5 hvorfor det kun var ham der skulle f\u00e5 det og ikke ham.&nbsp;<br \/> <br \/>Ca. et \u00e5r efter fik hantilknyttet en fast konsulent og hun har v\u00e6ret guld v\u00e6rd i de henseender hvor der skulle k\u00e6mpes lidt mere med det offentlige for hj\u00e6lp- og hj\u00e6lpemidler til ham<br \/> <br \/>Nu er der g\u00e5et en del \u00e5r siden og han er en &#8220;ung&#8221; mand p\u00e5 21 som fungerer fint b\u00e5de i mange sammenh\u00e6ng.&nbsp;<br \/> <br \/>Han har form\u00e5et at tage en gymnasiel uddannelse efter 10. Klasse til trods for, at der hvor han er h\u00e5rdest ramt p.t. er p\u00e5 et begyndende tunnelsyn og natteblindhed hvilket han n\u00e6sten er totalt.&nbsp;<br \/> <br \/>Hans dobbelte sansetab giver ham mange udfordringer i hverdagen men nu hvor han er bevidst om hvad det skyldes, har han en helt anden tilgang til tingene.<br \/> <br \/>Hans st\u00f8rste bekymring lige var om han mon fik k\u00f8rekort men det viste sig, at det var hans syn begyndende for d\u00e5rligt til da han blev 18 hvilket tog h\u00e5rdt p\u00e5 ham dengang.&nbsp;<br \/> <br \/>Hvad fremtiden bringer og hvordan Usher udvikler sig, er der heldigvis ingen der ved, da ikke to Usher er ens og s\u00e5 l\u00e6nge han blot har sit p\u00e5-g\u00e5-mod er jeg ikke i tvivl om, at han kommer til, at klare sig godt igennem livet&#8230;.<\/p>\n\n\n\n<p class=\"wp-block-paragraph\">Se ogs\u00e5 Socialstyrelsens h\u00e6fte om<\/p>\n\n\n\n<p class=\"wp-block-paragraph\">\u201cElever med Usher Syndrom &#8211; inklusion i skolen\u201d https:\/\/socialstyrelsen.dk\/udgivelser\/elever-med-usher-syndrom-2013-inklusion-i-skolen\/@@download\/publication<\/p>\n\n\n\n<p class=\"wp-block-paragraph\"><\/p>\n","protected":false},"excerpt":{"rendered":"<p>N\u00e5r livets alvor banker p\u00e5&#8230;. At have Usher Syndrom inde p\u00e5 livet.&nbsp; Lad mig starte med begyndelsen. Sommeren 1998 var lykkens \u00e5r.&nbsp; Det var det \u00e5r mine 2 tvillingedrenge blev f\u00f8dt efter reagensglasmetoden. M\u00e5nederne gik og drengene udviklede sig fint. Drengene blev 9 m\u00e5neder og sundhedsplejersken kom igen p\u00e5 bes\u00f8g. Denne gang skulle hun lave &hellip; <\/p>\n<p class=\"link-more\"><a href=\"https:\/\/grimm.dk\/index.php\/ushersyndrom\/\" class=\"more-link\">L\u00e6s videre<span class=\"screen-reader-text\"> &#8220;Usher Syndrom&#8221;<\/span><\/a><\/p>\n","protected":false},"author":1,"featured_media":0,"parent":0,"menu_order":0,"comment_status":"closed","ping_status":"closed","template":"","meta":{"om_disable_all_campaigns":false,"two_page_speed":[],"footnotes":""},"class_list":["post-229","page","type-page","status-publish","hentry"],"yoast_head":"<!-- This site is optimized with the Yoast SEO plugin v28.4 - https:\/\/yoast.com\/product\/yoast-seo-wordpress\/ -->\n<title>Usher Syndrom &#8902;<\/title>\n<meta name=\"robots\" content=\"index, follow, max-snippet:-1, max-image-preview:large, max-video-preview:-1\" \/>\n<link rel=\"canonical\" href=\"https:\/\/grimm.dk\/index.php\/ushersyndrom\/\" \/>\n<meta property=\"og:locale\" content=\"da_DK\" \/>\n<meta property=\"og:type\" content=\"article\" \/>\n<meta property=\"og:title\" content=\"Usher Syndrom &#8902;\" \/>\n<meta property=\"og:description\" content=\"N\u00e5r livets alvor banker p\u00e5&#8230;. At have Usher Syndrom inde p\u00e5 livet.&nbsp; Lad mig starte med begyndelsen. Sommeren 1998 var lykkens \u00e5r.&nbsp; Det var det \u00e5r mine 2 tvillingedrenge blev f\u00f8dt efter reagensglasmetoden. M\u00e5nederne gik og drengene udviklede sig fint. Drengene blev 9 m\u00e5neder og sundhedsplejersken kom igen p\u00e5 bes\u00f8g. Denne gang skulle hun lave &hellip; L\u00e6s videre &quot;Usher Syndrom&quot;\" \/>\n<meta property=\"og:url\" content=\"https:\/\/grimm.dk\/index.php\/ushersyndrom\/\" \/>\n<meta property=\"article:modified_time\" content=\"2020-02-15T18:40:30+00:00\" \/>\n<meta name=\"twitter:card\" content=\"summary_large_image\" \/>\n<meta name=\"twitter:site\" content=\"@And12Mik\" \/>\n<meta name=\"twitter:label1\" content=\"Estimeret l\u00e6setid\" \/>\n\t<meta name=\"twitter:data1\" content=\"5 minutter\" \/>\n<script type=\"application\/ld+json\" class=\"yoast-schema-graph\">{\"@context\":\"https:\\\/\\\/schema.org\",\"@graph\":[{\"@type\":\"WebPage\",\"@id\":\"https:\\\/\\\/grimm.dk\\\/index.php\\\/ushersyndrom\\\/\",\"url\":\"https:\\\/\\\/grimm.dk\\\/index.php\\\/ushersyndrom\\\/\",\"name\":\"Usher Syndrom &#8902;\",\"isPartOf\":{\"@id\":\"https:\\\/\\\/grimm.dk\\\/#website\"},\"datePublished\":\"2019-12-06T13:34:07+00:00\",\"dateModified\":\"2020-02-15T18:40:30+00:00\",\"breadcrumb\":{\"@id\":\"https:\\\/\\\/grimm.dk\\\/index.php\\\/ushersyndrom\\\/#breadcrumb\"},\"inLanguage\":\"da-DK\",\"potentialAction\":[{\"@type\":\"ReadAction\",\"target\":[\"https:\\\/\\\/grimm.dk\\\/index.php\\\/ushersyndrom\\\/\"]}]},{\"@type\":\"BreadcrumbList\",\"@id\":\"https:\\\/\\\/grimm.dk\\\/index.php\\\/ushersyndrom\\\/#breadcrumb\",\"itemListElement\":[{\"@type\":\"ListItem\",\"position\":1,\"name\":\"Home\",\"item\":\"https:\\\/\\\/grimm.dk\\\/\"},{\"@type\":\"ListItem\",\"position\":2,\"name\":\"Usher Syndrom\"}]},{\"@type\":\"WebSite\",\"@id\":\"https:\\\/\\\/grimm.dk\\\/#website\",\"url\":\"https:\\\/\\\/grimm.dk\\\/\",\"name\":\"grimm.dk\",\"description\":\"Anette skriver om stort &amp; sm\u00e5t * Jan om sport\",\"publisher\":{\"@id\":\"https:\\\/\\\/grimm.dk\\\/#\\\/schema\\\/person\\\/2372767d79b78a0a4727672646a93605\"},\"potentialAction\":[{\"@type\":\"SearchAction\",\"target\":{\"@type\":\"EntryPoint\",\"urlTemplate\":\"https:\\\/\\\/grimm.dk\\\/?s={search_term_string}\"},\"query-input\":{\"@type\":\"PropertyValueSpecification\",\"valueRequired\":true,\"valueName\":\"search_term_string\"}}],\"inLanguage\":\"da-DK\"},{\"@type\":[\"Person\",\"Organization\"],\"@id\":\"https:\\\/\\\/grimm.dk\\\/#\\\/schema\\\/person\\\/2372767d79b78a0a4727672646a93605\",\"name\":\"admin\",\"image\":{\"@type\":\"ImageObject\",\"inLanguage\":\"da-DK\",\"@id\":\"https:\\\/\\\/i0.wp.com\\\/grimm.dk\\\/wp-content\\\/uploads\\\/2019\\\/12\\\/img_3582.jpg?fit=711%2C713&ssl=1\",\"url\":\"https:\\\/\\\/i0.wp.com\\\/grimm.dk\\\/wp-content\\\/uploads\\\/2019\\\/12\\\/img_3582.jpg?fit=711%2C713&ssl=1\",\"contentUrl\":\"https:\\\/\\\/i0.wp.com\\\/grimm.dk\\\/wp-content\\\/uploads\\\/2019\\\/12\\\/img_3582.jpg?fit=711%2C713&ssl=1\",\"width\":711,\"height\":713,\"caption\":\"admin\"},\"logo\":{\"@id\":\"https:\\\/\\\/i0.wp.com\\\/grimm.dk\\\/wp-content\\\/uploads\\\/2019\\\/12\\\/img_3582.jpg?fit=711%2C713&ssl=1\"},\"sameAs\":[\"https:\\\/\\\/grimm.dk\",\"https:\\\/\\\/www.instagram.com\\\/_andtomik\\\/\",\"https:\\\/\\\/x.com\\\/And12Mik\"]}]}<\/script>\n<!-- \/ Yoast SEO plugin. -->","yoast_head_json":{"title":"Usher Syndrom &#8902;","robots":{"index":"index","follow":"follow","max-snippet":"max-snippet:-1","max-image-preview":"max-image-preview:large","max-video-preview":"max-video-preview:-1"},"canonical":"https:\/\/grimm.dk\/index.php\/ushersyndrom\/","og_locale":"da_DK","og_type":"article","og_title":"Usher Syndrom &#8902;","og_description":"N\u00e5r livets alvor banker p\u00e5&#8230;. At have Usher Syndrom inde p\u00e5 livet.&nbsp; Lad mig starte med begyndelsen. Sommeren 1998 var lykkens \u00e5r.&nbsp; Det var det \u00e5r mine 2 tvillingedrenge blev f\u00f8dt efter reagensglasmetoden. M\u00e5nederne gik og drengene udviklede sig fint. Drengene blev 9 m\u00e5neder og sundhedsplejersken kom igen p\u00e5 bes\u00f8g. Denne gang skulle hun lave &hellip; L\u00e6s videre \"Usher Syndrom\"","og_url":"https:\/\/grimm.dk\/index.php\/ushersyndrom\/","article_modified_time":"2020-02-15T18:40:30+00:00","twitter_card":"summary_large_image","twitter_site":"@And12Mik","twitter_misc":{"Estimeret l\u00e6setid":"5 minutter"},"schema":{"@context":"https:\/\/schema.org","@graph":[{"@type":"WebPage","@id":"https:\/\/grimm.dk\/index.php\/ushersyndrom\/","url":"https:\/\/grimm.dk\/index.php\/ushersyndrom\/","name":"Usher Syndrom &#8902;","isPartOf":{"@id":"https:\/\/grimm.dk\/#website"},"datePublished":"2019-12-06T13:34:07+00:00","dateModified":"2020-02-15T18:40:30+00:00","breadcrumb":{"@id":"https:\/\/grimm.dk\/index.php\/ushersyndrom\/#breadcrumb"},"inLanguage":"da-DK","potentialAction":[{"@type":"ReadAction","target":["https:\/\/grimm.dk\/index.php\/ushersyndrom\/"]}]},{"@type":"BreadcrumbList","@id":"https:\/\/grimm.dk\/index.php\/ushersyndrom\/#breadcrumb","itemListElement":[{"@type":"ListItem","position":1,"name":"Home","item":"https:\/\/grimm.dk\/"},{"@type":"ListItem","position":2,"name":"Usher Syndrom"}]},{"@type":"WebSite","@id":"https:\/\/grimm.dk\/#website","url":"https:\/\/grimm.dk\/","name":"grimm.dk","description":"Anette skriver om stort &amp; sm\u00e5t * Jan om sport","publisher":{"@id":"https:\/\/grimm.dk\/#\/schema\/person\/2372767d79b78a0a4727672646a93605"},"potentialAction":[{"@type":"SearchAction","target":{"@type":"EntryPoint","urlTemplate":"https:\/\/grimm.dk\/?s={search_term_string}"},"query-input":{"@type":"PropertyValueSpecification","valueRequired":true,"valueName":"search_term_string"}}],"inLanguage":"da-DK"},{"@type":["Person","Organization"],"@id":"https:\/\/grimm.dk\/#\/schema\/person\/2372767d79b78a0a4727672646a93605","name":"admin","image":{"@type":"ImageObject","inLanguage":"da-DK","@id":"https:\/\/i0.wp.com\/grimm.dk\/wp-content\/uploads\/2019\/12\/img_3582.jpg?fit=711%2C713&ssl=1","url":"https:\/\/i0.wp.com\/grimm.dk\/wp-content\/uploads\/2019\/12\/img_3582.jpg?fit=711%2C713&ssl=1","contentUrl":"https:\/\/i0.wp.com\/grimm.dk\/wp-content\/uploads\/2019\/12\/img_3582.jpg?fit=711%2C713&ssl=1","width":711,"height":713,"caption":"admin"},"logo":{"@id":"https:\/\/i0.wp.com\/grimm.dk\/wp-content\/uploads\/2019\/12\/img_3582.jpg?fit=711%2C713&ssl=1"},"sameAs":["https:\/\/grimm.dk","https:\/\/www.instagram.com\/_andtomik\/","https:\/\/x.com\/And12Mik"]}]}},"jetpack_shortlink":"https:\/\/wp.me\/PbtqXC-3H","jetpack_sharing_enabled":true,"jetpack-related-posts":[{"id":712,"url":"https:\/\/grimm.dk\/index.php\/tavse-maend\/","url_meta":{"origin":229,"position":0},"title":"Tavse m\u00e6nd.. Del 1.","author":"admin","date":"25. juni 2020","format":false,"excerpt":"N\u00e5r m\u00e6nd tr\u00e6kker sig og lukker af...Den tavse mand, er ham som aldrig deler sine tanker og f\u00f8lelser.N\u00e5r kvinden sp\u00f8rger, hvordan hans dag har v\u00e6ret, brummer han \u201cFint\u201d, mens han l\u00e6ser videre i avisen. Hvis han er trist eller noget g\u00e5r ham p\u00e5, foretr\u00e6kker han, at rydde op i garagen,\u2026","rel":"","context":"Similar post","block_context":{"text":"Similar post","link":""},"img":{"alt_text":"","src":"","width":0,"height":0},"classes":[]},{"id":256,"url":"https:\/\/grimm.dk\/index.php\/traenerkarrusellen\/","url_meta":{"origin":229,"position":1},"title":"Tr\u00e6nerkarrusellen","author":"admin","date":"9. december 2019","format":false,"excerpt":"S\u00e5 k\u00f8rer tr\u00e6nerkarrusellen i de store ligaer igen... Det er p\u00e5 denne tid af \u00e5ret det g\u00e5r op for klubberne, at de ikke f\u00e5r den s\u00e6son de havde regnet med, og det koster som oftest cheftr\u00e6neren jobbet. Selv store tr\u00e6nernavne, som Unai Emery og Mauricio Pochetino, m\u00e5tte indse, at den\u2026","rel":"","context":"Similar post","block_context":{"text":"Similar post","link":""},"img":{"alt_text":"","src":"","width":0,"height":0},"classes":[]},{"id":570,"url":"https:\/\/grimm.dk\/index.php\/premier-league-champions-2015-16\/","url_meta":{"origin":229,"position":2},"title":"Premier League Champions 2015\/16","author":"Jan Heitmann","date":"6. januar 2020","format":false,"excerpt":"Leicester City 2015\/16 s\u00e6sonen var den 24. s\u00e6son i Premier League, siden den blev etableret i 1992. Og hvilken s\u00e6son!!! Leicester City vandt titlen for f\u00f8rste gang i klubbens 132. \u00e5rige historie, og blev den 24. mester i hele den engelske fodboldligas historie, og den 6. klub i Premier League.\u2026","rel":"","context":"Similar post","block_context":{"text":"Similar post","link":""},"img":{"alt_text":"","src":"","width":0,"height":0},"classes":[]},{"id":397,"url":"https:\/\/grimm.dk\/index.php\/hjemloese\/","url_meta":{"origin":229,"position":3},"title":"Hjeml\u00f8se","author":"admin","date":"17. december 2019","format":false,"excerpt":"December... hjerternes festden s\u00f8de juletidhygge, varme og samv\u00e6rJa december har mange navneMen for rigtig mange mennesker er december en af de sv\u00e6reste m\u00e5neder, at komme igennem.... det handler om vores hjeml\u00f8se. N\u00e5r jeg skriver \u201cvores\u201d ja s\u00e5 er det fordi vi alle har et ansvar. Dig, mig, de hjeml\u00f8se, vores\u2026","rel":"","context":"Similar post","block_context":{"text":"Similar post","link":""},"img":{"alt_text":"","src":"","width":0,"height":0},"classes":[]},{"id":381,"url":"https:\/\/grimm.dk\/index.php\/familietraeet-om-arv\/","url_meta":{"origin":229,"position":4},"title":"Familietr\u00e6et &#8211; om arv","author":"admin","date":"17. december 2019","format":false,"excerpt":"Stamtr\u00e6et... Arver man sin families traumer.?T\u00e6nk, hvis den bekymring eller frygt, man b\u00e6rer rundt p\u00e5, slet ikke er ens egen.? N\u00e5r et trauma finder sted, \u00e6ndrer det os bogstaveligt talt og skaber en kemisk forandring i vores dna. Dette kan forandre m\u00e5den, vores gener fungerer p\u00e5, nogle gange i generationer.S\u00e5\u2026","rel":"","context":"With 2 comments","block_context":{"text":"With 2 comments","link":"https:\/\/grimm.dk\/index.php\/familietraeet-om-arv\/#comments"},"img":{"alt_text":"","src":"","width":0,"height":0},"classes":[]},{"id":697,"url":"https:\/\/grimm.dk\/index.php\/boblen\/","url_meta":{"origin":229,"position":5},"title":"Boblen&#8230;","author":"admin","date":"31. marts 2020","format":false,"excerpt":"Forord\u2026 Mange oplever i denne tid, at verden og livet er forandret fra det vi er vant til og for nogle giver det sig i d\u00e9n grad udslag i let forh\u00f8jede stressniveauer for\u00e5rsaget af uvisheden over hvor lang tid dette til at vare? og hvad der kommer til, at ske.?\u2026","rel":"","context":"Similar post","block_context":{"text":"Similar post","link":""},"img":{"alt_text":"","src":"","width":0,"height":0},"classes":[]}],"_links":{"self":[{"href":"https:\/\/grimm.dk\/index.php\/wp-json\/wp\/v2\/pages\/229","targetHints":{"allow":["GET"]}}],"collection":[{"href":"https:\/\/grimm.dk\/index.php\/wp-json\/wp\/v2\/pages"}],"about":[{"href":"https:\/\/grimm.dk\/index.php\/wp-json\/wp\/v2\/types\/page"}],"author":[{"embeddable":true,"href":"https:\/\/grimm.dk\/index.php\/wp-json\/wp\/v2\/users\/1"}],"replies":[{"embeddable":true,"href":"https:\/\/grimm.dk\/index.php\/wp-json\/wp\/v2\/comments?post=229"}],"version-history":[{"count":3,"href":"https:\/\/grimm.dk\/index.php\/wp-json\/wp\/v2\/pages\/229\/revisions"}],"predecessor-version":[{"id":681,"href":"https:\/\/grimm.dk\/index.php\/wp-json\/wp\/v2\/pages\/229\/revisions\/681"}],"wp:attachment":[{"href":"https:\/\/grimm.dk\/index.php\/wp-json\/wp\/v2\/media?parent=229"}],"curies":[{"name":"wp","href":"https:\/\/api.w.org\/{rel}","templated":true}]}}