{"id":204,"date":"2019-12-01T16:16:16","date_gmt":"2019-12-01T16:16:16","guid":{"rendered":"https:\/\/grimm.dk\/?page_id=204"},"modified":"2019-12-09T22:19:03","modified_gmt":"2019-12-09T22:19:03","slug":"philip-hjorhoey-pedersen","status":"publish","type":"page","link":"https:\/\/grimm.dk\/index.php\/philip-hjorhoey-pedersen\/","title":{"rendered":"Philip Hjorh\u00f8y Pedersen <3"},"content":{"rendered":"\n<p class=\"has-text-align-center wp-block-paragraph\">In loving memory of my nephew Philip\ud83d\udc99<br> who died of Vascular Ehlers-Danlos Syndrome shortly before his 16<sup>th<\/sup> Birthday<br> See You again<\/p>\n\n\n\n<p class=\"has-text-align-center wp-block-paragraph\">******<\/p>\n\n\n\n<p class=\"wp-block-paragraph\">Midt i verden<br>et sted i universet<br>et sted vi ikke kan begribe<br>sidder du nu og betragter os.<\/p>\n\n\n\n<p class=\"wp-block-paragraph\">Midt i verden<br>et sted i universet<br>et sted du ikke kan v\u00e6re l\u00e6ngere<br>sidder vi og t\u00e6nker p\u00e5 dig.<\/p>\n\n\n\n<p class=\"wp-block-paragraph\">Midt i verden<br>Midt i vores liv<br>Midt i dit liv<br>Midt i al kaos og almindelige dage,<br>midt i alt det mistede vi dig.<br>og nu sidder vi her.<br><br>Midt i verden<br>med en tom plads i hjertet<br>som vi pr\u00f8ver at fylde op med minder,<br>minder om dig, her, midt i verden&#8230;<\/p>\n\n\n\n<p class=\"wp-block-paragraph\">Elsket og savnet &lt;3<\/p>\n","protected":false},"excerpt":{"rendered":"<p>In loving memory of my nephew Philip\ud83d\udc99 who died of Vascular Ehlers-Danlos Syndrome shortly before his 16th Birthday See You again ****** Midt i verdenet sted i universetet sted vi ikke kan begribesidder du nu og betragter os. Midt i verdenet sted i universetet sted du ikke kan v\u00e6re l\u00e6ngeresidder vi og t\u00e6nker p\u00e5 dig. &hellip; <\/p>\n<p class=\"link-more\"><a href=\"https:\/\/grimm.dk\/index.php\/philip-hjorhoey-pedersen\/\" class=\"more-link\">L\u00e6s videre<span class=\"screen-reader-text\"> &#8220;Philip Hjorh\u00f8y Pedersen <3\"<\/span><\/a><\/p>\n","protected":false},"author":1,"featured_media":0,"parent":0,"menu_order":0,"comment_status":"closed","ping_status":"closed","template":"","meta":{"om_disable_all_campaigns":false,"two_page_speed":[],"footnotes":""},"class_list":["post-204","page","type-page","status-publish","hentry"],"yoast_head":"<!-- This site is optimized with the Yoast SEO plugin v28.4 - https:\/\/yoast.com\/product\/yoast-seo-wordpress\/ -->\n<title>Philip Hjorh\u00f8y Pedersen<\/title>\n<meta name=\"robots\" content=\"index, follow, max-snippet:-1, max-image-preview:large, max-video-preview:-1\" \/>\n<link rel=\"canonical\" href=\"https:\/\/grimm.dk\/index.php\/philip-hjorhoey-pedersen\/\" \/>\n<meta property=\"og:locale\" content=\"da_DK\" \/>\n<meta property=\"og:type\" content=\"article\" \/>\n<meta property=\"og:title\" content=\"Philip Hjorh\u00f8y Pedersen\" \/>\n<meta property=\"og:description\" content=\"In loving memory of my nephew Philip\ud83d\udc99 who died of Vascular Ehlers-Danlos Syndrome shortly before his 16th Birthday See You again ****** Midt i verdenet sted i universetet sted vi ikke kan begribesidder du nu og betragter os. Midt i verdenet sted i universetet sted du ikke kan v\u00e6re l\u00e6ngeresidder vi og t\u00e6nker p\u00e5 dig. &hellip; L\u00e6s videre &quot;Philip Hjorh\u00f8y Pedersen\" \/>\n<meta property=\"og:url\" content=\"https:\/\/grimm.dk\/index.php\/philip-hjorhoey-pedersen\/\" \/>\n<meta property=\"article:modified_time\" content=\"2019-12-09T22:19:03+00:00\" \/>\n<meta name=\"twitter:card\" content=\"summary_large_image\" \/>\n<meta name=\"twitter:site\" content=\"@And12Mik\" \/>\n<meta name=\"twitter:label1\" content=\"Estimeret l\u00e6setid\" \/>\n\t<meta name=\"twitter:data1\" content=\"1 minut\" \/>\n<script type=\"application\/ld+json\" class=\"yoast-schema-graph\">{\"@context\":\"https:\\\/\\\/schema.org\",\"@graph\":[{\"@type\":\"WebPage\",\"@id\":\"https:\\\/\\\/grimm.dk\\\/index.php\\\/philip-hjorhoey-pedersen\\\/\",\"url\":\"https:\\\/\\\/grimm.dk\\\/index.php\\\/philip-hjorhoey-pedersen\\\/\",\"name\":\"Philip Hjorh\u00f8y Pedersen\",\"isPartOf\":{\"@id\":\"https:\\\/\\\/grimm.dk\\\/#website\"},\"datePublished\":\"2019-12-01T16:16:16+00:00\",\"dateModified\":\"2019-12-09T22:19:03+00:00\",\"breadcrumb\":{\"@id\":\"https:\\\/\\\/grimm.dk\\\/index.php\\\/philip-hjorhoey-pedersen\\\/#breadcrumb\"},\"inLanguage\":\"da-DK\",\"potentialAction\":[{\"@type\":\"ReadAction\",\"target\":[\"https:\\\/\\\/grimm.dk\\\/index.php\\\/philip-hjorhoey-pedersen\\\/\"]}]},{\"@type\":\"BreadcrumbList\",\"@id\":\"https:\\\/\\\/grimm.dk\\\/index.php\\\/philip-hjorhoey-pedersen\\\/#breadcrumb\",\"itemListElement\":[{\"@type\":\"ListItem\",\"position\":1,\"name\":\"Home\",\"item\":\"https:\\\/\\\/grimm.dk\\\/\"},{\"@type\":\"ListItem\",\"position\":2,\"name\":\"Philip Hjorh\u00f8y Pedersen\"}]},{\"@type\":\"WebSite\",\"@id\":\"https:\\\/\\\/grimm.dk\\\/#website\",\"url\":\"https:\\\/\\\/grimm.dk\\\/\",\"name\":\"grimm.dk\",\"description\":\"Anette skriver om stort &amp; sm\u00e5t * Jan om sport\",\"publisher\":{\"@id\":\"https:\\\/\\\/grimm.dk\\\/#\\\/schema\\\/person\\\/2372767d79b78a0a4727672646a93605\"},\"potentialAction\":[{\"@type\":\"SearchAction\",\"target\":{\"@type\":\"EntryPoint\",\"urlTemplate\":\"https:\\\/\\\/grimm.dk\\\/?s={search_term_string}\"},\"query-input\":{\"@type\":\"PropertyValueSpecification\",\"valueRequired\":true,\"valueName\":\"search_term_string\"}}],\"inLanguage\":\"da-DK\"},{\"@type\":[\"Person\",\"Organization\"],\"@id\":\"https:\\\/\\\/grimm.dk\\\/#\\\/schema\\\/person\\\/2372767d79b78a0a4727672646a93605\",\"name\":\"admin\",\"image\":{\"@type\":\"ImageObject\",\"inLanguage\":\"da-DK\",\"@id\":\"https:\\\/\\\/i0.wp.com\\\/grimm.dk\\\/wp-content\\\/uploads\\\/2019\\\/12\\\/img_3582.jpg?fit=711%2C713&ssl=1\",\"url\":\"https:\\\/\\\/i0.wp.com\\\/grimm.dk\\\/wp-content\\\/uploads\\\/2019\\\/12\\\/img_3582.jpg?fit=711%2C713&ssl=1\",\"contentUrl\":\"https:\\\/\\\/i0.wp.com\\\/grimm.dk\\\/wp-content\\\/uploads\\\/2019\\\/12\\\/img_3582.jpg?fit=711%2C713&ssl=1\",\"width\":711,\"height\":713,\"caption\":\"admin\"},\"logo\":{\"@id\":\"https:\\\/\\\/i0.wp.com\\\/grimm.dk\\\/wp-content\\\/uploads\\\/2019\\\/12\\\/img_3582.jpg?fit=711%2C713&ssl=1\"},\"sameAs\":[\"https:\\\/\\\/grimm.dk\",\"https:\\\/\\\/www.instagram.com\\\/_andtomik\\\/\",\"https:\\\/\\\/x.com\\\/And12Mik\"]}]}<\/script>\n<!-- \/ Yoast SEO plugin. -->","yoast_head_json":{"title":"Philip Hjorh\u00f8y Pedersen","robots":{"index":"index","follow":"follow","max-snippet":"max-snippet:-1","max-image-preview":"max-image-preview:large","max-video-preview":"max-video-preview:-1"},"canonical":"https:\/\/grimm.dk\/index.php\/philip-hjorhoey-pedersen\/","og_locale":"da_DK","og_type":"article","og_title":"Philip Hjorh\u00f8y Pedersen","og_description":"In loving memory of my nephew Philip\ud83d\udc99 who died of Vascular Ehlers-Danlos Syndrome shortly before his 16th Birthday See You again ****** Midt i verdenet sted i universetet sted vi ikke kan begribesidder du nu og betragter os. Midt i verdenet sted i universetet sted du ikke kan v\u00e6re l\u00e6ngeresidder vi og t\u00e6nker p\u00e5 dig. &hellip; L\u00e6s videre \"Philip Hjorh\u00f8y Pedersen","og_url":"https:\/\/grimm.dk\/index.php\/philip-hjorhoey-pedersen\/","article_modified_time":"2019-12-09T22:19:03+00:00","twitter_card":"summary_large_image","twitter_site":"@And12Mik","twitter_misc":{"Estimeret l\u00e6setid":"1 minut"},"schema":{"@context":"https:\/\/schema.org","@graph":[{"@type":"WebPage","@id":"https:\/\/grimm.dk\/index.php\/philip-hjorhoey-pedersen\/","url":"https:\/\/grimm.dk\/index.php\/philip-hjorhoey-pedersen\/","name":"Philip Hjorh\u00f8y Pedersen","isPartOf":{"@id":"https:\/\/grimm.dk\/#website"},"datePublished":"2019-12-01T16:16:16+00:00","dateModified":"2019-12-09T22:19:03+00:00","breadcrumb":{"@id":"https:\/\/grimm.dk\/index.php\/philip-hjorhoey-pedersen\/#breadcrumb"},"inLanguage":"da-DK","potentialAction":[{"@type":"ReadAction","target":["https:\/\/grimm.dk\/index.php\/philip-hjorhoey-pedersen\/"]}]},{"@type":"BreadcrumbList","@id":"https:\/\/grimm.dk\/index.php\/philip-hjorhoey-pedersen\/#breadcrumb","itemListElement":[{"@type":"ListItem","position":1,"name":"Home","item":"https:\/\/grimm.dk\/"},{"@type":"ListItem","position":2,"name":"Philip Hjorh\u00f8y Pedersen"}]},{"@type":"WebSite","@id":"https:\/\/grimm.dk\/#website","url":"https:\/\/grimm.dk\/","name":"grimm.dk","description":"Anette skriver om stort &amp; sm\u00e5t * Jan om sport","publisher":{"@id":"https:\/\/grimm.dk\/#\/schema\/person\/2372767d79b78a0a4727672646a93605"},"potentialAction":[{"@type":"SearchAction","target":{"@type":"EntryPoint","urlTemplate":"https:\/\/grimm.dk\/?s={search_term_string}"},"query-input":{"@type":"PropertyValueSpecification","valueRequired":true,"valueName":"search_term_string"}}],"inLanguage":"da-DK"},{"@type":["Person","Organization"],"@id":"https:\/\/grimm.dk\/#\/schema\/person\/2372767d79b78a0a4727672646a93605","name":"admin","image":{"@type":"ImageObject","inLanguage":"da-DK","@id":"https:\/\/i0.wp.com\/grimm.dk\/wp-content\/uploads\/2019\/12\/img_3582.jpg?fit=711%2C713&ssl=1","url":"https:\/\/i0.wp.com\/grimm.dk\/wp-content\/uploads\/2019\/12\/img_3582.jpg?fit=711%2C713&ssl=1","contentUrl":"https:\/\/i0.wp.com\/grimm.dk\/wp-content\/uploads\/2019\/12\/img_3582.jpg?fit=711%2C713&ssl=1","width":711,"height":713,"caption":"admin"},"logo":{"@id":"https:\/\/i0.wp.com\/grimm.dk\/wp-content\/uploads\/2019\/12\/img_3582.jpg?fit=711%2C713&ssl=1"},"sameAs":["https:\/\/grimm.dk","https:\/\/www.instagram.com\/_andtomik\/","https:\/\/x.com\/And12Mik"]}]}},"jetpack_shortlink":"https:\/\/wp.me\/PbtqXC-3i","jetpack_sharing_enabled":true,"jetpack-related-posts":[{"id":712,"url":"https:\/\/grimm.dk\/index.php\/tavse-maend\/","url_meta":{"origin":204,"position":0},"title":"Tavse m\u00e6nd.. Del 1.","author":"admin","date":"25. juni 2020","format":false,"excerpt":"N\u00e5r m\u00e6nd tr\u00e6kker sig og lukker af...Den tavse mand, er ham som aldrig deler sine tanker og f\u00f8lelser.N\u00e5r kvinden sp\u00f8rger, hvordan hans dag har v\u00e6ret, brummer han \u201cFint\u201d, mens han l\u00e6ser videre i avisen. Hvis han er trist eller noget g\u00e5r ham p\u00e5, foretr\u00e6kker han, at rydde op i garagen,\u2026","rel":"","context":"Similar post","block_context":{"text":"Similar post","link":""},"img":{"alt_text":"","src":"","width":0,"height":0},"classes":[]},{"id":381,"url":"https:\/\/grimm.dk\/index.php\/familietraeet-om-arv\/","url_meta":{"origin":204,"position":1},"title":"Familietr\u00e6et &#8211; om arv","author":"admin","date":"17. december 2019","format":false,"excerpt":"Stamtr\u00e6et... Arver man sin families traumer.?T\u00e6nk, hvis den bekymring eller frygt, man b\u00e6rer rundt p\u00e5, slet ikke er ens egen.? N\u00e5r et trauma finder sted, \u00e6ndrer det os bogstaveligt talt og skaber en kemisk forandring i vores dna. Dette kan forandre m\u00e5den, vores gener fungerer p\u00e5, nogle gange i generationer.S\u00e5\u2026","rel":"","context":"With 2 comments","block_context":{"text":"With 2 comments","link":"https:\/\/grimm.dk\/index.php\/familietraeet-om-arv\/#comments"},"img":{"alt_text":"","src":"","width":0,"height":0},"classes":[]},{"id":683,"url":"https:\/\/grimm.dk\/index.php\/styrk-hjernen-med-tanker\/","url_meta":{"origin":204,"position":2},"title":"Styrk hjernen med tanker","author":"admin","date":"21. februar 2020","format":false,"excerpt":"Hjernevask dig selv...Og styrk hjernen med nye tanker. Forord... Vi er skabt af de tanker, vi har gjort os gennem livet og som definerer hvordan vi har det. Bliv klogere p\u00e5 i dette skriv, hvordan din hjerne fungerer. Hvis du fx t\u00e6nker, at du er ked af det, bliver du\u2026","rel":"","context":"With 1 comment","block_context":{"text":"With 1 comment","link":"https:\/\/grimm.dk\/index.php\/styrk-hjernen-med-tanker\/#comments"},"img":{"alt_text":"","src":"","width":0,"height":0},"classes":[]},{"id":582,"url":"https:\/\/grimm.dk\/index.php\/premier-league-champions-2016-17\/","url_meta":{"origin":204,"position":3},"title":"Premier League Champions 2016\/17","author":"Jan Heitmann","date":"7. januar 2020","format":false,"excerpt":"Chelsea FC 2016\/17 blev s\u00e6sonen, hvor de store tr\u00e6nerkanoner indtog Premier League. I Manchesterklubberne pr\u00e6senteredes, fra \u00e5rets start, Jose Mourinho og Pep Guardiola i henholdsvis United og City, mens Chelsea pr\u00e6senterede den tidligere Italienske landsholdstr\u00e6ner, Antonio Cont\u00e9. Den duel skulle Cont\u00e9 vinde, med Pochetino i Tottenham som runner up. Guardiola\u2026","rel":"","context":"Similar post","block_context":{"text":"Similar post","link":""},"img":{"alt_text":"","src":"","width":0,"height":0},"classes":[]},{"id":256,"url":"https:\/\/grimm.dk\/index.php\/traenerkarrusellen\/","url_meta":{"origin":204,"position":4},"title":"Tr\u00e6nerkarrusellen","author":"admin","date":"9. december 2019","format":false,"excerpt":"S\u00e5 k\u00f8rer tr\u00e6nerkarrusellen i de store ligaer igen... Det er p\u00e5 denne tid af \u00e5ret det g\u00e5r op for klubberne, at de ikke f\u00e5r den s\u00e6son de havde regnet med, og det koster som oftest cheftr\u00e6neren jobbet. Selv store tr\u00e6nernavne, som Unai Emery og Mauricio Pochetino, m\u00e5tte indse, at den\u2026","rel":"","context":"Similar post","block_context":{"text":"Similar post","link":""},"img":{"alt_text":"","src":"","width":0,"height":0},"classes":[]},{"id":697,"url":"https:\/\/grimm.dk\/index.php\/boblen\/","url_meta":{"origin":204,"position":5},"title":"Boblen&#8230;","author":"admin","date":"31. marts 2020","format":false,"excerpt":"Forord\u2026 Mange oplever i denne tid, at verden og livet er forandret fra det vi er vant til og for nogle giver det sig i d\u00e9n grad udslag i let forh\u00f8jede stressniveauer for\u00e5rsaget af uvisheden over hvor lang tid dette til at vare? og hvad der kommer til, at ske.?\u2026","rel":"","context":"Similar post","block_context":{"text":"Similar post","link":""},"img":{"alt_text":"","src":"","width":0,"height":0},"classes":[]}],"_links":{"self":[{"href":"https:\/\/grimm.dk\/index.php\/wp-json\/wp\/v2\/pages\/204","targetHints":{"allow":["GET"]}}],"collection":[{"href":"https:\/\/grimm.dk\/index.php\/wp-json\/wp\/v2\/pages"}],"about":[{"href":"https:\/\/grimm.dk\/index.php\/wp-json\/wp\/v2\/types\/page"}],"author":[{"embeddable":true,"href":"https:\/\/grimm.dk\/index.php\/wp-json\/wp\/v2\/users\/1"}],"replies":[{"embeddable":true,"href":"https:\/\/grimm.dk\/index.php\/wp-json\/wp\/v2\/comments?post=204"}],"version-history":[{"count":6,"href":"https:\/\/grimm.dk\/index.php\/wp-json\/wp\/v2\/pages\/204\/revisions"}],"predecessor-version":[{"id":269,"href":"https:\/\/grimm.dk\/index.php\/wp-json\/wp\/v2\/pages\/204\/revisions\/269"}],"wp:attachment":[{"href":"https:\/\/grimm.dk\/index.php\/wp-json\/wp\/v2\/media?parent=204"}],"curies":[{"name":"wp","href":"https:\/\/api.w.org\/{rel}","templated":true}]}}